{"id":3695,"date":"2023-12-21T13:50:07","date_gmt":"2023-12-21T12:50:07","guid":{"rendered":"https:\/\/neuropsychiatry-hiv.com\/speakers\/"},"modified":"2024-04-18T19:50:00","modified_gmt":"2024-04-18T17:50:00","slug":"ponentes_","status":"publish","type":"page","link":"https:\/\/neuropsychiatry-hiv.com\/es\/ponentes_\/","title":{"rendered":"Ponentes"},"content":{"rendered":"\t\t<div data-elementor-type=\"wp-page\" data-elementor-id=\"3695\" class=\"elementor elementor-3695 elementor-867\" data-elementor-post-type=\"page\">\n\t\t\t\t<div class=\"elementor-element elementor-element-7ea0b4e e-flex e-con-boxed e-con e-parent\" data-id=\"7ea0b4e\" data-element_type=\"container\" data-e-type=\"container\" data-settings=\"{&quot;background_background&quot;:&quot;classic&quot;}\">\n\t\t\t\t\t<div class=\"e-con-inner\">\n\t\t\t\t<div class=\"elementor-element elementor-element-0c29b32 elementor-widget elementor-widget-template\" data-id=\"0c29b32\" data-element_type=\"widget\" data-e-type=\"widget\" data-widget_type=\"template.default\">\n\t\t\t\t<div class=\"elementor-widget-container\">\n\t\t\t\t\t\t\t<div class=\"elementor-template\">\n\t\t\t\t\t<div data-elementor-type=\"container\" data-elementor-id=\"9219\" class=\"elementor elementor-9219\" data-elementor-post-type=\"elementor_library\">\n\t\t\t\t<div class=\"elementor-element elementor-element-18e61d34 e-flex e-con-boxed e-con e-parent\" data-id=\"18e61d34\" data-element_type=\"container\" data-e-type=\"container\" data-settings=\"{&quot;background_background&quot;:&quot;classic&quot;}\">\n\t\t\t\t\t<div class=\"e-con-inner\">\n\t\t\t\t<div class=\"elementor-element elementor-element-4747ff87 elementor-fixed elementor-widget elementor-widget-image\" data-id=\"4747ff87\" data-element_type=\"widget\" data-e-type=\"widget\" data-settings=\"{&quot;_position&quot;:&quot;fixed&quot;}\" data-widget_type=\"image.default\">\n\t\t\t\t<div class=\"elementor-widget-container\">\n\t\t\t\t\t\t\t\t\t\t\t\t\t\t\t<img decoding=\"async\" width=\"1\" height=\"1\" src=\"https:\/\/neuropsychiatry-hiv.com\/wp-content\/uploads\/2024\/01\/Recurso-14.svg\" class=\"attachment-large size-large wp-image-2245\" alt=\"\" \/>\t\t\t\t\t\t\t\t\t\t\t\t\t\t\t<\/div>\n\t\t\t\t<\/div>\n\t\t<div class=\"elementor-element elementor-element-33119cea e-con-full e-flex e-con e-child\" data-id=\"33119cea\" data-element_type=\"container\" data-e-type=\"container\">\n\t\t\t\t<div class=\"elementor-element elementor-element-70de6f23 elementor-widget elementor-widget-heading\" data-id=\"70de6f23\" data-element_type=\"widget\" data-e-type=\"widget\" data-widget_type=\"heading.default\">\n\t\t\t\t<div class=\"elementor-widget-container\">\n\t\t\t\t\t<h1 class=\"elementor-heading-title elementor-size-default\">Ponentes<\/h1>\t\t\t\t<\/div>\n\t\t\t\t<\/div>\n\t\t\t\t<div class=\"elementor-element elementor-element-6e6db9fb jet-smart-filter-content-position-line elementor-widget__width-initial elementor-widget elementor-widget-jet-smart-filters-search\" data-id=\"6e6db9fb\" data-element_type=\"widget\" data-e-type=\"widget\" data-settings=\"{&quot;sticky&quot;:&quot;top&quot;,&quot;sticky_on&quot;:[&quot;mobile&quot;],&quot;sticky_offset_mobile&quot;:110,&quot;sticky_offset&quot;:0,&quot;sticky_effects_offset&quot;:0,&quot;sticky_anchor_link_offset&quot;:0}\" data-widget_type=\"jet-smart-filters-search.default\">\n\t\t\t\t<div class=\"elementor-widget-container\">\n\t\t\t\t\t<div class=\"jet-smart-filters-search jet-filter\">\n<div\n\tclass=\"jet-search-filter button-icon-position-left\"\n\tdata-query-type=\"_s\" data-query-var=\"query\" data-smart-filter=\"search\" data-filter-id=\"3706\" data-apply-type=\"ajax\" data-content-provider=\"jet-engine\" data-additional-providers=\"\" data-query-id=\"speakers-id\" data-active-label=\"\" data-layout-options=\"{&quot;show_label&quot;:&quot;&quot;,&quot;display_options&quot;:[]}\" data-query-var-suffix=\"search\">\n\t<div class=\"jet-search-filter__input-wrapper\">\n\t\t<input\n\t\t\tclass=\"jet-search-filter__input\"\n\t\t\ttype=\"search\"\n\t\t\tautocomplete=\"off\"\n\t\t\tname=\"query\"\n\t\t\tvalue=\"\"\n\t\t\tplaceholder=\"Buscar ...\"\n\t\t\taria-label=\"Speaker Buscar\"\n\t\t\t\t\t>\n\t\t\t<\/div>\n\n\t\t\t<button\n\t\t\ttype=\"button\"\n\t\t\tclass=\"jet-search-filter__submit apply-filters__button\"\n\t\t\t\t\t>\n\t\t\t<i class=\"fa fa-search\"><\/i>\t\t\t<span class=\"jet-search-filter__submit-text\">\n\t\t\t\t\t\t\t<\/span>\n\t\t\t\t\t<\/button>\n\t<\/div>\n<\/div>\t\t\t\t<\/div>\n\t\t\t\t<\/div>\n\t\t\t\t<\/div>\n\t\t<div class=\"elementor-element elementor-element-3b0a9490 e-con-full e-flex e-con e-child\" data-id=\"3b0a9490\" data-element_type=\"container\" data-e-type=\"container\" data-settings=\"{&quot;background_background&quot;:&quot;classic&quot;}\">\n\t\t\t\t<div class=\"elementor-element elementor-element-38adc60b elementor-widget elementor-widget-jet-listing-grid\" data-id=\"38adc60b\" data-element_type=\"widget\" data-e-type=\"widget\" id=\"speakers-id\" data-settings=\"{&quot;columns&quot;:&quot;2&quot;,&quot;columns_mobile&quot;:&quot;1&quot;}\" data-widget_type=\"jet-listing-grid.default\">\n\t\t\t\t<div class=\"elementor-widget-container\">\n\t\t\t\t\t<div class=\"jet-listing-grid jet-listing\"><div class=\"jet-listing-grid__items grid-col-desk-2 grid-col-tablet-2 grid-col-mobile-1 jet-listing-grid--2151\" data-queried-id=\"3695|WP_Post\" data-nav=\"{&quot;enabled&quot;:false,&quot;type&quot;:null,&quot;more_el&quot;:null,&quot;query&quot;:[],&quot;widget_settings&quot;:{&quot;lisitng_id&quot;:2151,&quot;posts_num&quot;:100,&quot;columns&quot;:2,&quot;columns_tablet&quot;:2,&quot;columns_mobile&quot;:1,&quot;column_min_width&quot;:240,&quot;column_min_width_tablet&quot;:240,&quot;column_min_width_mobile&quot;:240,&quot;inline_columns_css&quot;:false,&quot;is_archive_template&quot;:&quot;&quot;,&quot;post_status&quot;:[&quot;publish&quot;],&quot;use_random_posts_num&quot;:&quot;&quot;,&quot;max_posts_num&quot;:9,&quot;not_found_message&quot;:&quot;A speaker has yet to be added&quot;,&quot;is_masonry&quot;:false,&quot;equal_columns_height&quot;:&quot;&quot;,&quot;use_load_more&quot;:&quot;&quot;,&quot;load_more_id&quot;:&quot;&quot;,&quot;load_more_type&quot;:&quot;click&quot;,&quot;load_more_offset&quot;:null,&quot;use_custom_post_types&quot;:&quot;&quot;,&quot;custom_post_types&quot;:[],&quot;hide_widget_if&quot;:&quot;&quot;,&quot;carousel_enabled&quot;:&quot;&quot;,&quot;slides_to_scroll&quot;:&quot;1&quot;,&quot;arrows&quot;:&quot;true&quot;,&quot;arrow_icon&quot;:&quot;fa fa-angle-left&quot;,&quot;dots&quot;:&quot;&quot;,&quot;autoplay&quot;:&quot;true&quot;,&quot;pause_on_hover&quot;:&quot;true&quot;,&quot;autoplay_speed&quot;:5000,&quot;infinite&quot;:&quot;true&quot;,&quot;center_mode&quot;:&quot;&quot;,&quot;effect&quot;:&quot;slide&quot;,&quot;speed&quot;:500,&quot;inject_alternative_items&quot;:&quot;&quot;,&quot;injection_items&quot;:[],&quot;scroll_slider_enabled&quot;:&quot;&quot;,&quot;scroll_slider_on&quot;:[&quot;desktop&quot;,&quot;tablet&quot;,&quot;mobile&quot;],&quot;custom_query&quot;:&quot;yes&quot;,&quot;custom_query_id&quot;:&quot;3&quot;,&quot;_element_id&quot;:&quot;speakers-id&quot;,&quot;collapse_first_last_gap&quot;:false,&quot;list_tag_selection&quot;:&quot;&quot;,&quot;list_items_wrapper_tag&quot;:&quot;div&quot;,&quot;list_item_tag&quot;:&quot;div&quot;,&quot;empty_items_wrapper_tag&quot;:&quot;div&quot;}}\" data-page=\"1\" data-pages=\"0\" data-listing-source=\"query\" data-listing-id=\"2151\" data-query-id=\"3\"><div class=\"jet-listing-grid__item jet-listing-dynamic-post-14157\" data-post-id=\"14157\"  >\t\t<div data-elementor-type=\"jet-listing-items\" data-elementor-id=\"3702\" class=\"elementor elementor-3702 elementor-2151 elementor-2151 elementor-2151\" data-elementor-post-type=\"jet-engine\">\n\t\t\t\t<div class=\"elementor-element elementor-element-2f9c5d7 e-flex e-con-boxed e-con e-parent\" data-id=\"2f9c5d7\" data-element_type=\"container\" data-e-type=\"container\" data-settings=\"{&quot;background_background&quot;:&quot;classic&quot;}\">\n\t\t\t\t\t<div class=\"e-con-inner\">\n\t\t<div class=\"elementor-element elementor-element-be21927 e-con-full e-flex e-con e-child\" data-id=\"be21927\" data-element_type=\"container\" data-e-type=\"container\">\n\t\t\t\t<div class=\"elementor-element elementor-element-793ff8d tu-clase-imagen  elementor-widget elementor-widget-image\" data-id=\"793ff8d\" data-element_type=\"widget\" data-e-type=\"widget\" data-widget_type=\"image.default\">\n\t\t\t\t<div class=\"elementor-widget-container\">\n\t\t\t\t\t\t\t\t\t\t\t\t\t\t\t\t<a href=\"https:\/\/neuropsychiatry-hiv.com\/es\/ponentes\/aebi-popp-karoline-m-d\/\">\n\t\t\t\t\t\t\t<img fetchpriority=\"high\" decoding=\"async\" width=\"200\" height=\"300\" src=\"https:\/\/neuropsychiatry-hiv.com\/wp-content\/uploads\/2025\/12\/Karoline-Aebi-Popp-200x300.jpg\" class=\"attachment-medium size-medium wp-image-14648\" alt=\"\" srcset=\"https:\/\/neuropsychiatry-hiv.com\/wp-content\/uploads\/2025\/12\/Karoline-Aebi-Popp-200x300.jpg 200w, https:\/\/neuropsychiatry-hiv.com\/wp-content\/uploads\/2025\/12\/Karoline-Aebi-Popp.jpg 566w\" sizes=\"(max-width: 200px) 100vw, 200px\" \/>\t\t\t\t\t\t\t\t<\/a>\n\t\t\t\t\t\t\t\t\t\t\t\t\t\t\t<\/div>\n\t\t\t\t<\/div>\n\t\t\t\t<\/div>\n\t\t<div class=\"elementor-element elementor-element-d2d43fe e-con-full e-flex e-con e-child\" data-id=\"d2d43fe\" data-element_type=\"container\" data-e-type=\"container\">\n\t\t\t\t<div class=\"elementor-element elementor-element-a7c1472 elementor-widget elementor-widget-heading\" data-id=\"a7c1472\" data-element_type=\"widget\" data-e-type=\"widget\" data-widget_type=\"heading.default\">\n\t\t\t\t<div class=\"elementor-widget-container\">\n\t\t\t\t\t<h2 class=\"elementor-heading-title elementor-size-default\"><a href=\"https:\/\/neuropsychiatry-hiv.com\/es\/ponentes\/aebi-popp-karoline-m-d\/\">Karoline Aebi-Popp, PD, M.D., MSc<\/a><\/h2>\t\t\t\t<\/div>\n\t\t\t\t<\/div>\n\t\t\t\t<div class=\"elementor-element elementor-element-2527139 elementor-widget-divider--view-line elementor-widget elementor-widget-divider\" data-id=\"2527139\" data-element_type=\"widget\" data-e-type=\"widget\" data-widget_type=\"divider.default\">\n\t\t\t\t<div class=\"elementor-widget-container\">\n\t\t\t\t\t\t\t<div class=\"elementor-divider\">\n\t\t\t<span class=\"elementor-divider-separator\">\n\t\t\t\t\t\t<\/span>\n\t\t<\/div>\n\t\t\t\t\t\t<\/div>\n\t\t\t\t<\/div>\n\t\t\t\t<div class=\"elementor-element elementor-element-89789d4 elementor-widget elementor-widget-text-editor\" data-id=\"89789d4\" data-element_type=\"widget\" data-e-type=\"widget\" data-widget_type=\"text-editor.default\">\n\t\t\t\t<div class=\"elementor-widget-container\">\n\t\t\t\t\t\t\t\t\t<p>Departamento Enfermedades Infecciosas. Hospital Universitario de Berna. Suiza<\/p>\n\t\t\t\t\t\t\t\t<\/div>\n\t\t\t\t<\/div>\n\t\t\t\t<div class=\"elementor-element elementor-element-2e83a62 elementor-widget elementor-widget-jet-unfold\" data-id=\"2e83a62\" data-element_type=\"widget\" data-e-type=\"widget\" data-settings=\"{&quot;mask_height&quot;:{&quot;unit&quot;:&quot;px&quot;,&quot;size&quot;:1,&quot;sizes&quot;:[]},&quot;unfold_easing&quot;:&quot;easeOutCirc&quot;,&quot;fold_easing&quot;:&quot;easeInOutSine&quot;,&quot;mask_height_mobile&quot;:{&quot;unit&quot;:&quot;px&quot;,&quot;size&quot;:2,&quot;sizes&quot;:[]},&quot;mask_height_tablet&quot;:{&quot;unit&quot;:&quot;px&quot;,&quot;size&quot;:&quot;&quot;,&quot;sizes&quot;:[]},&quot;unfold_duration&quot;:{&quot;unit&quot;:&quot;ms&quot;,&quot;size&quot;:500,&quot;sizes&quot;:[]},&quot;fold_duration&quot;:{&quot;unit&quot;:&quot;ms&quot;,&quot;size&quot;:300,&quot;sizes&quot;:[]}}\" data-widget_type=\"jet-unfold.default\">\n\t\t\t\t<div class=\"elementor-widget-container\">\n\t\t\t\t\t\t\t<div class=\"jet-unfold \" data-settings=\"{&quot;height&quot;:{&quot;size&quot;:1,&quot;unit&quot;:&quot;px&quot;},&quot;separatorHeight&quot;:{&quot;unit&quot;:&quot;px&quot;,&quot;size&quot;:0,&quot;sizes&quot;:[]},&quot;heightControlType&quot;:&quot;height&quot;,&quot;wordCount&quot;:20,&quot;unfoldDuration&quot;:{&quot;unit&quot;:&quot;ms&quot;,&quot;size&quot;:500,&quot;sizes&quot;:[]},&quot;foldDuration&quot;:{&quot;unit&quot;:&quot;ms&quot;,&quot;size&quot;:300,&quot;sizes&quot;:[]},&quot;unfoldEasing&quot;:&quot;easeOutCirc&quot;,&quot;foldEasing&quot;:&quot;easeInOutSine&quot;,&quot;foldScrolling&quot;:&quot;true&quot;,&quot;hideOutsideClick&quot;:&quot;&quot;,&quot;autoHide&quot;:&quot;false&quot;,&quot;autoHideTime&quot;:&quot;&quot;,&quot;foldScrollOffset&quot;:{&quot;unit&quot;:&quot;px&quot;,&quot;size&quot;:146,&quot;sizes&quot;:[]},&quot;separatorType&quot;:&quot;div&quot;}\">\r\n\t\t\t<div class=\"jet-unfold__inner\">\r\n\t\t\t\t<div class=\"jet-unfold__mask\" style=\"height:1px\">\r\n\t\t\t\t\t<div class=\"jet-unfold__content\">\r\n\t\t\t\t\t\t<div class=\"jet-unfold__content-inner elementor-text-editor elementor-clearfix\"><p>Karoline Aebi-Popp, doctora en medicina, m\u00e1ster en ciencias y profesora titular, es una destacada m\u00e9dica especialista en obstetricia y ginecolog\u00eda del Lindenhofspital Bern (Suiza) y profesora titular e investigadora del Departamento de Enfermedades Infecciosas del Hospital Universitario de Berna (Suiza). La Dra. Aebi-Popp ha participado activamente en el dise\u00f1o y la realizaci\u00f3n de numerosos estudios cl\u00ednicos en el \u00e1mbito del VIH y las mujeres, en colaboraci\u00f3n con el Estudio de Cohorte Suizo sobre el VIH (SHCS) y con el Estudio Colaborativo Europeo.<\/p>\n<\/div>\r\n\t\t\t\t\t<\/div>\r\n\t\t\t\t\t\t\t\t\t\t<div class=\"jet-unfold__separator\"><\/div>\r\n\t\t\t\t\t\t\t\t\t<\/div>\r\n\t\t\t\t<div class=\"jet-unfold__trigger\"><div class=\"jet-unfold__button elementor-button elementor-size-md\" href=\"#\" data-unfold-text=\"Leer m\u00e1s\" data-fold-text=\"Leer menos\" data-fold-icon=\"\" data-unfold-icon=\"\" tabindex=\"0\" role=\"button\"><span class=\"jet-unfold__button-icon jet-tricks-icon\"><\/span><span class=\"jet-unfold__button-text\">Leer m\u00e1s<\/span><\/div>\t\t\t\t<\/div>\r\n\t\t\t<\/div>\r\n\t\t<\/div>\r\n\t\t\t\t\t\t<\/div>\n\t\t\t\t<\/div>\n\t\t\t\t<\/div>\n\t\t\t\t\t<\/div>\n\t\t\t\t<\/div>\n\t\t\t\t<\/div>\n\t\t<\/div><div class=\"jet-listing-grid__item jet-listing-dynamic-post-14161\" data-post-id=\"14161\"  >\t\t<div data-elementor-type=\"jet-listing-items\" data-elementor-id=\"3702\" class=\"elementor elementor-3702 elementor-2151 elementor-2151 elementor-2151\" data-elementor-post-type=\"jet-engine\">\n\t\t\t\t<div class=\"elementor-element elementor-element-2f9c5d7 e-flex e-con-boxed e-con e-parent\" data-id=\"2f9c5d7\" data-element_type=\"container\" data-e-type=\"container\" data-settings=\"{&quot;background_background&quot;:&quot;classic&quot;}\">\n\t\t\t\t\t<div class=\"e-con-inner\">\n\t\t<div class=\"elementor-element elementor-element-be21927 e-con-full e-flex e-con e-child\" data-id=\"be21927\" data-element_type=\"container\" data-e-type=\"container\">\n\t\t\t\t<div class=\"elementor-element elementor-element-793ff8d tu-clase-imagen  elementor-widget elementor-widget-image\" data-id=\"793ff8d\" data-element_type=\"widget\" data-e-type=\"widget\" data-widget_type=\"image.default\">\n\t\t\t\t<div class=\"elementor-widget-container\">\n\t\t\t\t\t\t\t\t\t\t\t\t\t\t\t\t<a href=\"https:\/\/neuropsychiatry-hiv.com\/es\/ponentes\/cabello-alfonso-m-d\/\">\n\t\t\t\t\t\t\t<img decoding=\"async\" width=\"240\" height=\"300\" src=\"https:\/\/neuropsychiatry-hiv.com\/wp-content\/uploads\/2025\/12\/Alfonso-Cabello-240x300.jpg\" class=\"attachment-medium size-medium wp-image-14631\" alt=\"\" srcset=\"https:\/\/neuropsychiatry-hiv.com\/wp-content\/uploads\/2025\/12\/Alfonso-Cabello-240x300.jpg 240w, https:\/\/neuropsychiatry-hiv.com\/wp-content\/uploads\/2025\/12\/Alfonso-Cabello-818x1024.jpg 818w, https:\/\/neuropsychiatry-hiv.com\/wp-content\/uploads\/2025\/12\/Alfonso-Cabello-768x962.jpg 768w, https:\/\/neuropsychiatry-hiv.com\/wp-content\/uploads\/2025\/12\/Alfonso-Cabello-600x751.jpg 600w, https:\/\/neuropsychiatry-hiv.com\/wp-content\/uploads\/2025\/12\/Alfonso-Cabello.jpg 1126w\" sizes=\"(max-width: 240px) 100vw, 240px\" \/>\t\t\t\t\t\t\t\t<\/a>\n\t\t\t\t\t\t\t\t\t\t\t\t\t\t\t<\/div>\n\t\t\t\t<\/div>\n\t\t\t\t<\/div>\n\t\t<div class=\"elementor-element elementor-element-d2d43fe e-con-full e-flex e-con e-child\" data-id=\"d2d43fe\" data-element_type=\"container\" data-e-type=\"container\">\n\t\t\t\t<div class=\"elementor-element elementor-element-a7c1472 elementor-widget elementor-widget-heading\" data-id=\"a7c1472\" data-element_type=\"widget\" data-e-type=\"widget\" data-widget_type=\"heading.default\">\n\t\t\t\t<div class=\"elementor-widget-container\">\n\t\t\t\t\t<h2 class=\"elementor-heading-title elementor-size-default\"><a href=\"https:\/\/neuropsychiatry-hiv.com\/es\/ponentes\/cabello-alfonso-m-d\/\">Alfonso Cabello, M.D.<\/a><\/h2>\t\t\t\t<\/div>\n\t\t\t\t<\/div>\n\t\t\t\t<div class=\"elementor-element elementor-element-2527139 elementor-widget-divider--view-line elementor-widget elementor-widget-divider\" data-id=\"2527139\" data-element_type=\"widget\" data-e-type=\"widget\" data-widget_type=\"divider.default\">\n\t\t\t\t<div class=\"elementor-widget-container\">\n\t\t\t\t\t\t\t<div class=\"elementor-divider\">\n\t\t\t<span class=\"elementor-divider-separator\">\n\t\t\t\t\t\t<\/span>\n\t\t<\/div>\n\t\t\t\t\t\t<\/div>\n\t\t\t\t<\/div>\n\t\t\t\t<div class=\"elementor-element elementor-element-89789d4 elementor-widget elementor-widget-text-editor\" data-id=\"89789d4\" data-element_type=\"widget\" data-e-type=\"widget\" data-widget_type=\"text-editor.default\">\n\t\t\t\t<div class=\"elementor-widget-container\">\n\t\t\t\t\t\t\t\t\t<p>Departamento de Medicina Interna. Hospital Universitario Fundaci\u00f3n Jim\u00e9nez D\u00edaz. Madrid, Espa\u00f1a<\/p>\n\t\t\t\t\t\t\t\t<\/div>\n\t\t\t\t<\/div>\n\t\t\t\t<div class=\"elementor-element elementor-element-2e83a62 elementor-widget elementor-widget-jet-unfold\" data-id=\"2e83a62\" data-element_type=\"widget\" data-e-type=\"widget\" data-settings=\"{&quot;mask_height&quot;:{&quot;unit&quot;:&quot;px&quot;,&quot;size&quot;:1,&quot;sizes&quot;:[]},&quot;unfold_easing&quot;:&quot;easeOutCirc&quot;,&quot;fold_easing&quot;:&quot;easeInOutSine&quot;,&quot;mask_height_mobile&quot;:{&quot;unit&quot;:&quot;px&quot;,&quot;size&quot;:2,&quot;sizes&quot;:[]},&quot;mask_height_tablet&quot;:{&quot;unit&quot;:&quot;px&quot;,&quot;size&quot;:&quot;&quot;,&quot;sizes&quot;:[]},&quot;unfold_duration&quot;:{&quot;unit&quot;:&quot;ms&quot;,&quot;size&quot;:500,&quot;sizes&quot;:[]},&quot;fold_duration&quot;:{&quot;unit&quot;:&quot;ms&quot;,&quot;size&quot;:300,&quot;sizes&quot;:[]}}\" data-widget_type=\"jet-unfold.default\">\n\t\t\t\t<div class=\"elementor-widget-container\">\n\t\t\t\t\t\t\t<div class=\"jet-unfold \" data-settings=\"{&quot;height&quot;:{&quot;size&quot;:1,&quot;unit&quot;:&quot;px&quot;},&quot;separatorHeight&quot;:{&quot;unit&quot;:&quot;px&quot;,&quot;size&quot;:0,&quot;sizes&quot;:[]},&quot;heightControlType&quot;:&quot;height&quot;,&quot;wordCount&quot;:20,&quot;unfoldDuration&quot;:{&quot;unit&quot;:&quot;ms&quot;,&quot;size&quot;:500,&quot;sizes&quot;:[]},&quot;foldDuration&quot;:{&quot;unit&quot;:&quot;ms&quot;,&quot;size&quot;:300,&quot;sizes&quot;:[]},&quot;unfoldEasing&quot;:&quot;easeOutCirc&quot;,&quot;foldEasing&quot;:&quot;easeInOutSine&quot;,&quot;foldScrolling&quot;:&quot;true&quot;,&quot;hideOutsideClick&quot;:&quot;&quot;,&quot;autoHide&quot;:&quot;false&quot;,&quot;autoHideTime&quot;:&quot;&quot;,&quot;foldScrollOffset&quot;:{&quot;unit&quot;:&quot;px&quot;,&quot;size&quot;:146,&quot;sizes&quot;:[]},&quot;separatorType&quot;:&quot;div&quot;}\">\r\n\t\t\t<div class=\"jet-unfold__inner\">\r\n\t\t\t\t<div class=\"jet-unfold__mask\" style=\"height:1px\">\r\n\t\t\t\t\t<div class=\"jet-unfold__content\">\r\n\t\t\t\t\t\t<div class=\"jet-unfold__content-inner elementor-text-editor elementor-clearfix\"><p>Doctor en Medicina (Universidad Complutense de Madrid, 2004) y Doctor en Medicina (Universidad Aut\u00f3noma de Madrid, 2018); especialista en Medicina Interna (Fundaci\u00f3n Jim\u00e9nez D\u00edaz, 2011). Jefe adjunto de Enfermedades Infecciosas y profesor asociado de Medicina (UAM). Coordinador del Grupo de Investigaci\u00f3n en Enfermedades Infecciosas del IIS-FJD. Actividad cl\u00ednica y de investigaci\u00f3n en Enfermedades Infecciosas, centrada en varios campos: VIH, ITS, VPH y anoscopia de alta resoluci\u00f3n, coinfecci\u00f3n por CMV y comorbilidades, PROM, PREM y estigma. Implicado en la innovaci\u00f3n sanitaria desde 2019, centr\u00e1ndose en la estandarizaci\u00f3n de procesos, la asistencia sanitaria basada en el valor (implementaci\u00f3n de PROM y PREM en la atenci\u00f3n rutinaria), la atenci\u00f3n centrada en el paciente y la salud digital.<\/p>\n<\/div>\r\n\t\t\t\t\t<\/div>\r\n\t\t\t\t\t\t\t\t\t\t<div class=\"jet-unfold__separator\"><\/div>\r\n\t\t\t\t\t\t\t\t\t<\/div>\r\n\t\t\t\t<div class=\"jet-unfold__trigger\"><div class=\"jet-unfold__button elementor-button elementor-size-md\" href=\"#\" data-unfold-text=\"Leer m\u00e1s\" data-fold-text=\"Leer menos\" data-fold-icon=\"\" data-unfold-icon=\"\" tabindex=\"0\" role=\"button\"><span class=\"jet-unfold__button-icon jet-tricks-icon\"><\/span><span class=\"jet-unfold__button-text\">Leer m\u00e1s<\/span><\/div>\t\t\t\t<\/div>\r\n\t\t\t<\/div>\r\n\t\t<\/div>\r\n\t\t\t\t\t\t<\/div>\n\t\t\t\t<\/div>\n\t\t\t\t<\/div>\n\t\t\t\t\t<\/div>\n\t\t\t\t<\/div>\n\t\t\t\t<\/div>\n\t\t<\/div><div class=\"jet-listing-grid__item jet-listing-dynamic-post-3688\" data-post-id=\"3688\"  >\t\t<div data-elementor-type=\"jet-listing-items\" data-elementor-id=\"3702\" class=\"elementor elementor-3702 elementor-2151 elementor-2151 elementor-2151\" data-elementor-post-type=\"jet-engine\">\n\t\t\t\t<div class=\"elementor-element elementor-element-2f9c5d7 e-flex e-con-boxed e-con e-parent\" data-id=\"2f9c5d7\" data-element_type=\"container\" data-e-type=\"container\" data-settings=\"{&quot;background_background&quot;:&quot;classic&quot;}\">\n\t\t\t\t\t<div class=\"e-con-inner\">\n\t\t<div class=\"elementor-element elementor-element-be21927 e-con-full e-flex e-con e-child\" data-id=\"be21927\" data-element_type=\"container\" data-e-type=\"container\">\n\t\t\t\t<div class=\"elementor-element elementor-element-793ff8d tu-clase-imagen  elementor-widget elementor-widget-image\" data-id=\"793ff8d\" data-element_type=\"widget\" data-e-type=\"widget\" data-widget_type=\"image.default\">\n\t\t\t\t<div class=\"elementor-widget-container\">\n\t\t\t\t\t\t\t\t\t\t\t\t\t\t\t\t<a href=\"https:\/\/neuropsychiatry-hiv.com\/es\/ponentes\/calcagno-andrea\/\">\n\t\t\t\t\t\t\t<img loading=\"lazy\" decoding=\"async\" width=\"300\" height=\"300\" src=\"https:\/\/neuropsychiatry-hiv.com\/wp-content\/uploads\/2024\/01\/andrea_calcagno-1-300x300-1.jpg\" class=\"attachment-medium size-medium wp-image-2450\" alt=\"\" srcset=\"https:\/\/neuropsychiatry-hiv.com\/wp-content\/uploads\/2024\/01\/andrea_calcagno-1-300x300-1.jpg 300w, https:\/\/neuropsychiatry-hiv.com\/wp-content\/uploads\/2024\/01\/andrea_calcagno-1-300x300-1-100x100.jpg 100w, https:\/\/neuropsychiatry-hiv.com\/wp-content\/uploads\/2024\/01\/andrea_calcagno-1-300x300-1-150x150.jpg 150w\" sizes=\"(max-width: 300px) 100vw, 300px\" \/>\t\t\t\t\t\t\t\t<\/a>\n\t\t\t\t\t\t\t\t\t\t\t\t\t\t\t<\/div>\n\t\t\t\t<\/div>\n\t\t\t\t<\/div>\n\t\t<div class=\"elementor-element elementor-element-d2d43fe e-con-full e-flex e-con e-child\" data-id=\"d2d43fe\" data-element_type=\"container\" data-e-type=\"container\">\n\t\t\t\t<div class=\"elementor-element elementor-element-a7c1472 elementor-widget elementor-widget-heading\" data-id=\"a7c1472\" data-element_type=\"widget\" data-e-type=\"widget\" data-widget_type=\"heading.default\">\n\t\t\t\t<div class=\"elementor-widget-container\">\n\t\t\t\t\t<h2 class=\"elementor-heading-title elementor-size-default\"><a href=\"https:\/\/neuropsychiatry-hiv.com\/es\/ponentes\/calcagno-andrea\/\">Andrea Calcagno, M.D., DTM&#038;H<\/a><\/h2>\t\t\t\t<\/div>\n\t\t\t\t<\/div>\n\t\t\t\t<div class=\"elementor-element elementor-element-2527139 elementor-widget-divider--view-line elementor-widget elementor-widget-divider\" data-id=\"2527139\" data-element_type=\"widget\" data-e-type=\"widget\" data-widget_type=\"divider.default\">\n\t\t\t\t<div class=\"elementor-widget-container\">\n\t\t\t\t\t\t\t<div class=\"elementor-divider\">\n\t\t\t<span class=\"elementor-divider-separator\">\n\t\t\t\t\t\t<\/span>\n\t\t<\/div>\n\t\t\t\t\t\t<\/div>\n\t\t\t\t<\/div>\n\t\t\t\t<div class=\"elementor-element elementor-element-89789d4 elementor-widget elementor-widget-text-editor\" data-id=\"89789d4\" data-element_type=\"widget\" data-e-type=\"widget\" data-widget_type=\"text-editor.default\">\n\t\t\t\t<div class=\"elementor-widget-container\">\n\t\t\t\t\t\t\t\t\t<p>Universidad del Piamonte Oriental, Novara, Italia<\/p>\n\t\t\t\t\t\t\t\t<\/div>\n\t\t\t\t<\/div>\n\t\t\t\t<div class=\"elementor-element elementor-element-2e83a62 elementor-widget elementor-widget-jet-unfold\" data-id=\"2e83a62\" data-element_type=\"widget\" data-e-type=\"widget\" data-settings=\"{&quot;mask_height&quot;:{&quot;unit&quot;:&quot;px&quot;,&quot;size&quot;:1,&quot;sizes&quot;:[]},&quot;unfold_easing&quot;:&quot;easeOutCirc&quot;,&quot;fold_easing&quot;:&quot;easeInOutSine&quot;,&quot;mask_height_mobile&quot;:{&quot;unit&quot;:&quot;px&quot;,&quot;size&quot;:2,&quot;sizes&quot;:[]},&quot;mask_height_tablet&quot;:{&quot;unit&quot;:&quot;px&quot;,&quot;size&quot;:&quot;&quot;,&quot;sizes&quot;:[]},&quot;unfold_duration&quot;:{&quot;unit&quot;:&quot;ms&quot;,&quot;size&quot;:500,&quot;sizes&quot;:[]},&quot;fold_duration&quot;:{&quot;unit&quot;:&quot;ms&quot;,&quot;size&quot;:300,&quot;sizes&quot;:[]}}\" data-widget_type=\"jet-unfold.default\">\n\t\t\t\t<div class=\"elementor-widget-container\">\n\t\t\t\t\t\t\t<div class=\"jet-unfold \" data-settings=\"{&quot;height&quot;:{&quot;size&quot;:1,&quot;unit&quot;:&quot;px&quot;},&quot;separatorHeight&quot;:{&quot;unit&quot;:&quot;px&quot;,&quot;size&quot;:0,&quot;sizes&quot;:[]},&quot;heightControlType&quot;:&quot;height&quot;,&quot;wordCount&quot;:20,&quot;unfoldDuration&quot;:{&quot;unit&quot;:&quot;ms&quot;,&quot;size&quot;:500,&quot;sizes&quot;:[]},&quot;foldDuration&quot;:{&quot;unit&quot;:&quot;ms&quot;,&quot;size&quot;:300,&quot;sizes&quot;:[]},&quot;unfoldEasing&quot;:&quot;easeOutCirc&quot;,&quot;foldEasing&quot;:&quot;easeInOutSine&quot;,&quot;foldScrolling&quot;:&quot;true&quot;,&quot;hideOutsideClick&quot;:&quot;&quot;,&quot;autoHide&quot;:&quot;false&quot;,&quot;autoHideTime&quot;:&quot;&quot;,&quot;foldScrollOffset&quot;:{&quot;unit&quot;:&quot;px&quot;,&quot;size&quot;:146,&quot;sizes&quot;:[]},&quot;separatorType&quot;:&quot;div&quot;}\">\r\n\t\t\t<div class=\"jet-unfold__inner\">\r\n\t\t\t\t<div class=\"jet-unfold__mask\" style=\"height:1px\">\r\n\t\t\t\t\t<div class=\"jet-unfold__content\">\r\n\t\t\t\t\t\t<div class=\"jet-unfold__content-inner elementor-text-editor elementor-clearfix\"><p>Especialista en Enfermedades Infecciosas (Universidad de Tur\u00edn, Italia); Diplomado en Medicina Tropical e Higiene (Universidad Mahidol, Bangkok, Tailandia). Es miembro del Panel de las Directrices italianas sobre el uso de antirretrovirales y la gesti\u00f3n de pacientes que viven con el VIH.<\/p>\n<p>Tiene experiencia como cl\u00ednico en enfermedades infecciosas y medicina tropical (Sud\u00e1n, Tailandia, Burundi); varios estudios de fase II, III y IV en ensayos de tratamiento antirretroviral.<\/p>\n<p>Su principal campo de inter\u00e9s es la farmacolog\u00eda cl\u00ednica y la farmacogen\u00e9tica de los agentes antiinfecciosos (antirretrovirales, antibi\u00f3ticos, antif\u00fangicos) y la complicaci\u00f3n del sistema nervioso central de la infecci\u00f3n por VIH.<\/p>\n<\/div>\r\n\t\t\t\t\t<\/div>\r\n\t\t\t\t\t\t\t\t\t\t<div class=\"jet-unfold__separator\"><\/div>\r\n\t\t\t\t\t\t\t\t\t<\/div>\r\n\t\t\t\t<div class=\"jet-unfold__trigger\"><div class=\"jet-unfold__button elementor-button elementor-size-md\" href=\"#\" data-unfold-text=\"Leer m\u00e1s\" data-fold-text=\"Leer menos\" data-fold-icon=\"\" data-unfold-icon=\"\" tabindex=\"0\" role=\"button\"><span class=\"jet-unfold__button-icon jet-tricks-icon\"><\/span><span class=\"jet-unfold__button-text\">Leer m\u00e1s<\/span><\/div>\t\t\t\t<\/div>\r\n\t\t\t<\/div>\r\n\t\t<\/div>\r\n\t\t\t\t\t\t<\/div>\n\t\t\t\t<\/div>\n\t\t\t\t<\/div>\n\t\t\t\t\t<\/div>\n\t\t\t\t<\/div>\n\t\t\t\t<\/div>\n\t\t<\/div><div class=\"jet-listing-grid__item jet-listing-dynamic-post-14169\" data-post-id=\"14169\"  >\t\t<div data-elementor-type=\"jet-listing-items\" data-elementor-id=\"3702\" class=\"elementor elementor-3702 elementor-2151 elementor-2151 elementor-2151\" data-elementor-post-type=\"jet-engine\">\n\t\t\t\t<div class=\"elementor-element elementor-element-2f9c5d7 e-flex e-con-boxed e-con e-parent\" data-id=\"2f9c5d7\" data-element_type=\"container\" data-e-type=\"container\" data-settings=\"{&quot;background_background&quot;:&quot;classic&quot;}\">\n\t\t\t\t\t<div class=\"e-con-inner\">\n\t\t<div class=\"elementor-element elementor-element-be21927 e-con-full e-flex e-con e-child\" data-id=\"be21927\" data-element_type=\"container\" data-e-type=\"container\">\n\t\t\t\t<div class=\"elementor-element elementor-element-793ff8d tu-clase-imagen  elementor-widget elementor-widget-image\" data-id=\"793ff8d\" data-element_type=\"widget\" data-e-type=\"widget\" data-widget_type=\"image.default\">\n\t\t\t\t<div class=\"elementor-widget-container\">\n\t\t\t\t\t\t\t\t\t\t\t\t\t\t\t\t<a href=\"https:\/\/neuropsychiatry-hiv.com\/es\/ponentes\/cardoner-narcis-m-d\/\">\n\t\t\t\t\t\t\t<img loading=\"lazy\" decoding=\"async\" width=\"300\" height=\"300\" src=\"https:\/\/neuropsychiatry-hiv.com\/wp-content\/uploads\/2025\/12\/jp2wjJvi_400x400-300x300.jpg\" class=\"attachment-medium size-medium wp-image-14172\" alt=\"\" srcset=\"https:\/\/neuropsychiatry-hiv.com\/wp-content\/uploads\/2025\/12\/jp2wjJvi_400x400-300x300.jpg 300w, https:\/\/neuropsychiatry-hiv.com\/wp-content\/uploads\/2025\/12\/jp2wjJvi_400x400-150x150.jpg 150w, https:\/\/neuropsychiatry-hiv.com\/wp-content\/uploads\/2025\/12\/jp2wjJvi_400x400-100x100.jpg 100w, https:\/\/neuropsychiatry-hiv.com\/wp-content\/uploads\/2025\/12\/jp2wjJvi_400x400.jpg 400w\" sizes=\"(max-width: 300px) 100vw, 300px\" \/>\t\t\t\t\t\t\t\t<\/a>\n\t\t\t\t\t\t\t\t\t\t\t\t\t\t\t<\/div>\n\t\t\t\t<\/div>\n\t\t\t\t<\/div>\n\t\t<div class=\"elementor-element elementor-element-d2d43fe e-con-full e-flex e-con e-child\" data-id=\"d2d43fe\" data-element_type=\"container\" data-e-type=\"container\">\n\t\t\t\t<div class=\"elementor-element elementor-element-a7c1472 elementor-widget elementor-widget-heading\" data-id=\"a7c1472\" data-element_type=\"widget\" data-e-type=\"widget\" data-widget_type=\"heading.default\">\n\t\t\t\t<div class=\"elementor-widget-container\">\n\t\t\t\t\t<h2 class=\"elementor-heading-title elementor-size-default\"><a href=\"https:\/\/neuropsychiatry-hiv.com\/es\/ponentes\/cardoner-narcis-m-d\/\">Narc\u00eds Cardoner, M.D.<\/a><\/h2>\t\t\t\t<\/div>\n\t\t\t\t<\/div>\n\t\t\t\t<div class=\"elementor-element elementor-element-2527139 elementor-widget-divider--view-line elementor-widget elementor-widget-divider\" data-id=\"2527139\" data-element_type=\"widget\" data-e-type=\"widget\" data-widget_type=\"divider.default\">\n\t\t\t\t<div class=\"elementor-widget-container\">\n\t\t\t\t\t\t\t<div class=\"elementor-divider\">\n\t\t\t<span class=\"elementor-divider-separator\">\n\t\t\t\t\t\t<\/span>\n\t\t<\/div>\n\t\t\t\t\t\t<\/div>\n\t\t\t\t<\/div>\n\t\t\t\t<div class=\"elementor-element elementor-element-89789d4 elementor-widget elementor-widget-text-editor\" data-id=\"89789d4\" data-element_type=\"widget\" data-e-type=\"widget\" data-widget_type=\"text-editor.default\">\n\t\t\t\t<div class=\"elementor-widget-container\">\n\t\t\t\t\t\t\t\t\t<p>Departamento de Psiquiatr\u00eda. Hospital Universitario Santa Creu i Sant Pau. Barcelona, Espa\u00f1a<\/p>\n\t\t\t\t\t\t\t\t<\/div>\n\t\t\t\t<\/div>\n\t\t\t\t<div class=\"elementor-element elementor-element-2e83a62 elementor-widget elementor-widget-jet-unfold\" data-id=\"2e83a62\" data-element_type=\"widget\" data-e-type=\"widget\" data-settings=\"{&quot;mask_height&quot;:{&quot;unit&quot;:&quot;px&quot;,&quot;size&quot;:1,&quot;sizes&quot;:[]},&quot;unfold_easing&quot;:&quot;easeOutCirc&quot;,&quot;fold_easing&quot;:&quot;easeInOutSine&quot;,&quot;mask_height_mobile&quot;:{&quot;unit&quot;:&quot;px&quot;,&quot;size&quot;:2,&quot;sizes&quot;:[]},&quot;mask_height_tablet&quot;:{&quot;unit&quot;:&quot;px&quot;,&quot;size&quot;:&quot;&quot;,&quot;sizes&quot;:[]},&quot;unfold_duration&quot;:{&quot;unit&quot;:&quot;ms&quot;,&quot;size&quot;:500,&quot;sizes&quot;:[]},&quot;fold_duration&quot;:{&quot;unit&quot;:&quot;ms&quot;,&quot;size&quot;:300,&quot;sizes&quot;:[]}}\" data-widget_type=\"jet-unfold.default\">\n\t\t\t\t<div class=\"elementor-widget-container\">\n\t\t\t\t\t\t\t<div class=\"jet-unfold \" data-settings=\"{&quot;height&quot;:{&quot;size&quot;:1,&quot;unit&quot;:&quot;px&quot;},&quot;separatorHeight&quot;:{&quot;unit&quot;:&quot;px&quot;,&quot;size&quot;:0,&quot;sizes&quot;:[]},&quot;heightControlType&quot;:&quot;height&quot;,&quot;wordCount&quot;:20,&quot;unfoldDuration&quot;:{&quot;unit&quot;:&quot;ms&quot;,&quot;size&quot;:500,&quot;sizes&quot;:[]},&quot;foldDuration&quot;:{&quot;unit&quot;:&quot;ms&quot;,&quot;size&quot;:300,&quot;sizes&quot;:[]},&quot;unfoldEasing&quot;:&quot;easeOutCirc&quot;,&quot;foldEasing&quot;:&quot;easeInOutSine&quot;,&quot;foldScrolling&quot;:&quot;true&quot;,&quot;hideOutsideClick&quot;:&quot;&quot;,&quot;autoHide&quot;:&quot;false&quot;,&quot;autoHideTime&quot;:&quot;&quot;,&quot;foldScrollOffset&quot;:{&quot;unit&quot;:&quot;px&quot;,&quot;size&quot;:146,&quot;sizes&quot;:[]},&quot;separatorType&quot;:&quot;div&quot;}\">\r\n\t\t\t<div class=\"jet-unfold__inner\">\r\n\t\t\t\t<div class=\"jet-unfold__mask\" style=\"height:1px\">\r\n\t\t\t\t\t<div class=\"jet-unfold__content\">\r\n\t\t\t\t\t\t<div class=\"jet-unfold__content-inner elementor-text-editor elementor-clearfix\"><\/div>\r\n\t\t\t\t\t<\/div>\r\n\t\t\t\t\t\t\t\t\t\t<div class=\"jet-unfold__separator\"><\/div>\r\n\t\t\t\t\t\t\t\t\t<\/div>\r\n\t\t\t\t<div class=\"jet-unfold__trigger\"><div class=\"jet-unfold__button elementor-button elementor-size-md\" href=\"#\" data-unfold-text=\"Leer m\u00e1s\" data-fold-text=\"Leer menos\" data-fold-icon=\"\" data-unfold-icon=\"\" tabindex=\"0\" role=\"button\"><span class=\"jet-unfold__button-icon jet-tricks-icon\"><\/span><span class=\"jet-unfold__button-text\">Leer m\u00e1s<\/span><\/div>\t\t\t\t<\/div>\r\n\t\t\t<\/div>\r\n\t\t<\/div>\r\n\t\t\t\t\t\t<\/div>\n\t\t\t\t<\/div>\n\t\t\t\t<\/div>\n\t\t\t\t\t<\/div>\n\t\t\t\t<\/div>\n\t\t\t\t<\/div>\n\t\t<\/div><div class=\"jet-listing-grid__item jet-listing-dynamic-post-14176\" data-post-id=\"14176\"  >\t\t<div data-elementor-type=\"jet-listing-items\" data-elementor-id=\"3702\" class=\"elementor elementor-3702 elementor-2151 elementor-2151 elementor-2151\" data-elementor-post-type=\"jet-engine\">\n\t\t\t\t<div class=\"elementor-element elementor-element-2f9c5d7 e-flex e-con-boxed e-con e-parent\" data-id=\"2f9c5d7\" data-element_type=\"container\" data-e-type=\"container\" data-settings=\"{&quot;background_background&quot;:&quot;classic&quot;}\">\n\t\t\t\t\t<div class=\"e-con-inner\">\n\t\t<div class=\"elementor-element elementor-element-be21927 e-con-full e-flex e-con e-child\" data-id=\"be21927\" data-element_type=\"container\" data-e-type=\"container\">\n\t\t\t\t<div class=\"elementor-element elementor-element-793ff8d tu-clase-imagen  elementor-widget elementor-widget-image\" data-id=\"793ff8d\" data-element_type=\"widget\" data-e-type=\"widget\" data-widget_type=\"image.default\">\n\t\t\t\t<div class=\"elementor-widget-container\">\n\t\t\t\t\t\t\t\t\t\t\t\t\t\t\t\t<a href=\"https:\/\/neuropsychiatry-hiv.com\/es\/ponentes\/carrion-carme-ph-d\/\">\n\t\t\t\t\t\t\t<img loading=\"lazy\" decoding=\"async\" width=\"300\" height=\"233\" src=\"https:\/\/neuropsychiatry-hiv.com\/wp-content\/uploads\/2025\/12\/Carrion_CCR-Oct-2024-300x233.jpeg\" class=\"attachment-medium size-medium wp-image-14608\" alt=\"\" srcset=\"https:\/\/neuropsychiatry-hiv.com\/wp-content\/uploads\/2025\/12\/Carrion_CCR-Oct-2024-300x233.jpeg 300w, https:\/\/neuropsychiatry-hiv.com\/wp-content\/uploads\/2025\/12\/Carrion_CCR-Oct-2024-1024x797.jpeg 1024w, https:\/\/neuropsychiatry-hiv.com\/wp-content\/uploads\/2025\/12\/Carrion_CCR-Oct-2024-768x598.jpeg 768w, https:\/\/neuropsychiatry-hiv.com\/wp-content\/uploads\/2025\/12\/Carrion_CCR-Oct-2024-1536x1195.jpeg 1536w, https:\/\/neuropsychiatry-hiv.com\/wp-content\/uploads\/2025\/12\/Carrion_CCR-Oct-2024-scaled.jpeg 1920w, https:\/\/neuropsychiatry-hiv.com\/wp-content\/uploads\/2025\/12\/Carrion_CCR-Oct-2024-600x467.jpeg 600w\" sizes=\"(max-width: 300px) 100vw, 300px\" \/>\t\t\t\t\t\t\t\t<\/a>\n\t\t\t\t\t\t\t\t\t\t\t\t\t\t\t<\/div>\n\t\t\t\t<\/div>\n\t\t\t\t<\/div>\n\t\t<div class=\"elementor-element elementor-element-d2d43fe e-con-full e-flex e-con e-child\" data-id=\"d2d43fe\" data-element_type=\"container\" data-e-type=\"container\">\n\t\t\t\t<div class=\"elementor-element elementor-element-a7c1472 elementor-widget elementor-widget-heading\" data-id=\"a7c1472\" data-element_type=\"widget\" data-e-type=\"widget\" data-widget_type=\"heading.default\">\n\t\t\t\t<div class=\"elementor-widget-container\">\n\t\t\t\t\t<h2 class=\"elementor-heading-title elementor-size-default\"><a href=\"https:\/\/neuropsychiatry-hiv.com\/es\/ponentes\/carrion-carme-ph-d\/\">Carme Carri\u00f3n, Ph.D.<\/a><\/h2>\t\t\t\t<\/div>\n\t\t\t\t<\/div>\n\t\t\t\t<div class=\"elementor-element elementor-element-2527139 elementor-widget-divider--view-line elementor-widget elementor-widget-divider\" data-id=\"2527139\" data-element_type=\"widget\" data-e-type=\"widget\" data-widget_type=\"divider.default\">\n\t\t\t\t<div class=\"elementor-widget-container\">\n\t\t\t\t\t\t\t<div class=\"elementor-divider\">\n\t\t\t<span class=\"elementor-divider-separator\">\n\t\t\t\t\t\t<\/span>\n\t\t<\/div>\n\t\t\t\t\t\t<\/div>\n\t\t\t\t<\/div>\n\t\t\t\t<div class=\"elementor-element elementor-element-89789d4 elementor-widget elementor-widget-text-editor\" data-id=\"89789d4\" data-element_type=\"widget\" data-e-type=\"widget\" data-widget_type=\"text-editor.default\">\n\t\t\t\t<div class=\"elementor-widget-container\">\n\t\t\t\t\t\t\t\t\t<p>Departamento de Ciencias de la Salud. Universitat Oberta de Catalunya. Barcelona, Espa\u00f1a<\/p>\n\t\t\t\t\t\t\t\t<\/div>\n\t\t\t\t<\/div>\n\t\t\t\t<div class=\"elementor-element elementor-element-2e83a62 elementor-widget elementor-widget-jet-unfold\" data-id=\"2e83a62\" data-element_type=\"widget\" data-e-type=\"widget\" data-settings=\"{&quot;mask_height&quot;:{&quot;unit&quot;:&quot;px&quot;,&quot;size&quot;:1,&quot;sizes&quot;:[]},&quot;unfold_easing&quot;:&quot;easeOutCirc&quot;,&quot;fold_easing&quot;:&quot;easeInOutSine&quot;,&quot;mask_height_mobile&quot;:{&quot;unit&quot;:&quot;px&quot;,&quot;size&quot;:2,&quot;sizes&quot;:[]},&quot;mask_height_tablet&quot;:{&quot;unit&quot;:&quot;px&quot;,&quot;size&quot;:&quot;&quot;,&quot;sizes&quot;:[]},&quot;unfold_duration&quot;:{&quot;unit&quot;:&quot;ms&quot;,&quot;size&quot;:500,&quot;sizes&quot;:[]},&quot;fold_duration&quot;:{&quot;unit&quot;:&quot;ms&quot;,&quot;size&quot;:300,&quot;sizes&quot;:[]}}\" data-widget_type=\"jet-unfold.default\">\n\t\t\t\t<div class=\"elementor-widget-container\">\n\t\t\t\t\t\t\t<div class=\"jet-unfold \" data-settings=\"{&quot;height&quot;:{&quot;size&quot;:1,&quot;unit&quot;:&quot;px&quot;},&quot;separatorHeight&quot;:{&quot;unit&quot;:&quot;px&quot;,&quot;size&quot;:0,&quot;sizes&quot;:[]},&quot;heightControlType&quot;:&quot;height&quot;,&quot;wordCount&quot;:20,&quot;unfoldDuration&quot;:{&quot;unit&quot;:&quot;ms&quot;,&quot;size&quot;:500,&quot;sizes&quot;:[]},&quot;foldDuration&quot;:{&quot;unit&quot;:&quot;ms&quot;,&quot;size&quot;:300,&quot;sizes&quot;:[]},&quot;unfoldEasing&quot;:&quot;easeOutCirc&quot;,&quot;foldEasing&quot;:&quot;easeInOutSine&quot;,&quot;foldScrolling&quot;:&quot;true&quot;,&quot;hideOutsideClick&quot;:&quot;&quot;,&quot;autoHide&quot;:&quot;false&quot;,&quot;autoHideTime&quot;:&quot;&quot;,&quot;foldScrollOffset&quot;:{&quot;unit&quot;:&quot;px&quot;,&quot;size&quot;:146,&quot;sizes&quot;:[]},&quot;separatorType&quot;:&quot;div&quot;}\">\r\n\t\t\t<div class=\"jet-unfold__inner\">\r\n\t\t\t\t<div class=\"jet-unfold__mask\" style=\"height:1px\">\r\n\t\t\t\t\t<div class=\"jet-unfold__content\">\r\n\t\t\t\t\t\t<div class=\"jet-unfold__content-inner elementor-text-editor elementor-clearfix\"><p>La Dra. Carme Carri\u00f3n, es profesora asociada Serra H\u00fanter en la Universidad de Girona (UdG) y directora del grupo de investigaci\u00f3n eHealth Lab (UOC-UdG). Con una formaci\u00f3n multidisciplinar \u2014incluido un doctorado en Bioqu\u00edmica y m\u00e1steres en Biotecnolog\u00eda, Conflictolog\u00eda y Salud Planetaria\u2014, su trabajo tiende puentes entre las ciencias de la salud y la tecnolog\u00eda. Anteriormente, fue investigadora s\u00e9nior en AQuAS, donde dirigi\u00f3 las gu\u00edas de pr\u00e1ctica cl\u00ednica y los sistemas de apoyo a la toma de decisiones, y profesora asociada en la Universitat Oberta de Catalunya (UOC), donde fue responsable de poner en marcha el m\u00e1ster en salud digital en la Facultad de Ciencias de la Salud, designada Centro Colaborador de la OMS.<\/p>\n<\/div>\r\n\t\t\t\t\t<\/div>\r\n\t\t\t\t\t\t\t\t\t\t<div class=\"jet-unfold__separator\"><\/div>\r\n\t\t\t\t\t\t\t\t\t<\/div>\r\n\t\t\t\t<div class=\"jet-unfold__trigger\"><div class=\"jet-unfold__button elementor-button elementor-size-md\" href=\"#\" data-unfold-text=\"Leer m\u00e1s\" data-fold-text=\"Leer menos\" data-fold-icon=\"\" data-unfold-icon=\"\" tabindex=\"0\" role=\"button\"><span class=\"jet-unfold__button-icon jet-tricks-icon\"><\/span><span class=\"jet-unfold__button-text\">Leer m\u00e1s<\/span><\/div>\t\t\t\t<\/div>\r\n\t\t\t<\/div>\r\n\t\t<\/div>\r\n\t\t\t\t\t\t<\/div>\n\t\t\t\t<\/div>\n\t\t\t\t<\/div>\n\t\t\t\t\t<\/div>\n\t\t\t\t<\/div>\n\t\t\t\t<\/div>\n\t\t<\/div><div class=\"jet-listing-grid__item jet-listing-dynamic-post-3684\" data-post-id=\"3684\"  >\t\t<div data-elementor-type=\"jet-listing-items\" data-elementor-id=\"3702\" class=\"elementor elementor-3702 elementor-2151 elementor-2151 elementor-2151\" data-elementor-post-type=\"jet-engine\">\n\t\t\t\t<div class=\"elementor-element elementor-element-2f9c5d7 e-flex e-con-boxed e-con e-parent\" data-id=\"2f9c5d7\" data-element_type=\"container\" data-e-type=\"container\" data-settings=\"{&quot;background_background&quot;:&quot;classic&quot;}\">\n\t\t\t\t\t<div class=\"e-con-inner\">\n\t\t<div class=\"elementor-element elementor-element-be21927 e-con-full e-flex e-con e-child\" data-id=\"be21927\" data-element_type=\"container\" data-e-type=\"container\">\n\t\t\t\t<div class=\"elementor-element elementor-element-793ff8d tu-clase-imagen  elementor-widget elementor-widget-image\" data-id=\"793ff8d\" data-element_type=\"widget\" data-e-type=\"widget\" data-widget_type=\"image.default\">\n\t\t\t\t<div class=\"elementor-widget-container\">\n\t\t\t\t\t\t\t\t\t\t\t\t\t\t\t\t<a href=\"https:\/\/neuropsychiatry-hiv.com\/es\/ponentes\/cinque-paola\/\">\n\t\t\t\t\t\t\t<img loading=\"lazy\" decoding=\"async\" width=\"300\" height=\"300\" src=\"https:\/\/neuropsychiatry-hiv.com\/wp-content\/uploads\/2024\/01\/image.jpeg\" class=\"attachment-medium size-medium wp-image-2655\" alt=\"\" srcset=\"https:\/\/neuropsychiatry-hiv.com\/wp-content\/uploads\/2024\/01\/image.jpeg 300w, https:\/\/neuropsychiatry-hiv.com\/wp-content\/uploads\/2024\/01\/image-150x150.jpeg 150w, https:\/\/neuropsychiatry-hiv.com\/wp-content\/uploads\/2024\/01\/image-100x100.jpeg 100w\" sizes=\"(max-width: 300px) 100vw, 300px\" \/>\t\t\t\t\t\t\t\t<\/a>\n\t\t\t\t\t\t\t\t\t\t\t\t\t\t\t<\/div>\n\t\t\t\t<\/div>\n\t\t\t\t<\/div>\n\t\t<div class=\"elementor-element elementor-element-d2d43fe e-con-full e-flex e-con e-child\" data-id=\"d2d43fe\" data-element_type=\"container\" data-e-type=\"container\">\n\t\t\t\t<div class=\"elementor-element elementor-element-a7c1472 elementor-widget elementor-widget-heading\" data-id=\"a7c1472\" data-element_type=\"widget\" data-e-type=\"widget\" data-widget_type=\"heading.default\">\n\t\t\t\t<div class=\"elementor-widget-container\">\n\t\t\t\t\t<h2 class=\"elementor-heading-title elementor-size-default\"><a href=\"https:\/\/neuropsychiatry-hiv.com\/es\/ponentes\/cinque-paola\/\">Paola Cinque, M.D.<\/a><\/h2>\t\t\t\t<\/div>\n\t\t\t\t<\/div>\n\t\t\t\t<div class=\"elementor-element elementor-element-2527139 elementor-widget-divider--view-line elementor-widget elementor-widget-divider\" data-id=\"2527139\" data-element_type=\"widget\" data-e-type=\"widget\" data-widget_type=\"divider.default\">\n\t\t\t\t<div class=\"elementor-widget-container\">\n\t\t\t\t\t\t\t<div class=\"elementor-divider\">\n\t\t\t<span class=\"elementor-divider-separator\">\n\t\t\t\t\t\t<\/span>\n\t\t<\/div>\n\t\t\t\t\t\t<\/div>\n\t\t\t\t<\/div>\n\t\t\t\t<div class=\"elementor-element elementor-element-89789d4 elementor-widget elementor-widget-text-editor\" data-id=\"89789d4\" data-element_type=\"widget\" data-e-type=\"widget\" data-widget_type=\"text-editor.default\">\n\t\t\t\t<div class=\"elementor-widget-container\">\n\t\t\t\t\t\t\t\t\t<p>Unidad de Enfermedades Infecciosas del Hospital IRCCS San Raffaele. Milan, Italy<\/p>\n\t\t\t\t\t\t\t\t<\/div>\n\t\t\t\t<\/div>\n\t\t\t\t<div class=\"elementor-element elementor-element-2e83a62 elementor-widget elementor-widget-jet-unfold\" data-id=\"2e83a62\" data-element_type=\"widget\" data-e-type=\"widget\" data-settings=\"{&quot;mask_height&quot;:{&quot;unit&quot;:&quot;px&quot;,&quot;size&quot;:1,&quot;sizes&quot;:[]},&quot;unfold_easing&quot;:&quot;easeOutCirc&quot;,&quot;fold_easing&quot;:&quot;easeInOutSine&quot;,&quot;mask_height_mobile&quot;:{&quot;unit&quot;:&quot;px&quot;,&quot;size&quot;:2,&quot;sizes&quot;:[]},&quot;mask_height_tablet&quot;:{&quot;unit&quot;:&quot;px&quot;,&quot;size&quot;:&quot;&quot;,&quot;sizes&quot;:[]},&quot;unfold_duration&quot;:{&quot;unit&quot;:&quot;ms&quot;,&quot;size&quot;:500,&quot;sizes&quot;:[]},&quot;fold_duration&quot;:{&quot;unit&quot;:&quot;ms&quot;,&quot;size&quot;:300,&quot;sizes&quot;:[]}}\" data-widget_type=\"jet-unfold.default\">\n\t\t\t\t<div class=\"elementor-widget-container\">\n\t\t\t\t\t\t\t<div class=\"jet-unfold \" data-settings=\"{&quot;height&quot;:{&quot;size&quot;:1,&quot;unit&quot;:&quot;px&quot;},&quot;separatorHeight&quot;:{&quot;unit&quot;:&quot;px&quot;,&quot;size&quot;:0,&quot;sizes&quot;:[]},&quot;heightControlType&quot;:&quot;height&quot;,&quot;wordCount&quot;:20,&quot;unfoldDuration&quot;:{&quot;unit&quot;:&quot;ms&quot;,&quot;size&quot;:500,&quot;sizes&quot;:[]},&quot;foldDuration&quot;:{&quot;unit&quot;:&quot;ms&quot;,&quot;size&quot;:300,&quot;sizes&quot;:[]},&quot;unfoldEasing&quot;:&quot;easeOutCirc&quot;,&quot;foldEasing&quot;:&quot;easeInOutSine&quot;,&quot;foldScrolling&quot;:&quot;true&quot;,&quot;hideOutsideClick&quot;:&quot;&quot;,&quot;autoHide&quot;:&quot;false&quot;,&quot;autoHideTime&quot;:&quot;&quot;,&quot;foldScrollOffset&quot;:{&quot;unit&quot;:&quot;px&quot;,&quot;size&quot;:146,&quot;sizes&quot;:[]},&quot;separatorType&quot;:&quot;div&quot;}\">\r\n\t\t\t<div class=\"jet-unfold__inner\">\r\n\t\t\t\t<div class=\"jet-unfold__mask\" style=\"height:1px\">\r\n\t\t\t\t\t<div class=\"jet-unfold__content\">\r\n\t\t\t\t\t\t<div class=\"jet-unfold__content-inner elementor-text-editor elementor-clearfix\"><p>Actualmente trabaja como m\u00e9dico jefe en el Departamento de Enfermedades Infecciosas y responsable de la Unidad de Investigaci\u00f3n de Neurovirolog\u00eda de la Divisi\u00f3n de Investigaci\u00f3n de Inmunolog\u00eda, Trasplantes y Enfermedades Infecciosas del Instituto Cient\u00edfico San Raffaele de Mil\u00e1n (Italia), y como profesora contratada de Enfermedades Infecciosas en la Universidad San Raffaele.<\/p>\n<p>Su grupo de investigaci\u00f3n se dedica principalmente a estudios sobre la infecci\u00f3n por VIH del sistema nervioso central, la leucoencefalopat\u00eda multifocal progresiva y otras complicaciones del SNC asociadas al VIH.<\/p>\n<p>Es miembro del panel de las directrices italianas de tratamiento del VIH, de las directrices sobre comorbilidades e infecciones oportunistas de la EACS y de las directrices de los NIH\/CDC\/IDSA para la prevenci\u00f3n y el tratamiento de las infecciones oportunistas en adultos y adolescentes infectados por el VIH.<\/p>\n<\/div>\r\n\t\t\t\t\t<\/div>\r\n\t\t\t\t\t\t\t\t\t\t<div class=\"jet-unfold__separator\"><\/div>\r\n\t\t\t\t\t\t\t\t\t<\/div>\r\n\t\t\t\t<div class=\"jet-unfold__trigger\"><div class=\"jet-unfold__button elementor-button elementor-size-md\" href=\"#\" data-unfold-text=\"Leer m\u00e1s\" data-fold-text=\"Leer menos\" data-fold-icon=\"\" data-unfold-icon=\"\" tabindex=\"0\" role=\"button\"><span class=\"jet-unfold__button-icon jet-tricks-icon\"><\/span><span class=\"jet-unfold__button-text\">Leer m\u00e1s<\/span><\/div>\t\t\t\t<\/div>\r\n\t\t\t<\/div>\r\n\t\t<\/div>\r\n\t\t\t\t\t\t<\/div>\n\t\t\t\t<\/div>\n\t\t\t\t<\/div>\n\t\t\t\t\t<\/div>\n\t\t\t\t<\/div>\n\t\t\t\t<\/div>\n\t\t<\/div><div class=\"jet-listing-grid__item jet-listing-dynamic-post-5913\" data-post-id=\"5913\"  >\t\t<div data-elementor-type=\"jet-listing-items\" data-elementor-id=\"3702\" class=\"elementor elementor-3702 elementor-2151 elementor-2151 elementor-2151\" data-elementor-post-type=\"jet-engine\">\n\t\t\t\t<div class=\"elementor-element elementor-element-2f9c5d7 e-flex e-con-boxed e-con e-parent\" data-id=\"2f9c5d7\" data-element_type=\"container\" data-e-type=\"container\" data-settings=\"{&quot;background_background&quot;:&quot;classic&quot;}\">\n\t\t\t\t\t<div class=\"e-con-inner\">\n\t\t<div class=\"elementor-element elementor-element-be21927 e-con-full e-flex e-con e-child\" data-id=\"be21927\" data-element_type=\"container\" data-e-type=\"container\">\n\t\t\t\t<div class=\"elementor-element elementor-element-793ff8d tu-clase-imagen  elementor-widget elementor-widget-image\" data-id=\"793ff8d\" data-element_type=\"widget\" data-e-type=\"widget\" data-widget_type=\"image.default\">\n\t\t\t\t<div class=\"elementor-widget-container\">\n\t\t\t\t\t\t\t\t\t\t\t\t\t\t\t\t<a href=\"https:\/\/neuropsychiatry-hiv.com\/es\/ponentes\/collins-ben\/\">\n\t\t\t\t\t\t\t<img loading=\"lazy\" decoding=\"async\" width=\"283\" height=\"300\" src=\"https:\/\/neuropsychiatry-hiv.com\/wp-content\/uploads\/2024\/02\/Ben-Collins-283x300.jpeg\" class=\"attachment-medium size-medium wp-image-5911\" alt=\"\" srcset=\"https:\/\/neuropsychiatry-hiv.com\/wp-content\/uploads\/2024\/02\/Ben-Collins-283x300.jpeg 283w, https:\/\/neuropsychiatry-hiv.com\/wp-content\/uploads\/2024\/02\/Ben-Collins.jpeg 400w\" sizes=\"(max-width: 283px) 100vw, 283px\" \/>\t\t\t\t\t\t\t\t<\/a>\n\t\t\t\t\t\t\t\t\t\t\t\t\t\t\t<\/div>\n\t\t\t\t<\/div>\n\t\t\t\t<\/div>\n\t\t<div class=\"elementor-element elementor-element-d2d43fe e-con-full e-flex e-con e-child\" data-id=\"d2d43fe\" data-element_type=\"container\" data-e-type=\"container\">\n\t\t\t\t<div class=\"elementor-element elementor-element-a7c1472 elementor-widget elementor-widget-heading\" data-id=\"a7c1472\" data-element_type=\"widget\" data-e-type=\"widget\" data-widget_type=\"heading.default\">\n\t\t\t\t<div class=\"elementor-widget-container\">\n\t\t\t\t\t<h2 class=\"elementor-heading-title elementor-size-default\"><a href=\"https:\/\/neuropsychiatry-hiv.com\/es\/ponentes\/collins-ben\/\">Mr. Ben Collins<\/a><\/h2>\t\t\t\t<\/div>\n\t\t\t\t<\/div>\n\t\t\t\t<div class=\"elementor-element elementor-element-2527139 elementor-widget-divider--view-line elementor-widget elementor-widget-divider\" data-id=\"2527139\" data-element_type=\"widget\" data-e-type=\"widget\" data-widget_type=\"divider.default\">\n\t\t\t\t<div class=\"elementor-widget-container\">\n\t\t\t\t\t\t\t<div class=\"elementor-divider\">\n\t\t\t<span class=\"elementor-divider-separator\">\n\t\t\t\t\t\t<\/span>\n\t\t<\/div>\n\t\t\t\t\t\t<\/div>\n\t\t\t\t<\/div>\n\t\t\t\t<div class=\"elementor-element elementor-element-89789d4 elementor-widget elementor-widget-text-editor\" data-id=\"89789d4\" data-element_type=\"widget\" data-e-type=\"widget\" data-widget_type=\"text-editor.default\">\n\t\t\t\t<div class=\"elementor-widget-container\">\n\t\t\t\t\t\t\t\t\t<p>ReShape y asociaciones internacionales contra el VIH. Londres, Reino Unido<\/p>\n\t\t\t\t\t\t\t\t<\/div>\n\t\t\t\t<\/div>\n\t\t\t\t<div class=\"elementor-element elementor-element-2e83a62 elementor-widget elementor-widget-jet-unfold\" data-id=\"2e83a62\" data-element_type=\"widget\" data-e-type=\"widget\" data-settings=\"{&quot;mask_height&quot;:{&quot;unit&quot;:&quot;px&quot;,&quot;size&quot;:1,&quot;sizes&quot;:[]},&quot;unfold_easing&quot;:&quot;easeOutCirc&quot;,&quot;fold_easing&quot;:&quot;easeInOutSine&quot;,&quot;mask_height_mobile&quot;:{&quot;unit&quot;:&quot;px&quot;,&quot;size&quot;:2,&quot;sizes&quot;:[]},&quot;mask_height_tablet&quot;:{&quot;unit&quot;:&quot;px&quot;,&quot;size&quot;:&quot;&quot;,&quot;sizes&quot;:[]},&quot;unfold_duration&quot;:{&quot;unit&quot;:&quot;ms&quot;,&quot;size&quot;:500,&quot;sizes&quot;:[]},&quot;fold_duration&quot;:{&quot;unit&quot;:&quot;ms&quot;,&quot;size&quot;:300,&quot;sizes&quot;:[]}}\" data-widget_type=\"jet-unfold.default\">\n\t\t\t\t<div class=\"elementor-widget-container\">\n\t\t\t\t\t\t\t<div class=\"jet-unfold \" data-settings=\"{&quot;height&quot;:{&quot;size&quot;:1,&quot;unit&quot;:&quot;px&quot;},&quot;separatorHeight&quot;:{&quot;unit&quot;:&quot;px&quot;,&quot;size&quot;:0,&quot;sizes&quot;:[]},&quot;heightControlType&quot;:&quot;height&quot;,&quot;wordCount&quot;:20,&quot;unfoldDuration&quot;:{&quot;unit&quot;:&quot;ms&quot;,&quot;size&quot;:500,&quot;sizes&quot;:[]},&quot;foldDuration&quot;:{&quot;unit&quot;:&quot;ms&quot;,&quot;size&quot;:300,&quot;sizes&quot;:[]},&quot;unfoldEasing&quot;:&quot;easeOutCirc&quot;,&quot;foldEasing&quot;:&quot;easeInOutSine&quot;,&quot;foldScrolling&quot;:&quot;true&quot;,&quot;hideOutsideClick&quot;:&quot;&quot;,&quot;autoHide&quot;:&quot;false&quot;,&quot;autoHideTime&quot;:&quot;&quot;,&quot;foldScrollOffset&quot;:{&quot;unit&quot;:&quot;px&quot;,&quot;size&quot;:146,&quot;sizes&quot;:[]},&quot;separatorType&quot;:&quot;div&quot;}\">\r\n\t\t\t<div class=\"jet-unfold__inner\">\r\n\t\t\t\t<div class=\"jet-unfold__mask\" style=\"height:1px\">\r\n\t\t\t\t\t<div class=\"jet-unfold__content\">\r\n\t\t\t\t\t\t<div class=\"jet-unfold__content-inner elementor-text-editor elementor-clearfix\"><p>Ben Collins, codirector de ReShape, ha sido organizador comunitario, creador de redes y convocador durante m\u00e1s de 50 a\u00f1os. Su principal \u00e1rea de inter\u00e9s es la creaci\u00f3n de movimientos para prevenir y responder a problemas sociales y sanitarios interconectados, como la desigualdad social y estructural, el VIH y otras enfermedades relacionadas, la raza, el g\u00e9nero, el estigma y la discriminaci\u00f3n, el trauma, la neurodivergencia y el consumo de sustancias.<\/p>\n<\/div>\r\n\t\t\t\t\t<\/div>\r\n\t\t\t\t\t\t\t\t\t\t<div class=\"jet-unfold__separator\"><\/div>\r\n\t\t\t\t\t\t\t\t\t<\/div>\r\n\t\t\t\t<div class=\"jet-unfold__trigger\"><div class=\"jet-unfold__button elementor-button elementor-size-md\" href=\"#\" data-unfold-text=\"Leer m\u00e1s\" data-fold-text=\"Leer menos\" data-fold-icon=\"\" data-unfold-icon=\"\" tabindex=\"0\" role=\"button\"><span class=\"jet-unfold__button-icon jet-tricks-icon\"><\/span><span class=\"jet-unfold__button-text\">Leer m\u00e1s<\/span><\/div>\t\t\t\t<\/div>\r\n\t\t\t<\/div>\r\n\t\t<\/div>\r\n\t\t\t\t\t\t<\/div>\n\t\t\t\t<\/div>\n\t\t\t\t<\/div>\n\t\t\t\t\t<\/div>\n\t\t\t\t<\/div>\n\t\t\t\t<\/div>\n\t\t<\/div><div class=\"jet-listing-grid__item jet-listing-dynamic-post-3677\" data-post-id=\"3677\"  >\t\t<div data-elementor-type=\"jet-listing-items\" data-elementor-id=\"3702\" class=\"elementor elementor-3702 elementor-2151 elementor-2151 elementor-2151\" data-elementor-post-type=\"jet-engine\">\n\t\t\t\t<div class=\"elementor-element elementor-element-2f9c5d7 e-flex e-con-boxed e-con e-parent\" data-id=\"2f9c5d7\" data-element_type=\"container\" data-e-type=\"container\" data-settings=\"{&quot;background_background&quot;:&quot;classic&quot;}\">\n\t\t\t\t\t<div class=\"e-con-inner\">\n\t\t<div class=\"elementor-element elementor-element-be21927 e-con-full e-flex e-con e-child\" data-id=\"be21927\" data-element_type=\"container\" data-e-type=\"container\">\n\t\t\t\t<div class=\"elementor-element elementor-element-793ff8d tu-clase-imagen  elementor-widget elementor-widget-image\" data-id=\"793ff8d\" data-element_type=\"widget\" data-e-type=\"widget\" data-widget_type=\"image.default\">\n\t\t\t\t<div class=\"elementor-widget-container\">\n\t\t\t\t\t\t\t\t\t\t\t\t\t\t\t\t<a href=\"https:\/\/neuropsychiatry-hiv.com\/es\/ponentes\/da-ponte-guida\/\">\n\t\t\t\t\t\t\t<img loading=\"lazy\" decoding=\"async\" width=\"293\" height=\"300\" src=\"https:\/\/neuropsychiatry-hiv.com\/wp-content\/uploads\/2024\/01\/Guida-da-ponte.jpg\" class=\"attachment-medium size-medium wp-image-2658\" alt=\"\" \/>\t\t\t\t\t\t\t\t<\/a>\n\t\t\t\t\t\t\t\t\t\t\t\t\t\t\t<\/div>\n\t\t\t\t<\/div>\n\t\t\t\t<\/div>\n\t\t<div class=\"elementor-element elementor-element-d2d43fe e-con-full e-flex e-con e-child\" data-id=\"d2d43fe\" data-element_type=\"container\" data-e-type=\"container\">\n\t\t\t\t<div class=\"elementor-element elementor-element-a7c1472 elementor-widget elementor-widget-heading\" data-id=\"a7c1472\" data-element_type=\"widget\" data-e-type=\"widget\" data-widget_type=\"heading.default\">\n\t\t\t\t<div class=\"elementor-widget-container\">\n\t\t\t\t\t<h2 class=\"elementor-heading-title elementor-size-default\"><a href=\"https:\/\/neuropsychiatry-hiv.com\/es\/ponentes\/da-ponte-guida\/\">Guida Da Ponte, M.D., Ph.D.<\/a><\/h2>\t\t\t\t<\/div>\n\t\t\t\t<\/div>\n\t\t\t\t<div class=\"elementor-element elementor-element-2527139 elementor-widget-divider--view-line elementor-widget elementor-widget-divider\" data-id=\"2527139\" data-element_type=\"widget\" data-e-type=\"widget\" data-widget_type=\"divider.default\">\n\t\t\t\t<div class=\"elementor-widget-container\">\n\t\t\t\t\t\t\t<div class=\"elementor-divider\">\n\t\t\t<span class=\"elementor-divider-separator\">\n\t\t\t\t\t\t<\/span>\n\t\t<\/div>\n\t\t\t\t\t\t<\/div>\n\t\t\t\t<\/div>\n\t\t\t\t<div class=\"elementor-element elementor-element-89789d4 elementor-widget elementor-widget-text-editor\" data-id=\"89789d4\" data-element_type=\"widget\" data-e-type=\"widget\" data-widget_type=\"text-editor.default\">\n\t\t\t\t<div class=\"elementor-widget-container\">\n\t\t\t\t\t\t\t\t\t<p>Departamento de Psiquiatr\u00eda y Salud Mental \u2013 Centro Hospitalar Barreiro-Montijo. Portugal<\/p>\n\t\t\t\t\t\t\t\t<\/div>\n\t\t\t\t<\/div>\n\t\t\t\t<div class=\"elementor-element elementor-element-2e83a62 elementor-widget elementor-widget-jet-unfold\" data-id=\"2e83a62\" data-element_type=\"widget\" data-e-type=\"widget\" data-settings=\"{&quot;mask_height&quot;:{&quot;unit&quot;:&quot;px&quot;,&quot;size&quot;:1,&quot;sizes&quot;:[]},&quot;unfold_easing&quot;:&quot;easeOutCirc&quot;,&quot;fold_easing&quot;:&quot;easeInOutSine&quot;,&quot;mask_height_mobile&quot;:{&quot;unit&quot;:&quot;px&quot;,&quot;size&quot;:2,&quot;sizes&quot;:[]},&quot;mask_height_tablet&quot;:{&quot;unit&quot;:&quot;px&quot;,&quot;size&quot;:&quot;&quot;,&quot;sizes&quot;:[]},&quot;unfold_duration&quot;:{&quot;unit&quot;:&quot;ms&quot;,&quot;size&quot;:500,&quot;sizes&quot;:[]},&quot;fold_duration&quot;:{&quot;unit&quot;:&quot;ms&quot;,&quot;size&quot;:300,&quot;sizes&quot;:[]}}\" data-widget_type=\"jet-unfold.default\">\n\t\t\t\t<div class=\"elementor-widget-container\">\n\t\t\t\t\t\t\t<div class=\"jet-unfold \" data-settings=\"{&quot;height&quot;:{&quot;size&quot;:1,&quot;unit&quot;:&quot;px&quot;},&quot;separatorHeight&quot;:{&quot;unit&quot;:&quot;px&quot;,&quot;size&quot;:0,&quot;sizes&quot;:[]},&quot;heightControlType&quot;:&quot;height&quot;,&quot;wordCount&quot;:20,&quot;unfoldDuration&quot;:{&quot;unit&quot;:&quot;ms&quot;,&quot;size&quot;:500,&quot;sizes&quot;:[]},&quot;foldDuration&quot;:{&quot;unit&quot;:&quot;ms&quot;,&quot;size&quot;:300,&quot;sizes&quot;:[]},&quot;unfoldEasing&quot;:&quot;easeOutCirc&quot;,&quot;foldEasing&quot;:&quot;easeInOutSine&quot;,&quot;foldScrolling&quot;:&quot;true&quot;,&quot;hideOutsideClick&quot;:&quot;&quot;,&quot;autoHide&quot;:&quot;false&quot;,&quot;autoHideTime&quot;:&quot;&quot;,&quot;foldScrollOffset&quot;:{&quot;unit&quot;:&quot;px&quot;,&quot;size&quot;:146,&quot;sizes&quot;:[]},&quot;separatorType&quot;:&quot;div&quot;}\">\r\n\t\t\t<div class=\"jet-unfold__inner\">\r\n\t\t\t\t<div class=\"jet-unfold__mask\" style=\"height:1px\">\r\n\t\t\t\t\t<div class=\"jet-unfold__content\">\r\n\t\t\t\t\t\t<div class=\"jet-unfold__content-inner elementor-text-editor elementor-clearfix\"><p>Guida da Ponte, M.D., Ph.D., psiquiatra, Consulta-Psiquiatr\u00eda de Enlace, Departamento de Psiquiatr\u00eda y Salud Mental &#8211; Centro Hospitalar Barreiro-Montijo, Portugal. Uno de los principales campos de pr\u00e1ctica es con pacientes con VIH con una cl\u00ednica psiqui\u00e1trica ambulatoria dedicada a esta condici\u00f3n. Autora de publicaciones cient\u00edficas, principalmente en las \u00e1reas de trastornos neurocognitivos, depresi\u00f3n, ansiedad y psicofarmacolog\u00eda e interacciones antirretrovirales.<\/p>\n<\/div>\r\n\t\t\t\t\t<\/div>\r\n\t\t\t\t\t\t\t\t\t\t<div class=\"jet-unfold__separator\"><\/div>\r\n\t\t\t\t\t\t\t\t\t<\/div>\r\n\t\t\t\t<div class=\"jet-unfold__trigger\"><div class=\"jet-unfold__button elementor-button elementor-size-md\" href=\"#\" data-unfold-text=\"Leer m\u00e1s\" data-fold-text=\"Leer menos\" data-fold-icon=\"\" data-unfold-icon=\"\" tabindex=\"0\" role=\"button\"><span class=\"jet-unfold__button-icon jet-tricks-icon\"><\/span><span class=\"jet-unfold__button-text\">Leer m\u00e1s<\/span><\/div>\t\t\t\t<\/div>\r\n\t\t\t<\/div>\r\n\t\t<\/div>\r\n\t\t\t\t\t\t<\/div>\n\t\t\t\t<\/div>\n\t\t\t\t<\/div>\n\t\t\t\t\t<\/div>\n\t\t\t\t<\/div>\n\t\t\t\t<\/div>\n\t\t<\/div><div class=\"jet-listing-grid__item jet-listing-dynamic-post-14180\" data-post-id=\"14180\"  >\t\t<div data-elementor-type=\"jet-listing-items\" data-elementor-id=\"3702\" class=\"elementor elementor-3702 elementor-2151 elementor-2151 elementor-2151\" data-elementor-post-type=\"jet-engine\">\n\t\t\t\t<div class=\"elementor-element elementor-element-2f9c5d7 e-flex e-con-boxed e-con e-parent\" data-id=\"2f9c5d7\" data-element_type=\"container\" data-e-type=\"container\" data-settings=\"{&quot;background_background&quot;:&quot;classic&quot;}\">\n\t\t\t\t\t<div class=\"e-con-inner\">\n\t\t<div class=\"elementor-element elementor-element-be21927 e-con-full e-flex e-con e-child\" data-id=\"be21927\" data-element_type=\"container\" data-e-type=\"container\">\n\t\t\t\t<div class=\"elementor-element elementor-element-793ff8d tu-clase-imagen  elementor-widget elementor-widget-image\" data-id=\"793ff8d\" data-element_type=\"widget\" data-e-type=\"widget\" data-widget_type=\"image.default\">\n\t\t\t\t<div class=\"elementor-widget-container\">\n\t\t\t\t\t\t\t\t\t\t\t\t\t\t\t\t<a href=\"https:\/\/neuropsychiatry-hiv.com\/es\/ponentes\/de-la-mora-lorena-m-d\/\">\n\t\t\t\t\t\t\t<img loading=\"lazy\" decoding=\"async\" width=\"300\" height=\"300\" src=\"https:\/\/neuropsychiatry-hiv.com\/wp-content\/uploads\/2025\/12\/2023-Lorena-de-la-Mora-@franciscoavia-Clinic-300x300.jpeg\" class=\"attachment-medium size-medium wp-image-14575\" alt=\"\" srcset=\"https:\/\/neuropsychiatry-hiv.com\/wp-content\/uploads\/2025\/12\/2023-Lorena-de-la-Mora-@franciscoavia-Clinic-300x300.jpeg 300w, https:\/\/neuropsychiatry-hiv.com\/wp-content\/uploads\/2025\/12\/2023-Lorena-de-la-Mora-@franciscoavia-Clinic-1024x1024.jpeg 1024w, https:\/\/neuropsychiatry-hiv.com\/wp-content\/uploads\/2025\/12\/2023-Lorena-de-la-Mora-@franciscoavia-Clinic-150x150.jpeg 150w, https:\/\/neuropsychiatry-hiv.com\/wp-content\/uploads\/2025\/12\/2023-Lorena-de-la-Mora-@franciscoavia-Clinic-768x768.jpeg 768w, https:\/\/neuropsychiatry-hiv.com\/wp-content\/uploads\/2025\/12\/2023-Lorena-de-la-Mora-@franciscoavia-Clinic-600x600.jpeg 600w, https:\/\/neuropsychiatry-hiv.com\/wp-content\/uploads\/2025\/12\/2023-Lorena-de-la-Mora-@franciscoavia-Clinic-100x100.jpeg 100w, https:\/\/neuropsychiatry-hiv.com\/wp-content\/uploads\/2025\/12\/2023-Lorena-de-la-Mora-@franciscoavia-Clinic.jpeg 1080w\" sizes=\"(max-width: 300px) 100vw, 300px\" \/>\t\t\t\t\t\t\t\t<\/a>\n\t\t\t\t\t\t\t\t\t\t\t\t\t\t\t<\/div>\n\t\t\t\t<\/div>\n\t\t\t\t<\/div>\n\t\t<div class=\"elementor-element elementor-element-d2d43fe e-con-full e-flex e-con e-child\" data-id=\"d2d43fe\" data-element_type=\"container\" data-e-type=\"container\">\n\t\t\t\t<div class=\"elementor-element elementor-element-a7c1472 elementor-widget elementor-widget-heading\" data-id=\"a7c1472\" data-element_type=\"widget\" data-e-type=\"widget\" data-widget_type=\"heading.default\">\n\t\t\t\t<div class=\"elementor-widget-container\">\n\t\t\t\t\t<h2 class=\"elementor-heading-title elementor-size-default\"><a href=\"https:\/\/neuropsychiatry-hiv.com\/es\/ponentes\/de-la-mora-lorena-m-d\/\">Lorena de la Mora, M.D.<\/a><\/h2>\t\t\t\t<\/div>\n\t\t\t\t<\/div>\n\t\t\t\t<div class=\"elementor-element elementor-element-2527139 elementor-widget-divider--view-line elementor-widget elementor-widget-divider\" data-id=\"2527139\" data-element_type=\"widget\" data-e-type=\"widget\" data-widget_type=\"divider.default\">\n\t\t\t\t<div class=\"elementor-widget-container\">\n\t\t\t\t\t\t\t<div class=\"elementor-divider\">\n\t\t\t<span class=\"elementor-divider-separator\">\n\t\t\t\t\t\t<\/span>\n\t\t<\/div>\n\t\t\t\t\t\t<\/div>\n\t\t\t\t<\/div>\n\t\t\t\t<div class=\"elementor-element elementor-element-89789d4 elementor-widget elementor-widget-text-editor\" data-id=\"89789d4\" data-element_type=\"widget\" data-e-type=\"widget\" data-widget_type=\"text-editor.default\">\n\t\t\t\t<div class=\"elementor-widget-container\">\n\t\t\t\t\t\t\t\t\t<p>Grupo de Investigaci\u00f3n SIDA e Infecci\u00f3n por VIH. Hospital Universitario Clinic. Barcelona, Espa\u00f1a<\/p>\n\t\t\t\t\t\t\t\t<\/div>\n\t\t\t\t<\/div>\n\t\t\t\t<div class=\"elementor-element elementor-element-2e83a62 elementor-widget elementor-widget-jet-unfold\" data-id=\"2e83a62\" data-element_type=\"widget\" data-e-type=\"widget\" data-settings=\"{&quot;mask_height&quot;:{&quot;unit&quot;:&quot;px&quot;,&quot;size&quot;:1,&quot;sizes&quot;:[]},&quot;unfold_easing&quot;:&quot;easeOutCirc&quot;,&quot;fold_easing&quot;:&quot;easeInOutSine&quot;,&quot;mask_height_mobile&quot;:{&quot;unit&quot;:&quot;px&quot;,&quot;size&quot;:2,&quot;sizes&quot;:[]},&quot;mask_height_tablet&quot;:{&quot;unit&quot;:&quot;px&quot;,&quot;size&quot;:&quot;&quot;,&quot;sizes&quot;:[]},&quot;unfold_duration&quot;:{&quot;unit&quot;:&quot;ms&quot;,&quot;size&quot;:500,&quot;sizes&quot;:[]},&quot;fold_duration&quot;:{&quot;unit&quot;:&quot;ms&quot;,&quot;size&quot;:300,&quot;sizes&quot;:[]}}\" data-widget_type=\"jet-unfold.default\">\n\t\t\t\t<div class=\"elementor-widget-container\">\n\t\t\t\t\t\t\t<div class=\"jet-unfold \" data-settings=\"{&quot;height&quot;:{&quot;size&quot;:1,&quot;unit&quot;:&quot;px&quot;},&quot;separatorHeight&quot;:{&quot;unit&quot;:&quot;px&quot;,&quot;size&quot;:0,&quot;sizes&quot;:[]},&quot;heightControlType&quot;:&quot;height&quot;,&quot;wordCount&quot;:20,&quot;unfoldDuration&quot;:{&quot;unit&quot;:&quot;ms&quot;,&quot;size&quot;:500,&quot;sizes&quot;:[]},&quot;foldDuration&quot;:{&quot;unit&quot;:&quot;ms&quot;,&quot;size&quot;:300,&quot;sizes&quot;:[]},&quot;unfoldEasing&quot;:&quot;easeOutCirc&quot;,&quot;foldEasing&quot;:&quot;easeInOutSine&quot;,&quot;foldScrolling&quot;:&quot;true&quot;,&quot;hideOutsideClick&quot;:&quot;&quot;,&quot;autoHide&quot;:&quot;false&quot;,&quot;autoHideTime&quot;:&quot;&quot;,&quot;foldScrollOffset&quot;:{&quot;unit&quot;:&quot;px&quot;,&quot;size&quot;:146,&quot;sizes&quot;:[]},&quot;separatorType&quot;:&quot;div&quot;}\">\r\n\t\t\t<div class=\"jet-unfold__inner\">\r\n\t\t\t\t<div class=\"jet-unfold__mask\" style=\"height:1px\">\r\n\t\t\t\t\t<div class=\"jet-unfold__content\">\r\n\t\t\t\t\t\t<div class=\"jet-unfold__content-inner elementor-text-editor elementor-clearfix\"><p>Lorena de la Mora. Especialista en Medicina Interna en el Hospital Cl\u00ednic de Barcelona. Al finalizar la residencia se especializ\u00f3 en Enfermedades Infecciosas, espec\u00edficamente en pacientes con infecci\u00f3n por VIH (Unidad de VIH, Hospital Cl\u00ednic de Barcelona).<br \/>\nDoctorada en 2023 por la Universidad de Barcelona.<br \/>\nPrincipales l\u00edneas de investigaci\u00f3n: chemsex y personas transg\u00e9nero.<br \/>\nLa Dra. de la Mora es Profesora Asociada en la Universidad de Barcelona (Medicina). Tutora de residentes y coordinadora de docencia del servicio de Infecciones del Hospital Cl\u00ednic de Barcelona.<\/p>\n<\/div>\r\n\t\t\t\t\t<\/div>\r\n\t\t\t\t\t\t\t\t\t\t<div class=\"jet-unfold__separator\"><\/div>\r\n\t\t\t\t\t\t\t\t\t<\/div>\r\n\t\t\t\t<div class=\"jet-unfold__trigger\"><div class=\"jet-unfold__button elementor-button elementor-size-md\" href=\"#\" data-unfold-text=\"Leer m\u00e1s\" data-fold-text=\"Leer menos\" data-fold-icon=\"\" data-unfold-icon=\"\" tabindex=\"0\" role=\"button\"><span class=\"jet-unfold__button-icon jet-tricks-icon\"><\/span><span class=\"jet-unfold__button-text\">Leer m\u00e1s<\/span><\/div>\t\t\t\t<\/div>\r\n\t\t\t<\/div>\r\n\t\t<\/div>\r\n\t\t\t\t\t\t<\/div>\n\t\t\t\t<\/div>\n\t\t\t\t<\/div>\n\t\t\t\t\t<\/div>\n\t\t\t\t<\/div>\n\t\t\t\t<\/div>\n\t\t<\/div><div class=\"jet-listing-grid__item jet-listing-dynamic-post-14277\" data-post-id=\"14277\"  >\t\t<div data-elementor-type=\"jet-listing-items\" data-elementor-id=\"3702\" class=\"elementor elementor-3702 elementor-2151 elementor-2151 elementor-2151\" data-elementor-post-type=\"jet-engine\">\n\t\t\t\t<div class=\"elementor-element elementor-element-2f9c5d7 e-flex e-con-boxed e-con e-parent\" data-id=\"2f9c5d7\" data-element_type=\"container\" data-e-type=\"container\" data-settings=\"{&quot;background_background&quot;:&quot;classic&quot;}\">\n\t\t\t\t\t<div class=\"e-con-inner\">\n\t\t<div class=\"elementor-element elementor-element-be21927 e-con-full e-flex e-con e-child\" data-id=\"be21927\" data-element_type=\"container\" data-e-type=\"container\">\n\t\t\t\t<div class=\"elementor-element elementor-element-793ff8d tu-clase-imagen  elementor-widget elementor-widget-image\" data-id=\"793ff8d\" data-element_type=\"widget\" data-e-type=\"widget\" data-widget_type=\"image.default\">\n\t\t\t\t<div class=\"elementor-widget-container\">\n\t\t\t\t\t\t\t\t\t\t\t\t\t\t\t\t<a href=\"https:\/\/neuropsychiatry-hiv.com\/es\/ponentes\/falgas-neus-m-d\/\">\n\t\t\t\t\t\t\t<img loading=\"lazy\" decoding=\"async\" width=\"300\" height=\"200\" src=\"https:\/\/neuropsychiatry-hiv.com\/wp-content\/uploads\/2026\/01\/Neus-Falgas_DSC9311-300x200.jpg\" class=\"attachment-medium size-medium wp-image-14615\" alt=\"\" srcset=\"https:\/\/neuropsychiatry-hiv.com\/wp-content\/uploads\/2026\/01\/Neus-Falgas_DSC9311-300x200.jpg 300w, https:\/\/neuropsychiatry-hiv.com\/wp-content\/uploads\/2026\/01\/Neus-Falgas_DSC9311-1024x683.jpg 1024w, https:\/\/neuropsychiatry-hiv.com\/wp-content\/uploads\/2026\/01\/Neus-Falgas_DSC9311-768x512.jpg 768w, https:\/\/neuropsychiatry-hiv.com\/wp-content\/uploads\/2026\/01\/Neus-Falgas_DSC9311-600x400.jpg 600w, https:\/\/neuropsychiatry-hiv.com\/wp-content\/uploads\/2026\/01\/Neus-Falgas_DSC9311.jpg 1048w\" sizes=\"(max-width: 300px) 100vw, 300px\" \/>\t\t\t\t\t\t\t\t<\/a>\n\t\t\t\t\t\t\t\t\t\t\t\t\t\t\t<\/div>\n\t\t\t\t<\/div>\n\t\t\t\t<\/div>\n\t\t<div class=\"elementor-element elementor-element-d2d43fe e-con-full e-flex e-con e-child\" data-id=\"d2d43fe\" data-element_type=\"container\" data-e-type=\"container\">\n\t\t\t\t<div class=\"elementor-element elementor-element-a7c1472 elementor-widget elementor-widget-heading\" data-id=\"a7c1472\" data-element_type=\"widget\" data-e-type=\"widget\" data-widget_type=\"heading.default\">\n\t\t\t\t<div class=\"elementor-widget-container\">\n\t\t\t\t\t<h2 class=\"elementor-heading-title elementor-size-default\"><a href=\"https:\/\/neuropsychiatry-hiv.com\/es\/ponentes\/falgas-neus-m-d\/\">Neus Falg\u00e0s, M.D., Ph.D.<\/a><\/h2>\t\t\t\t<\/div>\n\t\t\t\t<\/div>\n\t\t\t\t<div class=\"elementor-element elementor-element-2527139 elementor-widget-divider--view-line elementor-widget elementor-widget-divider\" data-id=\"2527139\" data-element_type=\"widget\" data-e-type=\"widget\" data-widget_type=\"divider.default\">\n\t\t\t\t<div class=\"elementor-widget-container\">\n\t\t\t\t\t\t\t<div class=\"elementor-divider\">\n\t\t\t<span class=\"elementor-divider-separator\">\n\t\t\t\t\t\t<\/span>\n\t\t<\/div>\n\t\t\t\t\t\t<\/div>\n\t\t\t\t<\/div>\n\t\t\t\t<div class=\"elementor-element elementor-element-89789d4 elementor-widget elementor-widget-text-editor\" data-id=\"89789d4\" data-element_type=\"widget\" data-e-type=\"widget\" data-widget_type=\"text-editor.default\">\n\t\t\t\t<div class=\"elementor-widget-container\">\n\t\t\t\t\t\t\t\t\t<p>Servicio de Neurolog\u00eda. Hospital Universitario Cl\u00ednic. Barcelona, Espa\u00f1a.<\/p>\n\t\t\t\t\t\t\t\t<\/div>\n\t\t\t\t<\/div>\n\t\t\t\t<div class=\"elementor-element elementor-element-2e83a62 elementor-widget elementor-widget-jet-unfold\" data-id=\"2e83a62\" data-element_type=\"widget\" data-e-type=\"widget\" data-settings=\"{&quot;mask_height&quot;:{&quot;unit&quot;:&quot;px&quot;,&quot;size&quot;:1,&quot;sizes&quot;:[]},&quot;unfold_easing&quot;:&quot;easeOutCirc&quot;,&quot;fold_easing&quot;:&quot;easeInOutSine&quot;,&quot;mask_height_mobile&quot;:{&quot;unit&quot;:&quot;px&quot;,&quot;size&quot;:2,&quot;sizes&quot;:[]},&quot;mask_height_tablet&quot;:{&quot;unit&quot;:&quot;px&quot;,&quot;size&quot;:&quot;&quot;,&quot;sizes&quot;:[]},&quot;unfold_duration&quot;:{&quot;unit&quot;:&quot;ms&quot;,&quot;size&quot;:500,&quot;sizes&quot;:[]},&quot;fold_duration&quot;:{&quot;unit&quot;:&quot;ms&quot;,&quot;size&quot;:300,&quot;sizes&quot;:[]}}\" data-widget_type=\"jet-unfold.default\">\n\t\t\t\t<div class=\"elementor-widget-container\">\n\t\t\t\t\t\t\t<div class=\"jet-unfold \" data-settings=\"{&quot;height&quot;:{&quot;size&quot;:1,&quot;unit&quot;:&quot;px&quot;},&quot;separatorHeight&quot;:{&quot;unit&quot;:&quot;px&quot;,&quot;size&quot;:0,&quot;sizes&quot;:[]},&quot;heightControlType&quot;:&quot;height&quot;,&quot;wordCount&quot;:20,&quot;unfoldDuration&quot;:{&quot;unit&quot;:&quot;ms&quot;,&quot;size&quot;:500,&quot;sizes&quot;:[]},&quot;foldDuration&quot;:{&quot;unit&quot;:&quot;ms&quot;,&quot;size&quot;:300,&quot;sizes&quot;:[]},&quot;unfoldEasing&quot;:&quot;easeOutCirc&quot;,&quot;foldEasing&quot;:&quot;easeInOutSine&quot;,&quot;foldScrolling&quot;:&quot;true&quot;,&quot;hideOutsideClick&quot;:&quot;&quot;,&quot;autoHide&quot;:&quot;false&quot;,&quot;autoHideTime&quot;:&quot;&quot;,&quot;foldScrollOffset&quot;:{&quot;unit&quot;:&quot;px&quot;,&quot;size&quot;:146,&quot;sizes&quot;:[]},&quot;separatorType&quot;:&quot;div&quot;}\">\r\n\t\t\t<div class=\"jet-unfold__inner\">\r\n\t\t\t\t<div class=\"jet-unfold__mask\" style=\"height:1px\">\r\n\t\t\t\t\t<div class=\"jet-unfold__content\">\r\n\t\t\t\t\t\t<div class=\"jet-unfold__content-inner elementor-text-editor elementor-clearfix\"><p>La Dra. Neus Falg\u00e0s es neur\u00f3loga en el Hospital Cl\u00ednic de Barcelona, donde trabaja en la Unidad de Enfermedad de Alzheimer y Otros Trastornos Cognitivos. Complet\u00f3 su residencia en neurolog\u00eda en el Hospital Cl\u00ednic (2016) y obtuvo su doctorado en la Universidad de Barcelona con una tesis sobre la enfermedad de Alzheimer de inicio temprano, que fue premiada por la Sociedad Espa\u00f1ola de Neurolog\u00eda. La Dra. Falg\u00e0s continu\u00f3 su formaci\u00f3n como becaria posdoctoral en la Universidad de California, San Francisco (2019-2021), centr\u00e1ndose en las alteraciones del sue\u00f1o-vigilia en las enfermedades neurodegenerativas. Su investigaci\u00f3n se centra en mejorar el diagn\u00f3stico precoz y la comprensi\u00f3n de los s\u00edntomas neuropsiqui\u00e1tricos y relacionados con el sue\u00f1o en la enfermedad de Alzheimer, integrando la experiencia cl\u00ednica con la investigaci\u00f3n traslacional. Tambi\u00e9n tiene un m\u00e1ster en Gesti\u00f3n Sanitaria y Dise\u00f1o de Investigaci\u00f3n y desempe\u00f1a funciones de liderazgo en grupos de neurolog\u00eda nacionales e internacionales.<\/p>\n<\/div>\r\n\t\t\t\t\t<\/div>\r\n\t\t\t\t\t\t\t\t\t\t<div class=\"jet-unfold__separator\"><\/div>\r\n\t\t\t\t\t\t\t\t\t<\/div>\r\n\t\t\t\t<div class=\"jet-unfold__trigger\"><div class=\"jet-unfold__button elementor-button elementor-size-md\" href=\"#\" data-unfold-text=\"Leer m\u00e1s\" data-fold-text=\"Leer menos\" data-fold-icon=\"\" data-unfold-icon=\"\" tabindex=\"0\" role=\"button\"><span class=\"jet-unfold__button-icon jet-tricks-icon\"><\/span><span class=\"jet-unfold__button-text\">Leer m\u00e1s<\/span><\/div>\t\t\t\t<\/div>\r\n\t\t\t<\/div>\r\n\t\t<\/div>\r\n\t\t\t\t\t\t<\/div>\n\t\t\t\t<\/div>\n\t\t\t\t<\/div>\n\t\t\t\t\t<\/div>\n\t\t\t\t<\/div>\n\t\t\t\t<\/div>\n\t\t<\/div><div class=\"jet-listing-grid__item jet-listing-dynamic-post-14184\" data-post-id=\"14184\"  >\t\t<div data-elementor-type=\"jet-listing-items\" data-elementor-id=\"3702\" class=\"elementor elementor-3702 elementor-2151 elementor-2151 elementor-2151\" data-elementor-post-type=\"jet-engine\">\n\t\t\t\t<div class=\"elementor-element elementor-element-2f9c5d7 e-flex e-con-boxed e-con e-parent\" data-id=\"2f9c5d7\" data-element_type=\"container\" data-e-type=\"container\" data-settings=\"{&quot;background_background&quot;:&quot;classic&quot;}\">\n\t\t\t\t\t<div class=\"e-con-inner\">\n\t\t<div class=\"elementor-element elementor-element-be21927 e-con-full e-flex e-con e-child\" data-id=\"be21927\" data-element_type=\"container\" data-e-type=\"container\">\n\t\t\t\t<div class=\"elementor-element elementor-element-793ff8d tu-clase-imagen  elementor-widget elementor-widget-image\" data-id=\"793ff8d\" data-element_type=\"widget\" data-e-type=\"widget\" data-widget_type=\"image.default\">\n\t\t\t\t<div class=\"elementor-widget-container\">\n\t\t\t\t\t\t\t\t\t\t\t\t\t\t\t\t<a href=\"https:\/\/neuropsychiatry-hiv.com\/es\/ponentes\/fernandez-sola-joaquim-m-d\/\">\n\t\t\t\t\t\t\t<img loading=\"lazy\" decoding=\"async\" width=\"93\" height=\"142\" src=\"https:\/\/neuropsychiatry-hiv.com\/wp-content\/uploads\/2025\/12\/FOTOQUIM-e1768736822870.jpg\" class=\"attachment-medium size-medium wp-image-14280\" alt=\"\" \/>\t\t\t\t\t\t\t\t<\/a>\n\t\t\t\t\t\t\t\t\t\t\t\t\t\t\t<\/div>\n\t\t\t\t<\/div>\n\t\t\t\t<\/div>\n\t\t<div class=\"elementor-element elementor-element-d2d43fe e-con-full e-flex e-con e-child\" data-id=\"d2d43fe\" data-element_type=\"container\" data-e-type=\"container\">\n\t\t\t\t<div class=\"elementor-element elementor-element-a7c1472 elementor-widget elementor-widget-heading\" data-id=\"a7c1472\" data-element_type=\"widget\" data-e-type=\"widget\" data-widget_type=\"heading.default\">\n\t\t\t\t<div class=\"elementor-widget-container\">\n\t\t\t\t\t<h2 class=\"elementor-heading-title elementor-size-default\"><a href=\"https:\/\/neuropsychiatry-hiv.com\/es\/ponentes\/fernandez-sola-joaquim-m-d\/\">Joaquim Fern\u00e1ndez-Sol\u00e0, M.D.<\/a><\/h2>\t\t\t\t<\/div>\n\t\t\t\t<\/div>\n\t\t\t\t<div class=\"elementor-element elementor-element-2527139 elementor-widget-divider--view-line elementor-widget elementor-widget-divider\" data-id=\"2527139\" data-element_type=\"widget\" data-e-type=\"widget\" data-widget_type=\"divider.default\">\n\t\t\t\t<div class=\"elementor-widget-container\">\n\t\t\t\t\t\t\t<div class=\"elementor-divider\">\n\t\t\t<span class=\"elementor-divider-separator\">\n\t\t\t\t\t\t<\/span>\n\t\t<\/div>\n\t\t\t\t\t\t<\/div>\n\t\t\t\t<\/div>\n\t\t\t\t<div class=\"elementor-element elementor-element-89789d4 elementor-widget elementor-widget-text-editor\" data-id=\"89789d4\" data-element_type=\"widget\" data-e-type=\"widget\" data-widget_type=\"text-editor.default\">\n\t\t\t\t<div class=\"elementor-widget-container\">\n\t\t\t\t\t\t\t\t\t<p>Unidad Central de Sensibilidad. Hospital Universitario Cl\u00ednic. Barcelona, Espa\u00f1a<\/p>\n\t\t\t\t\t\t\t\t<\/div>\n\t\t\t\t<\/div>\n\t\t\t\t<div class=\"elementor-element elementor-element-2e83a62 elementor-widget elementor-widget-jet-unfold\" data-id=\"2e83a62\" data-element_type=\"widget\" data-e-type=\"widget\" data-settings=\"{&quot;mask_height&quot;:{&quot;unit&quot;:&quot;px&quot;,&quot;size&quot;:1,&quot;sizes&quot;:[]},&quot;unfold_easing&quot;:&quot;easeOutCirc&quot;,&quot;fold_easing&quot;:&quot;easeInOutSine&quot;,&quot;mask_height_mobile&quot;:{&quot;unit&quot;:&quot;px&quot;,&quot;size&quot;:2,&quot;sizes&quot;:[]},&quot;mask_height_tablet&quot;:{&quot;unit&quot;:&quot;px&quot;,&quot;size&quot;:&quot;&quot;,&quot;sizes&quot;:[]},&quot;unfold_duration&quot;:{&quot;unit&quot;:&quot;ms&quot;,&quot;size&quot;:500,&quot;sizes&quot;:[]},&quot;fold_duration&quot;:{&quot;unit&quot;:&quot;ms&quot;,&quot;size&quot;:300,&quot;sizes&quot;:[]}}\" data-widget_type=\"jet-unfold.default\">\n\t\t\t\t<div class=\"elementor-widget-container\">\n\t\t\t\t\t\t\t<div class=\"jet-unfold \" data-settings=\"{&quot;height&quot;:{&quot;size&quot;:1,&quot;unit&quot;:&quot;px&quot;},&quot;separatorHeight&quot;:{&quot;unit&quot;:&quot;px&quot;,&quot;size&quot;:0,&quot;sizes&quot;:[]},&quot;heightControlType&quot;:&quot;height&quot;,&quot;wordCount&quot;:20,&quot;unfoldDuration&quot;:{&quot;unit&quot;:&quot;ms&quot;,&quot;size&quot;:500,&quot;sizes&quot;:[]},&quot;foldDuration&quot;:{&quot;unit&quot;:&quot;ms&quot;,&quot;size&quot;:300,&quot;sizes&quot;:[]},&quot;unfoldEasing&quot;:&quot;easeOutCirc&quot;,&quot;foldEasing&quot;:&quot;easeInOutSine&quot;,&quot;foldScrolling&quot;:&quot;true&quot;,&quot;hideOutsideClick&quot;:&quot;&quot;,&quot;autoHide&quot;:&quot;false&quot;,&quot;autoHideTime&quot;:&quot;&quot;,&quot;foldScrollOffset&quot;:{&quot;unit&quot;:&quot;px&quot;,&quot;size&quot;:146,&quot;sizes&quot;:[]},&quot;separatorType&quot;:&quot;div&quot;}\">\r\n\t\t\t<div class=\"jet-unfold__inner\">\r\n\t\t\t\t<div class=\"jet-unfold__mask\" style=\"height:1px\">\r\n\t\t\t\t\t<div class=\"jet-unfold__content\">\r\n\t\t\t\t\t\t<div class=\"jet-unfold__content-inner elementor-text-editor elementor-clearfix\"><p>Joaquim Fern\u00e1ndez-Sol\u00e0, doctor en medicina, 68 a\u00f1os. Catedr\u00e1tico de Medicina Interna de la Universidad de Barcelona, consultor s\u00e9nior de Medicina Interna en el Hospital Cl\u00ednic de Barcelona (Espa\u00f1a). Jefe de la Unidad Central de Sensibilidad, CATSALUT, Generalitat de Catalunya. Investigador s\u00e9nior en Neurociencias en el IDIBAPS. Miembro de la Academia de Ciencias M\u00e9dicas de Catalu\u00f1a y Baleares. M\u00e1ster en Salud y Servicios Sociales. 176 publicaciones cient\u00edficas. \u00cdndice H &gt; 46. \u00cdndice de citas &gt; 7000.<\/p>\n<p>&nbsp;<\/p>\n<\/div>\r\n\t\t\t\t\t<\/div>\r\n\t\t\t\t\t\t\t\t\t\t<div class=\"jet-unfold__separator\"><\/div>\r\n\t\t\t\t\t\t\t\t\t<\/div>\r\n\t\t\t\t<div class=\"jet-unfold__trigger\"><div class=\"jet-unfold__button elementor-button elementor-size-md\" href=\"#\" data-unfold-text=\"Leer m\u00e1s\" data-fold-text=\"Leer menos\" data-fold-icon=\"\" data-unfold-icon=\"\" tabindex=\"0\" role=\"button\"><span class=\"jet-unfold__button-icon jet-tricks-icon\"><\/span><span class=\"jet-unfold__button-text\">Leer m\u00e1s<\/span><\/div>\t\t\t\t<\/div>\r\n\t\t\t<\/div>\r\n\t\t<\/div>\r\n\t\t\t\t\t\t<\/div>\n\t\t\t\t<\/div>\n\t\t\t\t<\/div>\n\t\t\t\t\t<\/div>\n\t\t\t\t<\/div>\n\t\t\t\t<\/div>\n\t\t<\/div><div class=\"jet-listing-grid__item jet-listing-dynamic-post-14982\" data-post-id=\"14982\"  >\t\t<div data-elementor-type=\"jet-listing-items\" data-elementor-id=\"3702\" class=\"elementor elementor-3702 elementor-2151 elementor-2151 elementor-2151\" data-elementor-post-type=\"jet-engine\">\n\t\t\t\t<div class=\"elementor-element elementor-element-2f9c5d7 e-flex e-con-boxed e-con e-parent\" data-id=\"2f9c5d7\" data-element_type=\"container\" data-e-type=\"container\" data-settings=\"{&quot;background_background&quot;:&quot;classic&quot;}\">\n\t\t\t\t\t<div class=\"e-con-inner\">\n\t\t<div class=\"elementor-element elementor-element-be21927 e-con-full e-flex e-con e-child\" data-id=\"be21927\" data-element_type=\"container\" data-e-type=\"container\">\n\t\t\t\t<div class=\"elementor-element elementor-element-793ff8d tu-clase-imagen  elementor-widget elementor-widget-image\" data-id=\"793ff8d\" data-element_type=\"widget\" data-e-type=\"widget\" data-widget_type=\"image.default\">\n\t\t\t\t<div class=\"elementor-widget-container\">\n\t\t\t\t\t\t\t\t\t\t\t\t\t\t\t\t<a href=\"https:\/\/neuropsychiatry-hiv.com\/es\/ponentes\/gutierrez-larraya-sergi-a\/\">\n\t\t\t\t\t\t\t<img loading=\"lazy\" decoding=\"async\" width=\"300\" height=\"200\" src=\"https:\/\/neuropsychiatry-hiv.com\/wp-content\/uploads\/2024\/03\/placeholder-3-300x200.png\" class=\"attachment-medium size-medium wp-image-8324\" alt=\"\" srcset=\"https:\/\/neuropsychiatry-hiv.com\/wp-content\/uploads\/2024\/03\/placeholder-3-300x200.png 300w, https:\/\/neuropsychiatry-hiv.com\/wp-content\/uploads\/2024\/03\/placeholder-3-1024x683.png 1024w, https:\/\/neuropsychiatry-hiv.com\/wp-content\/uploads\/2024\/03\/placeholder-3-768x512.png 768w, https:\/\/neuropsychiatry-hiv.com\/wp-content\/uploads\/2024\/03\/placeholder-3-600x400.png 600w, https:\/\/neuropsychiatry-hiv.com\/wp-content\/uploads\/2024\/03\/placeholder-3.png 1200w\" sizes=\"(max-width: 300px) 100vw, 300px\" \/>\t\t\t\t\t\t\t\t<\/a>\n\t\t\t\t\t\t\t\t\t\t\t\t\t\t\t<\/div>\n\t\t\t\t<\/div>\n\t\t\t\t<\/div>\n\t\t<div class=\"elementor-element elementor-element-d2d43fe e-con-full e-flex e-con e-child\" data-id=\"d2d43fe\" data-element_type=\"container\" data-e-type=\"container\">\n\t\t\t\t<div class=\"elementor-element elementor-element-a7c1472 elementor-widget elementor-widget-heading\" data-id=\"a7c1472\" data-element_type=\"widget\" data-e-type=\"widget\" data-widget_type=\"heading.default\">\n\t\t\t\t<div class=\"elementor-widget-container\">\n\t\t\t\t\t<h2 class=\"elementor-heading-title elementor-size-default\"><a href=\"https:\/\/neuropsychiatry-hiv.com\/es\/ponentes\/gutierrez-larraya-sergi-a\/\">Sergi A. Guti\u00e9rrez Larraya, M.D.<\/a><\/h2>\t\t\t\t<\/div>\n\t\t\t\t<\/div>\n\t\t\t\t<div class=\"elementor-element elementor-element-2527139 elementor-widget-divider--view-line elementor-widget elementor-widget-divider\" data-id=\"2527139\" data-element_type=\"widget\" data-e-type=\"widget\" data-widget_type=\"divider.default\">\n\t\t\t\t<div class=\"elementor-widget-container\">\n\t\t\t\t\t\t\t<div class=\"elementor-divider\">\n\t\t\t<span class=\"elementor-divider-separator\">\n\t\t\t\t\t\t<\/span>\n\t\t<\/div>\n\t\t\t\t\t\t<\/div>\n\t\t\t\t<\/div>\n\t\t\t\t<div class=\"elementor-element elementor-element-89789d4 elementor-widget elementor-widget-text-editor\" data-id=\"89789d4\" data-element_type=\"widget\" data-e-type=\"widget\" data-widget_type=\"text-editor.default\">\n\t\t\t\t<div class=\"elementor-widget-container\">\n\t\t\t\t\t\t\t\t\t<p>M\u00e9dico Residente de segundo a\u00f1o en Psiquiatr\u00eda Infantil y de Adolescencia.<\/p>\n\t\t\t\t\t\t\t\t<\/div>\n\t\t\t\t<\/div>\n\t\t\t\t<div class=\"elementor-element elementor-element-2e83a62 elementor-widget elementor-widget-jet-unfold\" data-id=\"2e83a62\" data-element_type=\"widget\" data-e-type=\"widget\" data-settings=\"{&quot;mask_height&quot;:{&quot;unit&quot;:&quot;px&quot;,&quot;size&quot;:1,&quot;sizes&quot;:[]},&quot;unfold_easing&quot;:&quot;easeOutCirc&quot;,&quot;fold_easing&quot;:&quot;easeInOutSine&quot;,&quot;mask_height_mobile&quot;:{&quot;unit&quot;:&quot;px&quot;,&quot;size&quot;:2,&quot;sizes&quot;:[]},&quot;mask_height_tablet&quot;:{&quot;unit&quot;:&quot;px&quot;,&quot;size&quot;:&quot;&quot;,&quot;sizes&quot;:[]},&quot;unfold_duration&quot;:{&quot;unit&quot;:&quot;ms&quot;,&quot;size&quot;:500,&quot;sizes&quot;:[]},&quot;fold_duration&quot;:{&quot;unit&quot;:&quot;ms&quot;,&quot;size&quot;:300,&quot;sizes&quot;:[]}}\" data-widget_type=\"jet-unfold.default\">\n\t\t\t\t<div class=\"elementor-widget-container\">\n\t\t\t\t\t\t\t<div class=\"jet-unfold \" data-settings=\"{&quot;height&quot;:{&quot;size&quot;:1,&quot;unit&quot;:&quot;px&quot;},&quot;separatorHeight&quot;:{&quot;unit&quot;:&quot;px&quot;,&quot;size&quot;:0,&quot;sizes&quot;:[]},&quot;heightControlType&quot;:&quot;height&quot;,&quot;wordCount&quot;:20,&quot;unfoldDuration&quot;:{&quot;unit&quot;:&quot;ms&quot;,&quot;size&quot;:500,&quot;sizes&quot;:[]},&quot;foldDuration&quot;:{&quot;unit&quot;:&quot;ms&quot;,&quot;size&quot;:300,&quot;sizes&quot;:[]},&quot;unfoldEasing&quot;:&quot;easeOutCirc&quot;,&quot;foldEasing&quot;:&quot;easeInOutSine&quot;,&quot;foldScrolling&quot;:&quot;true&quot;,&quot;hideOutsideClick&quot;:&quot;&quot;,&quot;autoHide&quot;:&quot;false&quot;,&quot;autoHideTime&quot;:&quot;&quot;,&quot;foldScrollOffset&quot;:{&quot;unit&quot;:&quot;px&quot;,&quot;size&quot;:146,&quot;sizes&quot;:[]},&quot;separatorType&quot;:&quot;div&quot;}\">\r\n\t\t\t<div class=\"jet-unfold__inner\">\r\n\t\t\t\t<div class=\"jet-unfold__mask\" style=\"height:1px\">\r\n\t\t\t\t\t<div class=\"jet-unfold__content\">\r\n\t\t\t\t\t\t<div class=\"jet-unfold__content-inner elementor-text-editor elementor-clearfix\"><p>Sergi es M\u00e9dico Residente de segundo a\u00f1o en Psiquiatr\u00eda Infantil y de Adolescencia. Departamento Psiquiatr\u00eda Infantil y Juvenil. Instituto Neurociencias, Hospital Cl\u00ednic de Barcelona.<br \/>\nGrupo de investigaci\u00f3n en Neuroimagen multimodal en psicosis de inicio reciente y de alto riesgo. N\u00famero ORCID 0009-0002-5151-3642.<\/p>\n<\/div>\r\n\t\t\t\t\t<\/div>\r\n\t\t\t\t\t\t\t\t\t\t<div class=\"jet-unfold__separator\"><\/div>\r\n\t\t\t\t\t\t\t\t\t<\/div>\r\n\t\t\t\t<div class=\"jet-unfold__trigger\"><div class=\"jet-unfold__button elementor-button elementor-size-md\" href=\"#\" data-unfold-text=\"Leer m\u00e1s\" data-fold-text=\"Leer menos\" data-fold-icon=\"\" data-unfold-icon=\"\" tabindex=\"0\" role=\"button\"><span class=\"jet-unfold__button-icon jet-tricks-icon\"><\/span><span class=\"jet-unfold__button-text\">Leer m\u00e1s<\/span><\/div>\t\t\t\t<\/div>\r\n\t\t\t<\/div>\r\n\t\t<\/div>\r\n\t\t\t\t\t\t<\/div>\n\t\t\t\t<\/div>\n\t\t\t\t<\/div>\n\t\t\t\t\t<\/div>\n\t\t\t\t<\/div>\n\t\t\t\t<\/div>\n\t\t<\/div><div class=\"jet-listing-grid__item jet-listing-dynamic-post-14797\" data-post-id=\"14797\"  >\t\t<div data-elementor-type=\"jet-listing-items\" data-elementor-id=\"3702\" class=\"elementor elementor-3702 elementor-2151 elementor-2151 elementor-2151\" data-elementor-post-type=\"jet-engine\">\n\t\t\t\t<div class=\"elementor-element elementor-element-2f9c5d7 e-flex e-con-boxed e-con e-parent\" data-id=\"2f9c5d7\" data-element_type=\"container\" data-e-type=\"container\" data-settings=\"{&quot;background_background&quot;:&quot;classic&quot;}\">\n\t\t\t\t\t<div class=\"e-con-inner\">\n\t\t<div class=\"elementor-element elementor-element-be21927 e-con-full e-flex e-con e-child\" data-id=\"be21927\" data-element_type=\"container\" data-e-type=\"container\">\n\t\t\t\t<div class=\"elementor-element elementor-element-793ff8d tu-clase-imagen  elementor-widget elementor-widget-image\" data-id=\"793ff8d\" data-element_type=\"widget\" data-e-type=\"widget\" data-widget_type=\"image.default\">\n\t\t\t\t<div class=\"elementor-widget-container\">\n\t\t\t\t\t\t\t\t\t\t\t\t\t\t\t\t<a href=\"https:\/\/neuropsychiatry-hiv.com\/es\/ponentes\/inciarte-alexy-m-d\/\">\n\t\t\t\t\t\t\t<img loading=\"lazy\" decoding=\"async\" width=\"300\" height=\"292\" src=\"https:\/\/neuropsychiatry-hiv.com\/wp-content\/uploads\/2026\/04\/Foto-Carnet-300x292.jpg\" class=\"attachment-medium size-medium wp-image-14795\" alt=\"\" srcset=\"https:\/\/neuropsychiatry-hiv.com\/wp-content\/uploads\/2026\/04\/Foto-Carnet-300x292.jpg 300w, https:\/\/neuropsychiatry-hiv.com\/wp-content\/uploads\/2026\/04\/Foto-Carnet-1024x996.jpg 1024w, https:\/\/neuropsychiatry-hiv.com\/wp-content\/uploads\/2026\/04\/Foto-Carnet-768x747.jpg 768w, https:\/\/neuropsychiatry-hiv.com\/wp-content\/uploads\/2026\/04\/Foto-Carnet-1536x1494.jpg 1536w, https:\/\/neuropsychiatry-hiv.com\/wp-content\/uploads\/2026\/04\/Foto-Carnet-600x584.jpg 600w, https:\/\/neuropsychiatry-hiv.com\/wp-content\/uploads\/2026\/04\/Foto-Carnet.jpg 1577w\" sizes=\"(max-width: 300px) 100vw, 300px\" \/>\t\t\t\t\t\t\t\t<\/a>\n\t\t\t\t\t\t\t\t\t\t\t\t\t\t\t<\/div>\n\t\t\t\t<\/div>\n\t\t\t\t<\/div>\n\t\t<div class=\"elementor-element elementor-element-d2d43fe e-con-full e-flex e-con e-child\" data-id=\"d2d43fe\" data-element_type=\"container\" data-e-type=\"container\">\n\t\t\t\t<div class=\"elementor-element elementor-element-a7c1472 elementor-widget elementor-widget-heading\" data-id=\"a7c1472\" data-element_type=\"widget\" data-e-type=\"widget\" data-widget_type=\"heading.default\">\n\t\t\t\t<div class=\"elementor-widget-container\">\n\t\t\t\t\t<h2 class=\"elementor-heading-title elementor-size-default\"><a href=\"https:\/\/neuropsychiatry-hiv.com\/es\/ponentes\/inciarte-alexy-m-d\/\">Alexy Inciarte M.D.<\/a><\/h2>\t\t\t\t<\/div>\n\t\t\t\t<\/div>\n\t\t\t\t<div class=\"elementor-element elementor-element-2527139 elementor-widget-divider--view-line elementor-widget elementor-widget-divider\" data-id=\"2527139\" data-element_type=\"widget\" data-e-type=\"widget\" data-widget_type=\"divider.default\">\n\t\t\t\t<div class=\"elementor-widget-container\">\n\t\t\t\t\t\t\t<div class=\"elementor-divider\">\n\t\t\t<span class=\"elementor-divider-separator\">\n\t\t\t\t\t\t<\/span>\n\t\t<\/div>\n\t\t\t\t\t\t<\/div>\n\t\t\t\t<\/div>\n\t\t\t\t<div class=\"elementor-element elementor-element-89789d4 elementor-widget elementor-widget-text-editor\" data-id=\"89789d4\" data-element_type=\"widget\" data-e-type=\"widget\" data-widget_type=\"text-editor.default\">\n\t\t\t\t<div class=\"elementor-widget-container\">\n\t\t\t\t\t\t\t\t\t<p>Especialista en VIH. Unidad SIDA, Servicio de Enfermedades Infecciosas, Hospital Cl\u00ednic de Barcelona. Espa\u00f1a.<\/p>\n\t\t\t\t\t\t\t\t<\/div>\n\t\t\t\t<\/div>\n\t\t\t\t<div class=\"elementor-element elementor-element-2e83a62 elementor-widget elementor-widget-jet-unfold\" data-id=\"2e83a62\" data-element_type=\"widget\" data-e-type=\"widget\" data-settings=\"{&quot;mask_height&quot;:{&quot;unit&quot;:&quot;px&quot;,&quot;size&quot;:1,&quot;sizes&quot;:[]},&quot;unfold_easing&quot;:&quot;easeOutCirc&quot;,&quot;fold_easing&quot;:&quot;easeInOutSine&quot;,&quot;mask_height_mobile&quot;:{&quot;unit&quot;:&quot;px&quot;,&quot;size&quot;:2,&quot;sizes&quot;:[]},&quot;mask_height_tablet&quot;:{&quot;unit&quot;:&quot;px&quot;,&quot;size&quot;:&quot;&quot;,&quot;sizes&quot;:[]},&quot;unfold_duration&quot;:{&quot;unit&quot;:&quot;ms&quot;,&quot;size&quot;:500,&quot;sizes&quot;:[]},&quot;fold_duration&quot;:{&quot;unit&quot;:&quot;ms&quot;,&quot;size&quot;:300,&quot;sizes&quot;:[]}}\" data-widget_type=\"jet-unfold.default\">\n\t\t\t\t<div class=\"elementor-widget-container\">\n\t\t\t\t\t\t\t<div class=\"jet-unfold \" data-settings=\"{&quot;height&quot;:{&quot;size&quot;:1,&quot;unit&quot;:&quot;px&quot;},&quot;separatorHeight&quot;:{&quot;unit&quot;:&quot;px&quot;,&quot;size&quot;:0,&quot;sizes&quot;:[]},&quot;heightControlType&quot;:&quot;height&quot;,&quot;wordCount&quot;:20,&quot;unfoldDuration&quot;:{&quot;unit&quot;:&quot;ms&quot;,&quot;size&quot;:500,&quot;sizes&quot;:[]},&quot;foldDuration&quot;:{&quot;unit&quot;:&quot;ms&quot;,&quot;size&quot;:300,&quot;sizes&quot;:[]},&quot;unfoldEasing&quot;:&quot;easeOutCirc&quot;,&quot;foldEasing&quot;:&quot;easeInOutSine&quot;,&quot;foldScrolling&quot;:&quot;true&quot;,&quot;hideOutsideClick&quot;:&quot;&quot;,&quot;autoHide&quot;:&quot;false&quot;,&quot;autoHideTime&quot;:&quot;&quot;,&quot;foldScrollOffset&quot;:{&quot;unit&quot;:&quot;px&quot;,&quot;size&quot;:146,&quot;sizes&quot;:[]},&quot;separatorType&quot;:&quot;div&quot;}\">\r\n\t\t\t<div class=\"jet-unfold__inner\">\r\n\t\t\t\t<div class=\"jet-unfold__mask\" style=\"height:1px\">\r\n\t\t\t\t\t<div class=\"jet-unfold__content\">\r\n\t\t\t\t\t\t<div class=\"jet-unfold__content-inner elementor-text-editor elementor-clearfix\"><p>Dr. Alexy Inciarte, doctor en Medicina, es especialista de la Unidad de VIH\/SIDA y del Servicio de Enfermedades Infecciosas, y profesor adjunto de Medicina en la Universidad de Barcelona. Alexy Inciarte es autor de m\u00e1s de 80 art\u00edculos cient\u00edficos revisados por pares e indexados en PubMed. Es investigador principal de proyectos nacionales e internacionales en el \u00e1mbito de la infecci\u00f3n por el VIH y las infecciones relacionadas.<\/p>\n<\/div>\r\n\t\t\t\t\t<\/div>\r\n\t\t\t\t\t\t\t\t\t\t<div class=\"jet-unfold__separator\"><\/div>\r\n\t\t\t\t\t\t\t\t\t<\/div>\r\n\t\t\t\t<div class=\"jet-unfold__trigger\"><div class=\"jet-unfold__button elementor-button elementor-size-md\" href=\"#\" data-unfold-text=\"Leer m\u00e1s\" data-fold-text=\"Leer menos\" data-fold-icon=\"\" data-unfold-icon=\"\" tabindex=\"0\" role=\"button\"><span class=\"jet-unfold__button-icon jet-tricks-icon\"><\/span><span class=\"jet-unfold__button-text\">Leer m\u00e1s<\/span><\/div>\t\t\t\t<\/div>\r\n\t\t\t<\/div>\r\n\t\t<\/div>\r\n\t\t\t\t\t\t<\/div>\n\t\t\t\t<\/div>\n\t\t\t\t<\/div>\n\t\t\t\t\t<\/div>\n\t\t\t\t<\/div>\n\t\t\t\t<\/div>\n\t\t<\/div><div class=\"jet-listing-grid__item jet-listing-dynamic-post-4635\" data-post-id=\"4635\"  >\t\t<div data-elementor-type=\"jet-listing-items\" data-elementor-id=\"3702\" class=\"elementor elementor-3702 elementor-2151 elementor-2151 elementor-2151\" data-elementor-post-type=\"jet-engine\">\n\t\t\t\t<div class=\"elementor-element elementor-element-2f9c5d7 e-flex e-con-boxed e-con e-parent\" data-id=\"2f9c5d7\" data-element_type=\"container\" data-e-type=\"container\" data-settings=\"{&quot;background_background&quot;:&quot;classic&quot;}\">\n\t\t\t\t\t<div class=\"e-con-inner\">\n\t\t<div class=\"elementor-element elementor-element-be21927 e-con-full e-flex e-con e-child\" data-id=\"be21927\" data-element_type=\"container\" data-e-type=\"container\">\n\t\t\t\t<div class=\"elementor-element elementor-element-793ff8d tu-clase-imagen  elementor-widget elementor-widget-image\" data-id=\"793ff8d\" data-element_type=\"widget\" data-e-type=\"widget\" data-widget_type=\"image.default\">\n\t\t\t\t<div class=\"elementor-widget-container\">\n\t\t\t\t\t\t\t\t\t\t\t\t\t\t\t\t<a href=\"https:\/\/neuropsychiatry-hiv.com\/es\/ponentes\/joseph-sarah\/\">\n\t\t\t\t\t\t\t<img loading=\"lazy\" decoding=\"async\" width=\"300\" height=\"268\" src=\"https:\/\/neuropsychiatry-hiv.com\/wp-content\/uploads\/2024\/02\/JosephHeadshot-1-300x268.jpeg\" class=\"attachment-medium size-medium wp-image-14611\" alt=\"\" srcset=\"https:\/\/neuropsychiatry-hiv.com\/wp-content\/uploads\/2024\/02\/JosephHeadshot-1-300x268.jpeg 300w, https:\/\/neuropsychiatry-hiv.com\/wp-content\/uploads\/2024\/02\/JosephHeadshot-1-1024x915.jpeg 1024w, https:\/\/neuropsychiatry-hiv.com\/wp-content\/uploads\/2024\/02\/JosephHeadshot-1-768x686.jpeg 768w, https:\/\/neuropsychiatry-hiv.com\/wp-content\/uploads\/2024\/02\/JosephHeadshot-1-1536x1372.jpeg 1536w, https:\/\/neuropsychiatry-hiv.com\/wp-content\/uploads\/2024\/02\/JosephHeadshot-1-scaled.jpeg 1920w, https:\/\/neuropsychiatry-hiv.com\/wp-content\/uploads\/2024\/02\/JosephHeadshot-1-600x536.jpeg 600w\" sizes=\"(max-width: 300px) 100vw, 300px\" \/>\t\t\t\t\t\t\t\t<\/a>\n\t\t\t\t\t\t\t\t\t\t\t\t\t\t\t<\/div>\n\t\t\t\t<\/div>\n\t\t\t\t<\/div>\n\t\t<div class=\"elementor-element elementor-element-d2d43fe e-con-full e-flex e-con e-child\" data-id=\"d2d43fe\" data-element_type=\"container\" data-e-type=\"container\">\n\t\t\t\t<div class=\"elementor-element elementor-element-a7c1472 elementor-widget elementor-widget-heading\" data-id=\"a7c1472\" data-element_type=\"widget\" data-e-type=\"widget\" data-widget_type=\"heading.default\">\n\t\t\t\t<div class=\"elementor-widget-container\">\n\t\t\t\t\t<h2 class=\"elementor-heading-title elementor-size-default\"><a href=\"https:\/\/neuropsychiatry-hiv.com\/es\/ponentes\/joseph-sarah\/\">Sarah Joseph, M.D.<\/a><\/h2>\t\t\t\t<\/div>\n\t\t\t\t<\/div>\n\t\t\t\t<div class=\"elementor-element elementor-element-2527139 elementor-widget-divider--view-line elementor-widget elementor-widget-divider\" data-id=\"2527139\" data-element_type=\"widget\" data-e-type=\"widget\" data-widget_type=\"divider.default\">\n\t\t\t\t<div class=\"elementor-widget-container\">\n\t\t\t\t\t\t\t<div class=\"elementor-divider\">\n\t\t\t<span class=\"elementor-divider-separator\">\n\t\t\t\t\t\t<\/span>\n\t\t<\/div>\n\t\t\t\t\t\t<\/div>\n\t\t\t\t<\/div>\n\t\t\t\t<div class=\"elementor-element elementor-element-89789d4 elementor-widget elementor-widget-text-editor\" data-id=\"89789d4\" data-element_type=\"widget\" data-e-type=\"widget\" data-widget_type=\"text-editor.default\">\n\t\t\t\t<div class=\"elementor-widget-container\">\n\t\t\t\t\t\t\t\t\t<p>Departamentos de Microbiolog\u00eda e Inmunolog\u00eda, Centro para la Cura del VIH y el Centro Oncol\u00f3gico Integral Lineberger. Universidad de Carolina del Norte. Chapel Hill, Estados Unidos.<\/p>\n\t\t\t\t\t\t\t\t<\/div>\n\t\t\t\t<\/div>\n\t\t\t\t<div class=\"elementor-element elementor-element-2e83a62 elementor-widget elementor-widget-jet-unfold\" data-id=\"2e83a62\" data-element_type=\"widget\" data-e-type=\"widget\" data-settings=\"{&quot;mask_height&quot;:{&quot;unit&quot;:&quot;px&quot;,&quot;size&quot;:1,&quot;sizes&quot;:[]},&quot;unfold_easing&quot;:&quot;easeOutCirc&quot;,&quot;fold_easing&quot;:&quot;easeInOutSine&quot;,&quot;mask_height_mobile&quot;:{&quot;unit&quot;:&quot;px&quot;,&quot;size&quot;:2,&quot;sizes&quot;:[]},&quot;mask_height_tablet&quot;:{&quot;unit&quot;:&quot;px&quot;,&quot;size&quot;:&quot;&quot;,&quot;sizes&quot;:[]},&quot;unfold_duration&quot;:{&quot;unit&quot;:&quot;ms&quot;,&quot;size&quot;:500,&quot;sizes&quot;:[]},&quot;fold_duration&quot;:{&quot;unit&quot;:&quot;ms&quot;,&quot;size&quot;:300,&quot;sizes&quot;:[]}}\" data-widget_type=\"jet-unfold.default\">\n\t\t\t\t<div class=\"elementor-widget-container\">\n\t\t\t\t\t\t\t<div class=\"jet-unfold \" data-settings=\"{&quot;height&quot;:{&quot;size&quot;:1,&quot;unit&quot;:&quot;px&quot;},&quot;separatorHeight&quot;:{&quot;unit&quot;:&quot;px&quot;,&quot;size&quot;:0,&quot;sizes&quot;:[]},&quot;heightControlType&quot;:&quot;height&quot;,&quot;wordCount&quot;:20,&quot;unfoldDuration&quot;:{&quot;unit&quot;:&quot;ms&quot;,&quot;size&quot;:500,&quot;sizes&quot;:[]},&quot;foldDuration&quot;:{&quot;unit&quot;:&quot;ms&quot;,&quot;size&quot;:300,&quot;sizes&quot;:[]},&quot;unfoldEasing&quot;:&quot;easeOutCirc&quot;,&quot;foldEasing&quot;:&quot;easeInOutSine&quot;,&quot;foldScrolling&quot;:&quot;true&quot;,&quot;hideOutsideClick&quot;:&quot;&quot;,&quot;autoHide&quot;:&quot;false&quot;,&quot;autoHideTime&quot;:&quot;&quot;,&quot;foldScrollOffset&quot;:{&quot;unit&quot;:&quot;px&quot;,&quot;size&quot;:146,&quot;sizes&quot;:[]},&quot;separatorType&quot;:&quot;div&quot;}\">\r\n\t\t\t<div class=\"jet-unfold__inner\">\r\n\t\t\t\t<div class=\"jet-unfold__mask\" style=\"height:1px\">\r\n\t\t\t\t\t<div class=\"jet-unfold__content\">\r\n\t\t\t\t\t\t<div class=\"jet-unfold__content-inner elementor-text-editor elementor-clearfix\"><p>La Dra. Sarah Joseph es vir\u00f3loga y bi\u00f3loga evolutiva que estudia la evoluci\u00f3n del VIH-1 en el sistema nervioso central y el desarrollo de reservorios virales persistentes. Complet\u00f3 su doctorado en gen\u00e9tica evolutiva en la Universidad de Texas en Austin y actualmente es profesora adjunta en la Universidad de Carolina del Norte en Chapel Hill, donde ocupa cargos en el Departamento de Microbiolog\u00eda e Inmunolog\u00eda, el Centro para la Cura del VIH y el Centro Oncol\u00f3gico Integral Lineberger.<\/p>\n<\/div>\r\n\t\t\t\t\t<\/div>\r\n\t\t\t\t\t\t\t\t\t\t<div class=\"jet-unfold__separator\"><\/div>\r\n\t\t\t\t\t\t\t\t\t<\/div>\r\n\t\t\t\t<div class=\"jet-unfold__trigger\"><div class=\"jet-unfold__button elementor-button elementor-size-md\" href=\"#\" data-unfold-text=\"Leer m\u00e1s\" data-fold-text=\"Leer menos\" data-fold-icon=\"\" data-unfold-icon=\"\" tabindex=\"0\" role=\"button\"><span class=\"jet-unfold__button-icon jet-tricks-icon\"><\/span><span class=\"jet-unfold__button-text\">Leer m\u00e1s<\/span><\/div>\t\t\t\t<\/div>\r\n\t\t\t<\/div>\r\n\t\t<\/div>\r\n\t\t\t\t\t\t<\/div>\n\t\t\t\t<\/div>\n\t\t\t\t<\/div>\n\t\t\t\t\t<\/div>\n\t\t\t\t<\/div>\n\t\t\t\t<\/div>\n\t\t<\/div><div class=\"jet-listing-grid__item jet-listing-dynamic-post-3674\" data-post-id=\"3674\"  >\t\t<div data-elementor-type=\"jet-listing-items\" data-elementor-id=\"3702\" class=\"elementor elementor-3702 elementor-2151 elementor-2151 elementor-2151\" data-elementor-post-type=\"jet-engine\">\n\t\t\t\t<div class=\"elementor-element elementor-element-2f9c5d7 e-flex e-con-boxed e-con e-parent\" data-id=\"2f9c5d7\" data-element_type=\"container\" data-e-type=\"container\" data-settings=\"{&quot;background_background&quot;:&quot;classic&quot;}\">\n\t\t\t\t\t<div class=\"e-con-inner\">\n\t\t<div class=\"elementor-element elementor-element-be21927 e-con-full e-flex e-con e-child\" data-id=\"be21927\" data-element_type=\"container\" data-e-type=\"container\">\n\t\t\t\t<div class=\"elementor-element elementor-element-793ff8d tu-clase-imagen  elementor-widget elementor-widget-image\" data-id=\"793ff8d\" data-element_type=\"widget\" data-e-type=\"widget\" data-widget_type=\"image.default\">\n\t\t\t\t<div class=\"elementor-widget-container\">\n\t\t\t\t\t\t\t\t\t\t\t\t\t\t\t\t<a href=\"https:\/\/neuropsychiatry-hiv.com\/es\/ponentes\/letendre-scott\/\">\n\t\t\t\t\t\t\t<img loading=\"lazy\" decoding=\"async\" width=\"300\" height=\"300\" src=\"https:\/\/neuropsychiatry-hiv.com\/wp-content\/uploads\/2024\/01\/Scott-Letendre.jpg\" class=\"attachment-medium size-medium wp-image-2661\" alt=\"\" srcset=\"https:\/\/neuropsychiatry-hiv.com\/wp-content\/uploads\/2024\/01\/Scott-Letendre.jpg 300w, https:\/\/neuropsychiatry-hiv.com\/wp-content\/uploads\/2024\/01\/Scott-Letendre-150x150.jpg 150w, https:\/\/neuropsychiatry-hiv.com\/wp-content\/uploads\/2024\/01\/Scott-Letendre-100x100.jpg 100w\" sizes=\"(max-width: 300px) 100vw, 300px\" \/>\t\t\t\t\t\t\t\t<\/a>\n\t\t\t\t\t\t\t\t\t\t\t\t\t\t\t<\/div>\n\t\t\t\t<\/div>\n\t\t\t\t<\/div>\n\t\t<div class=\"elementor-element elementor-element-d2d43fe e-con-full e-flex e-con e-child\" data-id=\"d2d43fe\" data-element_type=\"container\" data-e-type=\"container\">\n\t\t\t\t<div class=\"elementor-element elementor-element-a7c1472 elementor-widget elementor-widget-heading\" data-id=\"a7c1472\" data-element_type=\"widget\" data-e-type=\"widget\" data-widget_type=\"heading.default\">\n\t\t\t\t<div class=\"elementor-widget-container\">\n\t\t\t\t\t<h2 class=\"elementor-heading-title elementor-size-default\"><a href=\"https:\/\/neuropsychiatry-hiv.com\/es\/ponentes\/letendre-scott\/\">Scott Letendre, M.D.<\/a><\/h2>\t\t\t\t<\/div>\n\t\t\t\t<\/div>\n\t\t\t\t<div class=\"elementor-element elementor-element-2527139 elementor-widget-divider--view-line elementor-widget elementor-widget-divider\" data-id=\"2527139\" data-element_type=\"widget\" data-e-type=\"widget\" data-widget_type=\"divider.default\">\n\t\t\t\t<div class=\"elementor-widget-container\">\n\t\t\t\t\t\t\t<div class=\"elementor-divider\">\n\t\t\t<span class=\"elementor-divider-separator\">\n\t\t\t\t\t\t<\/span>\n\t\t<\/div>\n\t\t\t\t\t\t<\/div>\n\t\t\t\t<\/div>\n\t\t\t\t<div class=\"elementor-element elementor-element-89789d4 elementor-widget elementor-widget-text-editor\" data-id=\"89789d4\" data-element_type=\"widget\" data-e-type=\"widget\" data-widget_type=\"text-editor.default\">\n\t\t\t\t<div class=\"elementor-widget-container\">\n\t\t\t\t\t\t\t\t\t<p>Cl\u00ednica Owen de UC San Diego Health. Universidad de California. San Diego, EE.UU.<\/p>\n\t\t\t\t\t\t\t\t<\/div>\n\t\t\t\t<\/div>\n\t\t\t\t<div class=\"elementor-element elementor-element-2e83a62 elementor-widget elementor-widget-jet-unfold\" data-id=\"2e83a62\" data-element_type=\"widget\" data-e-type=\"widget\" data-settings=\"{&quot;mask_height&quot;:{&quot;unit&quot;:&quot;px&quot;,&quot;size&quot;:1,&quot;sizes&quot;:[]},&quot;unfold_easing&quot;:&quot;easeOutCirc&quot;,&quot;fold_easing&quot;:&quot;easeInOutSine&quot;,&quot;mask_height_mobile&quot;:{&quot;unit&quot;:&quot;px&quot;,&quot;size&quot;:2,&quot;sizes&quot;:[]},&quot;mask_height_tablet&quot;:{&quot;unit&quot;:&quot;px&quot;,&quot;size&quot;:&quot;&quot;,&quot;sizes&quot;:[]},&quot;unfold_duration&quot;:{&quot;unit&quot;:&quot;ms&quot;,&quot;size&quot;:500,&quot;sizes&quot;:[]},&quot;fold_duration&quot;:{&quot;unit&quot;:&quot;ms&quot;,&quot;size&quot;:300,&quot;sizes&quot;:[]}}\" data-widget_type=\"jet-unfold.default\">\n\t\t\t\t<div class=\"elementor-widget-container\">\n\t\t\t\t\t\t\t<div class=\"jet-unfold \" data-settings=\"{&quot;height&quot;:{&quot;size&quot;:1,&quot;unit&quot;:&quot;px&quot;},&quot;separatorHeight&quot;:{&quot;unit&quot;:&quot;px&quot;,&quot;size&quot;:0,&quot;sizes&quot;:[]},&quot;heightControlType&quot;:&quot;height&quot;,&quot;wordCount&quot;:20,&quot;unfoldDuration&quot;:{&quot;unit&quot;:&quot;ms&quot;,&quot;size&quot;:500,&quot;sizes&quot;:[]},&quot;foldDuration&quot;:{&quot;unit&quot;:&quot;ms&quot;,&quot;size&quot;:300,&quot;sizes&quot;:[]},&quot;unfoldEasing&quot;:&quot;easeOutCirc&quot;,&quot;foldEasing&quot;:&quot;easeInOutSine&quot;,&quot;foldScrolling&quot;:&quot;true&quot;,&quot;hideOutsideClick&quot;:&quot;&quot;,&quot;autoHide&quot;:&quot;false&quot;,&quot;autoHideTime&quot;:&quot;&quot;,&quot;foldScrollOffset&quot;:{&quot;unit&quot;:&quot;px&quot;,&quot;size&quot;:146,&quot;sizes&quot;:[]},&quot;separatorType&quot;:&quot;div&quot;}\">\r\n\t\t\t<div class=\"jet-unfold__inner\">\r\n\t\t\t\t<div class=\"jet-unfold__mask\" style=\"height:1px\">\r\n\t\t\t\t\t<div class=\"jet-unfold__content\">\r\n\t\t\t\t\t\t<div class=\"jet-unfold__content-inner elementor-text-editor elementor-clearfix\"><p>Scott Letendre, M.D., es catedr\u00e1tico de Medicina residente en la Divisi\u00f3n de Enfermedades Infecciosas de la Universidad de California en San Diego (UCSD). Se licenci\u00f3 en la Facultad de Medicina de la Universidad de Georgetown y, tras su residencia en medicina interna en el Centro M\u00e9dico Naval de San Diego, complet\u00f3 becas en Medicina de Enfermedades Infecciosas en la Universidad de Duke y en Investigaci\u00f3n Neurol\u00f3gica del VIH en la UCSD. En la UCSD, el Dr. Letendre realiza investigaci\u00f3n traslacional, orientada al paciente, de las complicaciones del sistema nervioso central de las infecciones cr\u00f3nicas, incluidos el VIH, el VHC y el CMV. Como parte de un equipo de investigaci\u00f3n multidisciplinar, lleva a cabo ensayos de tratamiento de personas con trastornos neurocognitivos y analiza su respuesta a la terapia, as\u00ed como estudios sobre la farmacocin\u00e9tica de los antirretrovirales, el efecto de las comorbilidades y los correlatos biomarcadores de la enfermedad. El Dr. Letendre tambi\u00e9n es investigador en la unidad de la UCSD del Grupo de Ensayos Cl\u00ednicos sobre el SIDA.<\/p>\n<p>Participa en varios proyectos de investigaci\u00f3n internacionales, incluidos proyectos con sede en China, India, Zambia y Ruman\u00eda. Dr<\/p>\n<\/div>\r\n\t\t\t\t\t<\/div>\r\n\t\t\t\t\t\t\t\t\t\t<div class=\"jet-unfold__separator\"><\/div>\r\n\t\t\t\t\t\t\t\t\t<\/div>\r\n\t\t\t\t<div class=\"jet-unfold__trigger\"><div class=\"jet-unfold__button elementor-button elementor-size-md\" href=\"#\" data-unfold-text=\"Leer m\u00e1s\" data-fold-text=\"Leer menos\" data-fold-icon=\"\" data-unfold-icon=\"\" tabindex=\"0\" role=\"button\"><span class=\"jet-unfold__button-icon jet-tricks-icon\"><\/span><span class=\"jet-unfold__button-text\">Leer m\u00e1s<\/span><\/div>\t\t\t\t<\/div>\r\n\t\t\t<\/div>\r\n\t\t<\/div>\r\n\t\t\t\t\t\t<\/div>\n\t\t\t\t<\/div>\n\t\t\t\t<\/div>\n\t\t\t\t\t<\/div>\n\t\t\t\t<\/div>\n\t\t\t\t<\/div>\n\t\t<\/div><div class=\"jet-listing-grid__item jet-listing-dynamic-post-14662\" data-post-id=\"14662\"  >\t\t<div data-elementor-type=\"jet-listing-items\" data-elementor-id=\"3702\" class=\"elementor elementor-3702 elementor-2151 elementor-2151 elementor-2151\" data-elementor-post-type=\"jet-engine\">\n\t\t\t\t<div class=\"elementor-element elementor-element-2f9c5d7 e-flex e-con-boxed e-con e-parent\" data-id=\"2f9c5d7\" data-element_type=\"container\" data-e-type=\"container\" data-settings=\"{&quot;background_background&quot;:&quot;classic&quot;}\">\n\t\t\t\t\t<div class=\"e-con-inner\">\n\t\t<div class=\"elementor-element elementor-element-be21927 e-con-full e-flex e-con e-child\" data-id=\"be21927\" data-element_type=\"container\" data-e-type=\"container\">\n\t\t\t\t<div class=\"elementor-element elementor-element-793ff8d tu-clase-imagen  elementor-widget elementor-widget-image\" data-id=\"793ff8d\" data-element_type=\"widget\" data-e-type=\"widget\" data-widget_type=\"image.default\">\n\t\t\t\t<div class=\"elementor-widget-container\">\n\t\t\t\t\t\t\t\t\t\t\t\t\t\t\t\t<a href=\"https:\/\/neuropsychiatry-hiv.com\/es\/ponentes\/lourdes-mateu-m-d-ph-d\/\">\n\t\t\t\t\t\t\t<img loading=\"lazy\" decoding=\"async\" width=\"247\" height=\"300\" src=\"https:\/\/neuropsychiatry-hiv.com\/wp-content\/uploads\/2026\/03\/Lourdes-Mateu-247x300.jpg\" class=\"attachment-medium size-medium wp-image-14660\" alt=\"\" srcset=\"https:\/\/neuropsychiatry-hiv.com\/wp-content\/uploads\/2026\/03\/Lourdes-Mateu-247x300.jpg 247w, https:\/\/neuropsychiatry-hiv.com\/wp-content\/uploads\/2026\/03\/Lourdes-Mateu-844x1024.jpg 844w, https:\/\/neuropsychiatry-hiv.com\/wp-content\/uploads\/2026\/03\/Lourdes-Mateu-768x932.jpg 768w, https:\/\/neuropsychiatry-hiv.com\/wp-content\/uploads\/2026\/03\/Lourdes-Mateu-600x728.jpg 600w, https:\/\/neuropsychiatry-hiv.com\/wp-content\/uploads\/2026\/03\/Lourdes-Mateu.jpg 1208w\" sizes=\"(max-width: 247px) 100vw, 247px\" \/>\t\t\t\t\t\t\t\t<\/a>\n\t\t\t\t\t\t\t\t\t\t\t\t\t\t\t<\/div>\n\t\t\t\t<\/div>\n\t\t\t\t<\/div>\n\t\t<div class=\"elementor-element elementor-element-d2d43fe e-con-full e-flex e-con e-child\" data-id=\"d2d43fe\" data-element_type=\"container\" data-e-type=\"container\">\n\t\t\t\t<div class=\"elementor-element elementor-element-a7c1472 elementor-widget elementor-widget-heading\" data-id=\"a7c1472\" data-element_type=\"widget\" data-e-type=\"widget\" data-widget_type=\"heading.default\">\n\t\t\t\t<div class=\"elementor-widget-container\">\n\t\t\t\t\t<h2 class=\"elementor-heading-title elementor-size-default\"><a href=\"https:\/\/neuropsychiatry-hiv.com\/es\/ponentes\/lourdes-mateu-m-d-ph-d\/\">Lourdes Mateu, M.D., Ph. D<\/a><\/h2>\t\t\t\t<\/div>\n\t\t\t\t<\/div>\n\t\t\t\t<div class=\"elementor-element elementor-element-2527139 elementor-widget-divider--view-line elementor-widget elementor-widget-divider\" data-id=\"2527139\" data-element_type=\"widget\" data-e-type=\"widget\" data-widget_type=\"divider.default\">\n\t\t\t\t<div class=\"elementor-widget-container\">\n\t\t\t\t\t\t\t<div class=\"elementor-divider\">\n\t\t\t<span class=\"elementor-divider-separator\">\n\t\t\t\t\t\t<\/span>\n\t\t<\/div>\n\t\t\t\t\t\t<\/div>\n\t\t\t\t<\/div>\n\t\t\t\t<div class=\"elementor-element elementor-element-89789d4 elementor-widget elementor-widget-text-editor\" data-id=\"89789d4\" data-element_type=\"widget\" data-e-type=\"widget\" data-widget_type=\"text-editor.default\">\n\t\t\t\t<div class=\"elementor-widget-container\">\n\t\t\t\t\t\t\t\t\t<p>Programa COVID Persistente del Hospital Germans Trias i Pujol, Fundaci\u00f3 Lluita contra les Infeccions. Barcelona, Espa\u00f1a<\/p>\n\t\t\t\t\t\t\t\t<\/div>\n\t\t\t\t<\/div>\n\t\t\t\t<div class=\"elementor-element elementor-element-2e83a62 elementor-widget elementor-widget-jet-unfold\" data-id=\"2e83a62\" data-element_type=\"widget\" data-e-type=\"widget\" data-settings=\"{&quot;mask_height&quot;:{&quot;unit&quot;:&quot;px&quot;,&quot;size&quot;:1,&quot;sizes&quot;:[]},&quot;unfold_easing&quot;:&quot;easeOutCirc&quot;,&quot;fold_easing&quot;:&quot;easeInOutSine&quot;,&quot;mask_height_mobile&quot;:{&quot;unit&quot;:&quot;px&quot;,&quot;size&quot;:2,&quot;sizes&quot;:[]},&quot;mask_height_tablet&quot;:{&quot;unit&quot;:&quot;px&quot;,&quot;size&quot;:&quot;&quot;,&quot;sizes&quot;:[]},&quot;unfold_duration&quot;:{&quot;unit&quot;:&quot;ms&quot;,&quot;size&quot;:500,&quot;sizes&quot;:[]},&quot;fold_duration&quot;:{&quot;unit&quot;:&quot;ms&quot;,&quot;size&quot;:300,&quot;sizes&quot;:[]}}\" data-widget_type=\"jet-unfold.default\">\n\t\t\t\t<div class=\"elementor-widget-container\">\n\t\t\t\t\t\t\t<div class=\"jet-unfold \" data-settings=\"{&quot;height&quot;:{&quot;size&quot;:1,&quot;unit&quot;:&quot;px&quot;},&quot;separatorHeight&quot;:{&quot;unit&quot;:&quot;px&quot;,&quot;size&quot;:0,&quot;sizes&quot;:[]},&quot;heightControlType&quot;:&quot;height&quot;,&quot;wordCount&quot;:20,&quot;unfoldDuration&quot;:{&quot;unit&quot;:&quot;ms&quot;,&quot;size&quot;:500,&quot;sizes&quot;:[]},&quot;foldDuration&quot;:{&quot;unit&quot;:&quot;ms&quot;,&quot;size&quot;:300,&quot;sizes&quot;:[]},&quot;unfoldEasing&quot;:&quot;easeOutCirc&quot;,&quot;foldEasing&quot;:&quot;easeInOutSine&quot;,&quot;foldScrolling&quot;:&quot;true&quot;,&quot;hideOutsideClick&quot;:&quot;&quot;,&quot;autoHide&quot;:&quot;false&quot;,&quot;autoHideTime&quot;:&quot;&quot;,&quot;foldScrollOffset&quot;:{&quot;unit&quot;:&quot;px&quot;,&quot;size&quot;:146,&quot;sizes&quot;:[]},&quot;separatorType&quot;:&quot;div&quot;}\">\r\n\t\t\t<div class=\"jet-unfold__inner\">\r\n\t\t\t\t<div class=\"jet-unfold__mask\" style=\"height:1px\">\r\n\t\t\t\t\t<div class=\"jet-unfold__content\">\r\n\t\t\t\t\t\t<div class=\"jet-unfold__content-inner elementor-text-editor elementor-clearfix\"><p>La Dra. Lourdes Mateu Pru\u00f1onosa, doctora en Medicina, es directora del Programa COVID Persistente del Hospital Germans Trias i Pujol, Fundaci\u00f3 Lluita contra les Infeccions.<br \/>\nSu investigaci\u00f3n se centra en el COVID Persistente, integrando el fenotipado cl\u00ednico, las investigaciones mecanicistas y los ensayos cl\u00ednicos.<br \/>\nDirige un equipo multidisciplinar dedicado a avanzar en la comprensi\u00f3n y el tratamiento de los s\u00edndromes post infecciosos agudos.<br \/>\nLa Dra. Mateu contribuye a la red de colaboraci\u00f3n internacional sobre el COVID persistente.<br \/>\nSu trabajo tiende puentes entre la experiencia cl\u00ednica y la investigaci\u00f3n traslacional para informar la atenci\u00f3n basada en la evidencia y mejorar los resultados de los pacientes.<\/p>\n<\/div>\r\n\t\t\t\t\t<\/div>\r\n\t\t\t\t\t\t\t\t\t\t<div class=\"jet-unfold__separator\"><\/div>\r\n\t\t\t\t\t\t\t\t\t<\/div>\r\n\t\t\t\t<div class=\"jet-unfold__trigger\"><div class=\"jet-unfold__button elementor-button elementor-size-md\" href=\"#\" data-unfold-text=\"Leer m\u00e1s\" data-fold-text=\"Leer menos\" data-fold-icon=\"\" data-unfold-icon=\"\" tabindex=\"0\" role=\"button\"><span class=\"jet-unfold__button-icon jet-tricks-icon\"><\/span><span class=\"jet-unfold__button-text\">Leer m\u00e1s<\/span><\/div>\t\t\t\t<\/div>\r\n\t\t\t<\/div>\r\n\t\t<\/div>\r\n\t\t\t\t\t\t<\/div>\n\t\t\t\t<\/div>\n\t\t\t\t<\/div>\n\t\t\t\t\t<\/div>\n\t\t\t\t<\/div>\n\t\t\t\t<\/div>\n\t\t<\/div><div class=\"jet-listing-grid__item jet-listing-dynamic-post-14285\" data-post-id=\"14285\"  >\t\t<div data-elementor-type=\"jet-listing-items\" data-elementor-id=\"3702\" class=\"elementor elementor-3702 elementor-2151 elementor-2151 elementor-2151\" data-elementor-post-type=\"jet-engine\">\n\t\t\t\t<div class=\"elementor-element elementor-element-2f9c5d7 e-flex e-con-boxed e-con e-parent\" data-id=\"2f9c5d7\" data-element_type=\"container\" data-e-type=\"container\" data-settings=\"{&quot;background_background&quot;:&quot;classic&quot;}\">\n\t\t\t\t\t<div class=\"e-con-inner\">\n\t\t<div class=\"elementor-element elementor-element-be21927 e-con-full e-flex e-con e-child\" data-id=\"be21927\" data-element_type=\"container\" data-e-type=\"container\">\n\t\t\t\t<div class=\"elementor-element elementor-element-793ff8d tu-clase-imagen  elementor-widget elementor-widget-image\" data-id=\"793ff8d\" data-element_type=\"widget\" data-e-type=\"widget\" data-widget_type=\"image.default\">\n\t\t\t\t<div class=\"elementor-widget-container\">\n\t\t\t\t\t\t\t\t\t\t\t\t\t\t\t\t<a href=\"https:\/\/neuropsychiatry-hiv.com\/es\/ponentes\/madero-santiago-m-d\/\">\n\t\t\t\t\t\t\t<img loading=\"lazy\" decoding=\"async\" width=\"300\" height=\"200\" src=\"https:\/\/neuropsychiatry-hiv.com\/wp-content\/uploads\/2026\/01\/SantiagoMadero-300x200.jpeg\" class=\"attachment-medium size-medium wp-image-14283\" alt=\"\" srcset=\"https:\/\/neuropsychiatry-hiv.com\/wp-content\/uploads\/2026\/01\/SantiagoMadero-300x200.jpeg 300w, https:\/\/neuropsychiatry-hiv.com\/wp-content\/uploads\/2026\/01\/SantiagoMadero-1024x683.jpeg 1024w, https:\/\/neuropsychiatry-hiv.com\/wp-content\/uploads\/2026\/01\/SantiagoMadero-768x512.jpeg 768w, https:\/\/neuropsychiatry-hiv.com\/wp-content\/uploads\/2026\/01\/SantiagoMadero-1536x1024.jpeg 1536w, https:\/\/neuropsychiatry-hiv.com\/wp-content\/uploads\/2026\/01\/SantiagoMadero-scaled.jpeg 1920w, https:\/\/neuropsychiatry-hiv.com\/wp-content\/uploads\/2026\/01\/SantiagoMadero-600x400.jpeg 600w\" sizes=\"(max-width: 300px) 100vw, 300px\" \/>\t\t\t\t\t\t\t\t<\/a>\n\t\t\t\t\t\t\t\t\t\t\t\t\t\t\t<\/div>\n\t\t\t\t<\/div>\n\t\t\t\t<\/div>\n\t\t<div class=\"elementor-element elementor-element-d2d43fe e-con-full e-flex e-con e-child\" data-id=\"d2d43fe\" data-element_type=\"container\" data-e-type=\"container\">\n\t\t\t\t<div class=\"elementor-element elementor-element-a7c1472 elementor-widget elementor-widget-heading\" data-id=\"a7c1472\" data-element_type=\"widget\" data-e-type=\"widget\" data-widget_type=\"heading.default\">\n\t\t\t\t<div class=\"elementor-widget-container\">\n\t\t\t\t\t<h2 class=\"elementor-heading-title elementor-size-default\"><a href=\"https:\/\/neuropsychiatry-hiv.com\/es\/ponentes\/madero-santiago-m-d\/\">Santiago Madero, M.D.<\/a><\/h2>\t\t\t\t<\/div>\n\t\t\t\t<\/div>\n\t\t\t\t<div class=\"elementor-element elementor-element-2527139 elementor-widget-divider--view-line elementor-widget elementor-widget-divider\" data-id=\"2527139\" data-element_type=\"widget\" data-e-type=\"widget\" data-widget_type=\"divider.default\">\n\t\t\t\t<div class=\"elementor-widget-container\">\n\t\t\t\t\t\t\t<div class=\"elementor-divider\">\n\t\t\t<span class=\"elementor-divider-separator\">\n\t\t\t\t\t\t<\/span>\n\t\t<\/div>\n\t\t\t\t\t\t<\/div>\n\t\t\t\t<\/div>\n\t\t\t\t<div class=\"elementor-element elementor-element-89789d4 elementor-widget elementor-widget-text-editor\" data-id=\"89789d4\" data-element_type=\"widget\" data-e-type=\"widget\" data-widget_type=\"text-editor.default\">\n\t\t\t\t<div class=\"elementor-widget-container\">\n\t\t\t\t\t\t\t\t\t<p>Servicio de Psiquiatr\u00eda. Hospital Universitario Cl\u00ednic. Barcelona, Espa\u00f1a.<\/p>\n\t\t\t\t\t\t\t\t<\/div>\n\t\t\t\t<\/div>\n\t\t\t\t<div class=\"elementor-element elementor-element-2e83a62 elementor-widget elementor-widget-jet-unfold\" data-id=\"2e83a62\" data-element_type=\"widget\" data-e-type=\"widget\" data-settings=\"{&quot;mask_height&quot;:{&quot;unit&quot;:&quot;px&quot;,&quot;size&quot;:1,&quot;sizes&quot;:[]},&quot;unfold_easing&quot;:&quot;easeOutCirc&quot;,&quot;fold_easing&quot;:&quot;easeInOutSine&quot;,&quot;mask_height_mobile&quot;:{&quot;unit&quot;:&quot;px&quot;,&quot;size&quot;:2,&quot;sizes&quot;:[]},&quot;mask_height_tablet&quot;:{&quot;unit&quot;:&quot;px&quot;,&quot;size&quot;:&quot;&quot;,&quot;sizes&quot;:[]},&quot;unfold_duration&quot;:{&quot;unit&quot;:&quot;ms&quot;,&quot;size&quot;:500,&quot;sizes&quot;:[]},&quot;fold_duration&quot;:{&quot;unit&quot;:&quot;ms&quot;,&quot;size&quot;:300,&quot;sizes&quot;:[]}}\" data-widget_type=\"jet-unfold.default\">\n\t\t\t\t<div class=\"elementor-widget-container\">\n\t\t\t\t\t\t\t<div class=\"jet-unfold \" data-settings=\"{&quot;height&quot;:{&quot;size&quot;:1,&quot;unit&quot;:&quot;px&quot;},&quot;separatorHeight&quot;:{&quot;unit&quot;:&quot;px&quot;,&quot;size&quot;:0,&quot;sizes&quot;:[]},&quot;heightControlType&quot;:&quot;height&quot;,&quot;wordCount&quot;:20,&quot;unfoldDuration&quot;:{&quot;unit&quot;:&quot;ms&quot;,&quot;size&quot;:500,&quot;sizes&quot;:[]},&quot;foldDuration&quot;:{&quot;unit&quot;:&quot;ms&quot;,&quot;size&quot;:300,&quot;sizes&quot;:[]},&quot;unfoldEasing&quot;:&quot;easeOutCirc&quot;,&quot;foldEasing&quot;:&quot;easeInOutSine&quot;,&quot;foldScrolling&quot;:&quot;true&quot;,&quot;hideOutsideClick&quot;:&quot;&quot;,&quot;autoHide&quot;:&quot;false&quot;,&quot;autoHideTime&quot;:&quot;&quot;,&quot;foldScrollOffset&quot;:{&quot;unit&quot;:&quot;px&quot;,&quot;size&quot;:146,&quot;sizes&quot;:[]},&quot;separatorType&quot;:&quot;div&quot;}\">\r\n\t\t\t<div class=\"jet-unfold__inner\">\r\n\t\t\t\t<div class=\"jet-unfold__mask\" style=\"height:1px\">\r\n\t\t\t\t\t<div class=\"jet-unfold__content\">\r\n\t\t\t\t\t\t<div class=\"jet-unfold__content-inner elementor-text-editor elementor-clearfix\"><p>Santiago Madero es psiquiatra e investigador en el Hospital Cl\u00ednic de Barcelona. Durante los \u00faltimos a\u00f1os ha liderado el desarrollo de una nueva unidad de investigaci\u00f3n en el Hospital Cl\u00ednic centrada en el estudio y la implementaci\u00f3n de tratamientos con sustancias psicod\u00e9licas en la depresi\u00f3n resistente al tratamiento y otros trastornos mentales. Ha participado como investigador y terapeuta en dos ensayos cl\u00ednicos con 5-MeO-DMT para el tratamiento de la depresi\u00f3n resistente al tratamiento. Actualmente es el investigador principal de un estudio que eval\u00faa el uso de la psilocibina para la depresi\u00f3n resistente al tratamiento. Es coordinador del grupo de trabajo sobre psicod\u00e9licos de la Sociedad Catalana de Psiquiatr\u00eda y Salud Mental. Es cofundador y ha sido vicepresidente de la Sociedad Espa\u00f1ola de Medicina Psicod\u00e9lica.<\/p>\n<\/div>\r\n\t\t\t\t\t<\/div>\r\n\t\t\t\t\t\t\t\t\t\t<div class=\"jet-unfold__separator\"><\/div>\r\n\t\t\t\t\t\t\t\t\t<\/div>\r\n\t\t\t\t<div class=\"jet-unfold__trigger\"><div class=\"jet-unfold__button elementor-button elementor-size-md\" href=\"#\" data-unfold-text=\"Leer m\u00e1s\" data-fold-text=\"Leer menos\" data-fold-icon=\"\" data-unfold-icon=\"\" tabindex=\"0\" role=\"button\"><span class=\"jet-unfold__button-icon jet-tricks-icon\"><\/span><span class=\"jet-unfold__button-text\">Leer m\u00e1s<\/span><\/div>\t\t\t\t<\/div>\r\n\t\t\t<\/div>\r\n\t\t<\/div>\r\n\t\t\t\t\t\t<\/div>\n\t\t\t\t<\/div>\n\t\t\t\t<\/div>\n\t\t\t\t\t<\/div>\n\t\t\t\t<\/div>\n\t\t\t\t<\/div>\n\t\t<\/div><div class=\"jet-listing-grid__item jet-listing-dynamic-post-3939\" data-post-id=\"3939\"  >\t\t<div data-elementor-type=\"jet-listing-items\" data-elementor-id=\"3702\" class=\"elementor elementor-3702 elementor-2151 elementor-2151 elementor-2151\" data-elementor-post-type=\"jet-engine\">\n\t\t\t\t<div class=\"elementor-element elementor-element-2f9c5d7 e-flex e-con-boxed e-con e-parent\" data-id=\"2f9c5d7\" data-element_type=\"container\" data-e-type=\"container\" data-settings=\"{&quot;background_background&quot;:&quot;classic&quot;}\">\n\t\t\t\t\t<div class=\"e-con-inner\">\n\t\t<div class=\"elementor-element elementor-element-be21927 e-con-full e-flex e-con e-child\" data-id=\"be21927\" data-element_type=\"container\" data-e-type=\"container\">\n\t\t\t\t<div class=\"elementor-element elementor-element-793ff8d tu-clase-imagen  elementor-widget elementor-widget-image\" data-id=\"793ff8d\" data-element_type=\"widget\" data-e-type=\"widget\" data-widget_type=\"image.default\">\n\t\t\t\t<div class=\"elementor-widget-container\">\n\t\t\t\t\t\t\t\t\t\t\t\t\t\t\t\t<a href=\"https:\/\/neuropsychiatry-hiv.com\/es\/ponentes\/marzolini-catia\/\">\n\t\t\t\t\t\t\t<img loading=\"lazy\" decoding=\"async\" width=\"263\" height=\"263\" src=\"https:\/\/neuropsychiatry-hiv.com\/wp-content\/uploads\/2024\/01\/Marzolini-Catia.png\" class=\"attachment-medium size-medium wp-image-3954\" alt=\"\" srcset=\"https:\/\/neuropsychiatry-hiv.com\/wp-content\/uploads\/2024\/01\/Marzolini-Catia.png 263w, https:\/\/neuropsychiatry-hiv.com\/wp-content\/uploads\/2024\/01\/Marzolini-Catia-150x150.png 150w, https:\/\/neuropsychiatry-hiv.com\/wp-content\/uploads\/2024\/01\/Marzolini-Catia-100x100.png 100w\" sizes=\"(max-width: 263px) 100vw, 263px\" \/>\t\t\t\t\t\t\t\t<\/a>\n\t\t\t\t\t\t\t\t\t\t\t\t\t\t\t<\/div>\n\t\t\t\t<\/div>\n\t\t\t\t<\/div>\n\t\t<div class=\"elementor-element elementor-element-d2d43fe e-con-full e-flex e-con e-child\" data-id=\"d2d43fe\" data-element_type=\"container\" data-e-type=\"container\">\n\t\t\t\t<div class=\"elementor-element elementor-element-a7c1472 elementor-widget elementor-widget-heading\" data-id=\"a7c1472\" data-element_type=\"widget\" data-e-type=\"widget\" data-widget_type=\"heading.default\">\n\t\t\t\t<div class=\"elementor-widget-container\">\n\t\t\t\t\t<h2 class=\"elementor-heading-title elementor-size-default\"><a href=\"https:\/\/neuropsychiatry-hiv.com\/es\/ponentes\/marzolini-catia\/\">Catia Marzolini, Pharm.D., Ph.D.<\/a><\/h2>\t\t\t\t<\/div>\n\t\t\t\t<\/div>\n\t\t\t\t<div class=\"elementor-element elementor-element-2527139 elementor-widget-divider--view-line elementor-widget elementor-widget-divider\" data-id=\"2527139\" data-element_type=\"widget\" data-e-type=\"widget\" data-widget_type=\"divider.default\">\n\t\t\t\t<div class=\"elementor-widget-container\">\n\t\t\t\t\t\t\t<div class=\"elementor-divider\">\n\t\t\t<span class=\"elementor-divider-separator\">\n\t\t\t\t\t\t<\/span>\n\t\t<\/div>\n\t\t\t\t\t\t<\/div>\n\t\t\t\t<\/div>\n\t\t\t\t<div class=\"elementor-element elementor-element-89789d4 elementor-widget elementor-widget-text-editor\" data-id=\"89789d4\" data-element_type=\"widget\" data-e-type=\"widget\" data-widget_type=\"text-editor.default\">\n\t\t\t\t<div class=\"elementor-widget-container\">\n\t\t\t\t\t\t\t\t\t<p>Servicio de Farmacolog\u00eda Cl\u00ednica del Hospital Universitario de Lausana, Suiza.<\/p>\n\t\t\t\t\t\t\t\t<\/div>\n\t\t\t\t<\/div>\n\t\t\t\t<div class=\"elementor-element elementor-element-2e83a62 elementor-widget elementor-widget-jet-unfold\" data-id=\"2e83a62\" data-element_type=\"widget\" data-e-type=\"widget\" data-settings=\"{&quot;mask_height&quot;:{&quot;unit&quot;:&quot;px&quot;,&quot;size&quot;:1,&quot;sizes&quot;:[]},&quot;unfold_easing&quot;:&quot;easeOutCirc&quot;,&quot;fold_easing&quot;:&quot;easeInOutSine&quot;,&quot;mask_height_mobile&quot;:{&quot;unit&quot;:&quot;px&quot;,&quot;size&quot;:2,&quot;sizes&quot;:[]},&quot;mask_height_tablet&quot;:{&quot;unit&quot;:&quot;px&quot;,&quot;size&quot;:&quot;&quot;,&quot;sizes&quot;:[]},&quot;unfold_duration&quot;:{&quot;unit&quot;:&quot;ms&quot;,&quot;size&quot;:500,&quot;sizes&quot;:[]},&quot;fold_duration&quot;:{&quot;unit&quot;:&quot;ms&quot;,&quot;size&quot;:300,&quot;sizes&quot;:[]}}\" data-widget_type=\"jet-unfold.default\">\n\t\t\t\t<div class=\"elementor-widget-container\">\n\t\t\t\t\t\t\t<div class=\"jet-unfold \" data-settings=\"{&quot;height&quot;:{&quot;size&quot;:1,&quot;unit&quot;:&quot;px&quot;},&quot;separatorHeight&quot;:{&quot;unit&quot;:&quot;px&quot;,&quot;size&quot;:0,&quot;sizes&quot;:[]},&quot;heightControlType&quot;:&quot;height&quot;,&quot;wordCount&quot;:20,&quot;unfoldDuration&quot;:{&quot;unit&quot;:&quot;ms&quot;,&quot;size&quot;:500,&quot;sizes&quot;:[]},&quot;foldDuration&quot;:{&quot;unit&quot;:&quot;ms&quot;,&quot;size&quot;:300,&quot;sizes&quot;:[]},&quot;unfoldEasing&quot;:&quot;easeOutCirc&quot;,&quot;foldEasing&quot;:&quot;easeInOutSine&quot;,&quot;foldScrolling&quot;:&quot;true&quot;,&quot;hideOutsideClick&quot;:&quot;&quot;,&quot;autoHide&quot;:&quot;false&quot;,&quot;autoHideTime&quot;:&quot;&quot;,&quot;foldScrollOffset&quot;:{&quot;unit&quot;:&quot;px&quot;,&quot;size&quot;:146,&quot;sizes&quot;:[]},&quot;separatorType&quot;:&quot;div&quot;}\">\r\n\t\t\t<div class=\"jet-unfold__inner\">\r\n\t\t\t\t<div class=\"jet-unfold__mask\" style=\"height:1px\">\r\n\t\t\t\t\t<div class=\"jet-unfold__content\">\r\n\t\t\t\t\t\t<div class=\"jet-unfold__content-inner elementor-text-editor elementor-clearfix\"><p>Catia Marzolini es farmac\u00e9utica de formaci\u00f3n y profesora asociada del Servicio de Farmacolog\u00eda Cl\u00ednica del Hospital Universitario de Lausana. Catia Marzolini tambi\u00e9n est\u00e1 afiliada a la Divisi\u00f3n de Enfermedades Infecciosas del Hospital Universitario de Basilea y al Departamento de Farmacolog\u00eda Molecular y Cl\u00ednica de la Universidad de Liverpool. Ha desarrollado su carrera investigadora en el campo de la farmacolog\u00eda del VIH, con especial inter\u00e9s por la simulaci\u00f3n de la farmacocin\u00e9tica de los f\u00e1rmacos antirretrovirales y las interacciones entre f\u00e1rmacos en poblaciones especiales mediante el uso de modelos. Dirige la instalaci\u00f3n de monitorizaci\u00f3n de f\u00e1rmacos terap\u00e9uticos en el CHUV, que proporciona la medici\u00f3n y la interpretaci\u00f3n cl\u00ednica de cerca de 100 medicamentos. Uno de sus intereses de investigaci\u00f3n actuales es combinar los datos de monitorizaci\u00f3n de f\u00e1rmacos terap\u00e9uticos de la vida real con la modelizaci\u00f3n para apoyar la prescripci\u00f3n de escenarios cl\u00ednicos no estudiados que se encuentran en la pr\u00e1ctica cl\u00ednica. Por \u00faltimo, Catia Marzolini dirige cient\u00edficamente el sitio web sobre interacciones medicamentosas de Liverpool HIV y COVID, que se utiliza ampliamente en todo el mundo para detectar interacciones medicamentosas. Destaca su participaci\u00f3n en el comit\u00e9 de directrices de la Sociedad Cl\u00ednica Europea del Sida (EACS), donde copreside la secci\u00f3n de interacciones medicamentosas.<\/p>\n<\/div>\r\n\t\t\t\t\t<\/div>\r\n\t\t\t\t\t\t\t\t\t\t<div class=\"jet-unfold__separator\"><\/div>\r\n\t\t\t\t\t\t\t\t\t<\/div>\r\n\t\t\t\t<div class=\"jet-unfold__trigger\"><div class=\"jet-unfold__button elementor-button elementor-size-md\" href=\"#\" data-unfold-text=\"Leer m\u00e1s\" data-fold-text=\"Leer menos\" data-fold-icon=\"\" data-unfold-icon=\"\" tabindex=\"0\" role=\"button\"><span class=\"jet-unfold__button-icon jet-tricks-icon\"><\/span><span class=\"jet-unfold__button-text\">Leer m\u00e1s<\/span><\/div>\t\t\t\t<\/div>\r\n\t\t\t<\/div>\r\n\t\t<\/div>\r\n\t\t\t\t\t\t<\/div>\n\t\t\t\t<\/div>\n\t\t\t\t<\/div>\n\t\t\t\t\t<\/div>\n\t\t\t\t<\/div>\n\t\t\t\t<\/div>\n\t\t<\/div><div class=\"jet-listing-grid__item jet-listing-dynamic-post-3670\" data-post-id=\"3670\"  >\t\t<div data-elementor-type=\"jet-listing-items\" data-elementor-id=\"3702\" class=\"elementor elementor-3702 elementor-2151 elementor-2151 elementor-2151\" data-elementor-post-type=\"jet-engine\">\n\t\t\t\t<div class=\"elementor-element elementor-element-2f9c5d7 e-flex e-con-boxed e-con e-parent\" data-id=\"2f9c5d7\" data-element_type=\"container\" data-e-type=\"container\" data-settings=\"{&quot;background_background&quot;:&quot;classic&quot;}\">\n\t\t\t\t\t<div class=\"e-con-inner\">\n\t\t<div class=\"elementor-element elementor-element-be21927 e-con-full e-flex e-con e-child\" data-id=\"be21927\" data-element_type=\"container\" data-e-type=\"container\">\n\t\t\t\t<div class=\"elementor-element elementor-element-793ff8d tu-clase-imagen  elementor-widget elementor-widget-image\" data-id=\"793ff8d\" data-element_type=\"widget\" data-e-type=\"widget\" data-widget_type=\"image.default\">\n\t\t\t\t<div class=\"elementor-widget-container\">\n\t\t\t\t\t\t\t\t\t\t\t\t\t\t\t\t<a href=\"https:\/\/neuropsychiatry-hiv.com\/es\/ponentes\/munoz-moreno-jose-a\/\">\n\t\t\t\t\t\t\t<img loading=\"lazy\" decoding=\"async\" width=\"300\" height=\"300\" src=\"https:\/\/neuropsychiatry-hiv.com\/wp-content\/uploads\/2024\/01\/Picture-Jose-A-Munoz-Moreno-2025-300x300.jpg\" class=\"attachment-medium size-medium wp-image-14653\" alt=\"\" srcset=\"https:\/\/neuropsychiatry-hiv.com\/wp-content\/uploads\/2024\/01\/Picture-Jose-A-Munoz-Moreno-2025-300x300.jpg 300w, https:\/\/neuropsychiatry-hiv.com\/wp-content\/uploads\/2024\/01\/Picture-Jose-A-Munoz-Moreno-2025-150x150.jpg 150w, https:\/\/neuropsychiatry-hiv.com\/wp-content\/uploads\/2024\/01\/Picture-Jose-A-Munoz-Moreno-2025-100x100.jpg 100w, https:\/\/neuropsychiatry-hiv.com\/wp-content\/uploads\/2024\/01\/Picture-Jose-A-Munoz-Moreno-2025.jpg 500w\" sizes=\"(max-width: 300px) 100vw, 300px\" \/>\t\t\t\t\t\t\t\t<\/a>\n\t\t\t\t\t\t\t\t\t\t\t\t\t\t\t<\/div>\n\t\t\t\t<\/div>\n\t\t\t\t<\/div>\n\t\t<div class=\"elementor-element elementor-element-d2d43fe e-con-full e-flex e-con e-child\" data-id=\"d2d43fe\" data-element_type=\"container\" data-e-type=\"container\">\n\t\t\t\t<div class=\"elementor-element elementor-element-a7c1472 elementor-widget elementor-widget-heading\" data-id=\"a7c1472\" data-element_type=\"widget\" data-e-type=\"widget\" data-widget_type=\"heading.default\">\n\t\t\t\t<div class=\"elementor-widget-container\">\n\t\t\t\t\t<h2 class=\"elementor-heading-title elementor-size-default\"><a href=\"https:\/\/neuropsychiatry-hiv.com\/es\/ponentes\/munoz-moreno-jose-a\/\">Jose A. Mu\u00f1oz-Moreno, Ph.D.<\/a><\/h2>\t\t\t\t<\/div>\n\t\t\t\t<\/div>\n\t\t\t\t<div class=\"elementor-element elementor-element-2527139 elementor-widget-divider--view-line elementor-widget elementor-widget-divider\" data-id=\"2527139\" data-element_type=\"widget\" data-e-type=\"widget\" data-widget_type=\"divider.default\">\n\t\t\t\t<div class=\"elementor-widget-container\">\n\t\t\t\t\t\t\t<div class=\"elementor-divider\">\n\t\t\t<span class=\"elementor-divider-separator\">\n\t\t\t\t\t\t<\/span>\n\t\t<\/div>\n\t\t\t\t\t\t<\/div>\n\t\t\t\t<\/div>\n\t\t\t\t<div class=\"elementor-element elementor-element-89789d4 elementor-widget elementor-widget-text-editor\" data-id=\"89789d4\" data-element_type=\"widget\" data-e-type=\"widget\" data-widget_type=\"text-editor.default\">\n\t\t\t\t<div class=\"elementor-widget-container\">\n\t\t\t\t\t\t\t\t\t<p>Fundaci\u00f3n Lucha contra las Infecciones, Hospital Universitario Germans Trias i Pujol. Barcelona, Espa\u00f1a.<\/p>\n\t\t\t\t\t\t\t\t<\/div>\n\t\t\t\t<\/div>\n\t\t\t\t<div class=\"elementor-element elementor-element-2e83a62 elementor-widget elementor-widget-jet-unfold\" data-id=\"2e83a62\" data-element_type=\"widget\" data-e-type=\"widget\" data-settings=\"{&quot;mask_height&quot;:{&quot;unit&quot;:&quot;px&quot;,&quot;size&quot;:1,&quot;sizes&quot;:[]},&quot;unfold_easing&quot;:&quot;easeOutCirc&quot;,&quot;fold_easing&quot;:&quot;easeInOutSine&quot;,&quot;mask_height_mobile&quot;:{&quot;unit&quot;:&quot;px&quot;,&quot;size&quot;:2,&quot;sizes&quot;:[]},&quot;mask_height_tablet&quot;:{&quot;unit&quot;:&quot;px&quot;,&quot;size&quot;:&quot;&quot;,&quot;sizes&quot;:[]},&quot;unfold_duration&quot;:{&quot;unit&quot;:&quot;ms&quot;,&quot;size&quot;:500,&quot;sizes&quot;:[]},&quot;fold_duration&quot;:{&quot;unit&quot;:&quot;ms&quot;,&quot;size&quot;:300,&quot;sizes&quot;:[]}}\" data-widget_type=\"jet-unfold.default\">\n\t\t\t\t<div class=\"elementor-widget-container\">\n\t\t\t\t\t\t\t<div class=\"jet-unfold \" data-settings=\"{&quot;height&quot;:{&quot;size&quot;:1,&quot;unit&quot;:&quot;px&quot;},&quot;separatorHeight&quot;:{&quot;unit&quot;:&quot;px&quot;,&quot;size&quot;:0,&quot;sizes&quot;:[]},&quot;heightControlType&quot;:&quot;height&quot;,&quot;wordCount&quot;:20,&quot;unfoldDuration&quot;:{&quot;unit&quot;:&quot;ms&quot;,&quot;size&quot;:500,&quot;sizes&quot;:[]},&quot;foldDuration&quot;:{&quot;unit&quot;:&quot;ms&quot;,&quot;size&quot;:300,&quot;sizes&quot;:[]},&quot;unfoldEasing&quot;:&quot;easeOutCirc&quot;,&quot;foldEasing&quot;:&quot;easeInOutSine&quot;,&quot;foldScrolling&quot;:&quot;true&quot;,&quot;hideOutsideClick&quot;:&quot;&quot;,&quot;autoHide&quot;:&quot;false&quot;,&quot;autoHideTime&quot;:&quot;&quot;,&quot;foldScrollOffset&quot;:{&quot;unit&quot;:&quot;px&quot;,&quot;size&quot;:146,&quot;sizes&quot;:[]},&quot;separatorType&quot;:&quot;div&quot;}\">\r\n\t\t\t<div class=\"jet-unfold__inner\">\r\n\t\t\t\t<div class=\"jet-unfold__mask\" style=\"height:1px\">\r\n\t\t\t\t\t<div class=\"jet-unfold__content\">\r\n\t\t\t\t\t\t<div class=\"jet-unfold__content-inner elementor-text-editor elementor-clearfix\"><p>Jose A. Mu\u00f1oz-Moreno es cl\u00ednico e investigador en la Fundaci\u00f3n Lucha contra las Infecciones, ubicada en el Hospital Universitario Germans Trias i Pujol, en Barcelona (Catalu\u00f1a, Espa\u00f1a). Obtuvo el grado de Doctor en Neurociencias en 2012 (Cum Laude), y actualmente es tambi\u00e9n profesor colaborador de la Universitat de Barcelona (UB) y de la Universitat Aut\u00f2noma de Barcelona (UAB).<\/p>\n<p>Mu\u00f1oz-Moreno participa en proyectos que abordan la psicolog\u00eda y el comportamiento humano asociado a la infecci\u00f3n por VIH. En t\u00e9rminos de estudio, investiga principalmente las caracter\u00edsticas neurocognitivas de la infecci\u00f3n por VIH, el impacto del VIH y los tratamientos antirretrovirales en la calidad de vida y el estado emocional, y la adherencia a la terapia antirretroviral.<\/p>\n<p>Los trabajos recientes de Mu\u00f1oz-Moreno se centran especialmente en los m\u00e9todos de evaluaci\u00f3n para detectar cambios neurocognitivos relacionados con el VIH y en el perfil actual del deterioro neurocognitivo en personas infectadas por el VIH.<\/p>\n<\/div>\r\n\t\t\t\t\t<\/div>\r\n\t\t\t\t\t\t\t\t\t\t<div class=\"jet-unfold__separator\"><\/div>\r\n\t\t\t\t\t\t\t\t\t<\/div>\r\n\t\t\t\t<div class=\"jet-unfold__trigger\"><div class=\"jet-unfold__button elementor-button elementor-size-md\" href=\"#\" data-unfold-text=\"Leer m\u00e1s\" data-fold-text=\"Leer menos\" data-fold-icon=\"\" data-unfold-icon=\"\" tabindex=\"0\" role=\"button\"><span class=\"jet-unfold__button-icon jet-tricks-icon\"><\/span><span class=\"jet-unfold__button-text\">Leer m\u00e1s<\/span><\/div>\t\t\t\t<\/div>\r\n\t\t\t<\/div>\r\n\t\t<\/div>\r\n\t\t\t\t\t\t<\/div>\n\t\t\t\t<\/div>\n\t\t\t\t<\/div>\n\t\t\t\t\t<\/div>\n\t\t\t\t<\/div>\n\t\t\t\t<\/div>\n\t\t<\/div><div class=\"jet-listing-grid__item jet-listing-dynamic-post-14187\" data-post-id=\"14187\"  >\t\t<div data-elementor-type=\"jet-listing-items\" data-elementor-id=\"3702\" class=\"elementor elementor-3702 elementor-2151 elementor-2151 elementor-2151\" data-elementor-post-type=\"jet-engine\">\n\t\t\t\t<div class=\"elementor-element elementor-element-2f9c5d7 e-flex e-con-boxed e-con e-parent\" data-id=\"2f9c5d7\" data-element_type=\"container\" data-e-type=\"container\" data-settings=\"{&quot;background_background&quot;:&quot;classic&quot;}\">\n\t\t\t\t\t<div class=\"e-con-inner\">\n\t\t<div class=\"elementor-element elementor-element-be21927 e-con-full e-flex e-con e-child\" data-id=\"be21927\" data-element_type=\"container\" data-e-type=\"container\">\n\t\t\t\t<div class=\"elementor-element elementor-element-793ff8d tu-clase-imagen  elementor-widget elementor-widget-image\" data-id=\"793ff8d\" data-element_type=\"widget\" data-e-type=\"widget\" data-widget_type=\"image.default\">\n\t\t\t\t<div class=\"elementor-widget-container\">\n\t\t\t\t\t\t\t\t\t\t\t\t\t\t\t\t<a href=\"https:\/\/neuropsychiatry-hiv.com\/es\/ponentes\/parellada-eduard-m-d\/\">\n\t\t\t\t\t\t\t<img loading=\"lazy\" decoding=\"async\" width=\"182\" height=\"300\" src=\"https:\/\/neuropsychiatry-hiv.com\/wp-content\/uploads\/2025\/12\/Parellada-182x300.jpg\" class=\"attachment-medium size-medium wp-image-14288\" alt=\"\" srcset=\"https:\/\/neuropsychiatry-hiv.com\/wp-content\/uploads\/2025\/12\/Parellada-182x300.jpg 182w, https:\/\/neuropsychiatry-hiv.com\/wp-content\/uploads\/2025\/12\/Parellada.jpg 352w\" sizes=\"(max-width: 182px) 100vw, 182px\" \/>\t\t\t\t\t\t\t\t<\/a>\n\t\t\t\t\t\t\t\t\t\t\t\t\t\t\t<\/div>\n\t\t\t\t<\/div>\n\t\t\t\t<\/div>\n\t\t<div class=\"elementor-element elementor-element-d2d43fe e-con-full e-flex e-con e-child\" data-id=\"d2d43fe\" data-element_type=\"container\" data-e-type=\"container\">\n\t\t\t\t<div class=\"elementor-element elementor-element-a7c1472 elementor-widget elementor-widget-heading\" data-id=\"a7c1472\" data-element_type=\"widget\" data-e-type=\"widget\" data-widget_type=\"heading.default\">\n\t\t\t\t<div class=\"elementor-widget-container\">\n\t\t\t\t\t<h2 class=\"elementor-heading-title elementor-size-default\"><a href=\"https:\/\/neuropsychiatry-hiv.com\/es\/ponentes\/parellada-eduard-m-d\/\">Eduard Parellada, M.D., Ph.D.<\/a><\/h2>\t\t\t\t<\/div>\n\t\t\t\t<\/div>\n\t\t\t\t<div class=\"elementor-element elementor-element-2527139 elementor-widget-divider--view-line elementor-widget elementor-widget-divider\" data-id=\"2527139\" data-element_type=\"widget\" data-e-type=\"widget\" data-widget_type=\"divider.default\">\n\t\t\t\t<div class=\"elementor-widget-container\">\n\t\t\t\t\t\t\t<div class=\"elementor-divider\">\n\t\t\t<span class=\"elementor-divider-separator\">\n\t\t\t\t\t\t<\/span>\n\t\t<\/div>\n\t\t\t\t\t\t<\/div>\n\t\t\t\t<\/div>\n\t\t\t\t<div class=\"elementor-element elementor-element-89789d4 elementor-widget elementor-widget-text-editor\" data-id=\"89789d4\" data-element_type=\"widget\" data-e-type=\"widget\" data-widget_type=\"text-editor.default\">\n\t\t\t\t<div class=\"elementor-widget-container\">\n\t\t\t\t\t\t\t\t\t<p>Unidad de Esquizofrenia. Hospital Universitario Cl\u00ednic. Barcelona, Espa\u00f1a<\/p>\n\t\t\t\t\t\t\t\t<\/div>\n\t\t\t\t<\/div>\n\t\t\t\t<div class=\"elementor-element elementor-element-2e83a62 elementor-widget elementor-widget-jet-unfold\" data-id=\"2e83a62\" data-element_type=\"widget\" data-e-type=\"widget\" data-settings=\"{&quot;mask_height&quot;:{&quot;unit&quot;:&quot;px&quot;,&quot;size&quot;:1,&quot;sizes&quot;:[]},&quot;unfold_easing&quot;:&quot;easeOutCirc&quot;,&quot;fold_easing&quot;:&quot;easeInOutSine&quot;,&quot;mask_height_mobile&quot;:{&quot;unit&quot;:&quot;px&quot;,&quot;size&quot;:2,&quot;sizes&quot;:[]},&quot;mask_height_tablet&quot;:{&quot;unit&quot;:&quot;px&quot;,&quot;size&quot;:&quot;&quot;,&quot;sizes&quot;:[]},&quot;unfold_duration&quot;:{&quot;unit&quot;:&quot;ms&quot;,&quot;size&quot;:500,&quot;sizes&quot;:[]},&quot;fold_duration&quot;:{&quot;unit&quot;:&quot;ms&quot;,&quot;size&quot;:300,&quot;sizes&quot;:[]}}\" data-widget_type=\"jet-unfold.default\">\n\t\t\t\t<div class=\"elementor-widget-container\">\n\t\t\t\t\t\t\t<div class=\"jet-unfold \" data-settings=\"{&quot;height&quot;:{&quot;size&quot;:1,&quot;unit&quot;:&quot;px&quot;},&quot;separatorHeight&quot;:{&quot;unit&quot;:&quot;px&quot;,&quot;size&quot;:0,&quot;sizes&quot;:[]},&quot;heightControlType&quot;:&quot;height&quot;,&quot;wordCount&quot;:20,&quot;unfoldDuration&quot;:{&quot;unit&quot;:&quot;ms&quot;,&quot;size&quot;:500,&quot;sizes&quot;:[]},&quot;foldDuration&quot;:{&quot;unit&quot;:&quot;ms&quot;,&quot;size&quot;:300,&quot;sizes&quot;:[]},&quot;unfoldEasing&quot;:&quot;easeOutCirc&quot;,&quot;foldEasing&quot;:&quot;easeInOutSine&quot;,&quot;foldScrolling&quot;:&quot;true&quot;,&quot;hideOutsideClick&quot;:&quot;&quot;,&quot;autoHide&quot;:&quot;false&quot;,&quot;autoHideTime&quot;:&quot;&quot;,&quot;foldScrollOffset&quot;:{&quot;unit&quot;:&quot;px&quot;,&quot;size&quot;:146,&quot;sizes&quot;:[]},&quot;separatorType&quot;:&quot;div&quot;}\">\r\n\t\t\t<div class=\"jet-unfold__inner\">\r\n\t\t\t\t<div class=\"jet-unfold__mask\" style=\"height:1px\">\r\n\t\t\t\t\t<div class=\"jet-unfold__content\">\r\n\t\t\t\t\t\t<div class=\"jet-unfold__content-inner elementor-text-editor elementor-clearfix\"><p>Eduard Parellada es director de la Unidad de Esquizofrenia de la Cl\u00ednica de Barcelona (BCSU) en el Hospital Cl\u00ednic de Barcelona y jefe del Grupo de Investigaci\u00f3n en Esquizofrenia del IDIBAPS. Es profesor asociado de Psiquiatr\u00eda en la Facultad de Medicina de la Universidad de Barcelona (UB) y acreditado como catedr\u00e1tico por la AQU Catalu\u00f1a. Desde su cargo, ha liderado la creaci\u00f3n actual del Laboratorio de Investigaci\u00f3n B\u00e1sica y Traslacional en Esquizofrenia.<\/p>\n<\/div>\r\n\t\t\t\t\t<\/div>\r\n\t\t\t\t\t\t\t\t\t\t<div class=\"jet-unfold__separator\"><\/div>\r\n\t\t\t\t\t\t\t\t\t<\/div>\r\n\t\t\t\t<div class=\"jet-unfold__trigger\"><div class=\"jet-unfold__button elementor-button elementor-size-md\" href=\"#\" data-unfold-text=\"Leer m\u00e1s\" data-fold-text=\"Leer menos\" data-fold-icon=\"\" data-unfold-icon=\"\" tabindex=\"0\" role=\"button\"><span class=\"jet-unfold__button-icon jet-tricks-icon\"><\/span><span class=\"jet-unfold__button-text\">Leer m\u00e1s<\/span><\/div>\t\t\t\t<\/div>\r\n\t\t\t<\/div>\r\n\t\t<\/div>\r\n\t\t\t\t\t\t<\/div>\n\t\t\t\t<\/div>\n\t\t\t\t<\/div>\n\t\t\t\t\t<\/div>\n\t\t\t\t<\/div>\n\t\t\t\t<\/div>\n\t\t<\/div><div class=\"jet-listing-grid__item jet-listing-dynamic-post-14271\" data-post-id=\"14271\"  >\t\t<div data-elementor-type=\"jet-listing-items\" data-elementor-id=\"3702\" class=\"elementor elementor-3702 elementor-2151 elementor-2151 elementor-2151\" data-elementor-post-type=\"jet-engine\">\n\t\t\t\t<div class=\"elementor-element elementor-element-2f9c5d7 e-flex e-con-boxed e-con e-parent\" data-id=\"2f9c5d7\" data-element_type=\"container\" data-e-type=\"container\" data-settings=\"{&quot;background_background&quot;:&quot;classic&quot;}\">\n\t\t\t\t\t<div class=\"e-con-inner\">\n\t\t<div class=\"elementor-element elementor-element-be21927 e-con-full e-flex e-con e-child\" data-id=\"be21927\" data-element_type=\"container\" data-e-type=\"container\">\n\t\t\t\t<div class=\"elementor-element elementor-element-793ff8d tu-clase-imagen  elementor-widget elementor-widget-image\" data-id=\"793ff8d\" data-element_type=\"widget\" data-e-type=\"widget\" data-widget_type=\"image.default\">\n\t\t\t\t<div class=\"elementor-widget-container\">\n\t\t\t\t\t\t\t\t\t\t\t\t\t\t\t\t<a href=\"https:\/\/neuropsychiatry-hiv.com\/es\/ponentes\/perez-tejera-felix-phd\/\">\n\t\t\t\t\t\t\t<img loading=\"lazy\" decoding=\"async\" width=\"300\" height=\"282\" src=\"https:\/\/neuropsychiatry-hiv.com\/wp-content\/uploads\/2026\/01\/Felix-Perez-300x282.jpg\" class=\"attachment-medium size-medium wp-image-14407\" alt=\"\" srcset=\"https:\/\/neuropsychiatry-hiv.com\/wp-content\/uploads\/2026\/01\/Felix-Perez-300x282.jpg 300w, https:\/\/neuropsychiatry-hiv.com\/wp-content\/uploads\/2026\/01\/Felix-Perez.jpg 595w\" sizes=\"(max-width: 300px) 100vw, 300px\" \/>\t\t\t\t\t\t\t\t<\/a>\n\t\t\t\t\t\t\t\t\t\t\t\t\t\t\t<\/div>\n\t\t\t\t<\/div>\n\t\t\t\t<\/div>\n\t\t<div class=\"elementor-element elementor-element-d2d43fe e-con-full e-flex e-con e-child\" data-id=\"d2d43fe\" data-element_type=\"container\" data-e-type=\"container\">\n\t\t\t\t<div class=\"elementor-element elementor-element-a7c1472 elementor-widget elementor-widget-heading\" data-id=\"a7c1472\" data-element_type=\"widget\" data-e-type=\"widget\" data-widget_type=\"heading.default\">\n\t\t\t\t<div class=\"elementor-widget-container\">\n\t\t\t\t\t<h2 class=\"elementor-heading-title elementor-size-default\"><a href=\"https:\/\/neuropsychiatry-hiv.com\/es\/ponentes\/perez-tejera-felix-phd\/\">F\u00e9lix P\u00e9rez Tejera, Ph.D<\/a><\/h2>\t\t\t\t<\/div>\n\t\t\t\t<\/div>\n\t\t\t\t<div class=\"elementor-element elementor-element-2527139 elementor-widget-divider--view-line elementor-widget elementor-widget-divider\" data-id=\"2527139\" data-element_type=\"widget\" data-e-type=\"widget\" data-widget_type=\"divider.default\">\n\t\t\t\t<div class=\"elementor-widget-container\">\n\t\t\t\t\t\t\t<div class=\"elementor-divider\">\n\t\t\t<span class=\"elementor-divider-separator\">\n\t\t\t\t\t\t<\/span>\n\t\t<\/div>\n\t\t\t\t\t\t<\/div>\n\t\t\t\t<\/div>\n\t\t\t\t<div class=\"elementor-element elementor-element-89789d4 elementor-widget elementor-widget-text-editor\" data-id=\"89789d4\" data-element_type=\"widget\" data-e-type=\"widget\" data-widget_type=\"text-editor.default\">\n\t\t\t\t<div class=\"elementor-widget-container\">\n\t\t\t\t\t\t\t\t\t<p>BCN Checkpoint. Barcelona, Espa\u00f1a<\/p>\n\t\t\t\t\t\t\t\t<\/div>\n\t\t\t\t<\/div>\n\t\t\t\t<div class=\"elementor-element elementor-element-2e83a62 elementor-widget elementor-widget-jet-unfold\" data-id=\"2e83a62\" data-element_type=\"widget\" data-e-type=\"widget\" data-settings=\"{&quot;mask_height&quot;:{&quot;unit&quot;:&quot;px&quot;,&quot;size&quot;:1,&quot;sizes&quot;:[]},&quot;unfold_easing&quot;:&quot;easeOutCirc&quot;,&quot;fold_easing&quot;:&quot;easeInOutSine&quot;,&quot;mask_height_mobile&quot;:{&quot;unit&quot;:&quot;px&quot;,&quot;size&quot;:2,&quot;sizes&quot;:[]},&quot;mask_height_tablet&quot;:{&quot;unit&quot;:&quot;px&quot;,&quot;size&quot;:&quot;&quot;,&quot;sizes&quot;:[]},&quot;unfold_duration&quot;:{&quot;unit&quot;:&quot;ms&quot;,&quot;size&quot;:500,&quot;sizes&quot;:[]},&quot;fold_duration&quot;:{&quot;unit&quot;:&quot;ms&quot;,&quot;size&quot;:300,&quot;sizes&quot;:[]}}\" data-widget_type=\"jet-unfold.default\">\n\t\t\t\t<div class=\"elementor-widget-container\">\n\t\t\t\t\t\t\t<div class=\"jet-unfold \" data-settings=\"{&quot;height&quot;:{&quot;size&quot;:1,&quot;unit&quot;:&quot;px&quot;},&quot;separatorHeight&quot;:{&quot;unit&quot;:&quot;px&quot;,&quot;size&quot;:0,&quot;sizes&quot;:[]},&quot;heightControlType&quot;:&quot;height&quot;,&quot;wordCount&quot;:20,&quot;unfoldDuration&quot;:{&quot;unit&quot;:&quot;ms&quot;,&quot;size&quot;:500,&quot;sizes&quot;:[]},&quot;foldDuration&quot;:{&quot;unit&quot;:&quot;ms&quot;,&quot;size&quot;:300,&quot;sizes&quot;:[]},&quot;unfoldEasing&quot;:&quot;easeOutCirc&quot;,&quot;foldEasing&quot;:&quot;easeInOutSine&quot;,&quot;foldScrolling&quot;:&quot;true&quot;,&quot;hideOutsideClick&quot;:&quot;&quot;,&quot;autoHide&quot;:&quot;false&quot;,&quot;autoHideTime&quot;:&quot;&quot;,&quot;foldScrollOffset&quot;:{&quot;unit&quot;:&quot;px&quot;,&quot;size&quot;:146,&quot;sizes&quot;:[]},&quot;separatorType&quot;:&quot;div&quot;}\">\r\n\t\t\t<div class=\"jet-unfold__inner\">\r\n\t\t\t\t<div class=\"jet-unfold__mask\" style=\"height:1px\">\r\n\t\t\t\t\t<div class=\"jet-unfold__content\">\r\n\t\t\t\t\t\t<div class=\"jet-unfold__content-inner elementor-text-editor elementor-clearfix\"><p>F\u00e9lix P\u00e9rez-Tejera es doctor en Psicolog\u00eda Social y activista contra el VIH con sede en Barcelona. Desde hace 15 a\u00f1os trabaja en BCN Checkpoint, un centro comunitario l\u00edder en la prevenci\u00f3n del VIH, la realizaci\u00f3n de pruebas y la PrEP para hombres que tienen relaciones sexuales con hombres y personas transg\u00e9nero. Su trabajo se centra en el desarrollo y la coordinaci\u00f3n de proyectos de investigaci\u00f3n destinados a mejorar el acceso a los servicios de salud sexual y la prevenci\u00f3n del VIH, al tiempo que aborda el estigma relacionado con el VIH. Tambi\u00e9n es profesor asociado en la Universidad de Barcelona y en la Universitat Oberta de Catalunya, donde imparte clases sobre los riesgos psicosociales que afectan a las comunidades LGTBI y el dise\u00f1o de intervenciones psicosociales eficaces.<\/p>\n<\/div>\r\n\t\t\t\t\t<\/div>\r\n\t\t\t\t\t\t\t\t\t\t<div class=\"jet-unfold__separator\"><\/div>\r\n\t\t\t\t\t\t\t\t\t<\/div>\r\n\t\t\t\t<div class=\"jet-unfold__trigger\"><div class=\"jet-unfold__button elementor-button elementor-size-md\" href=\"#\" data-unfold-text=\"Leer m\u00e1s\" data-fold-text=\"Leer menos\" data-fold-icon=\"\" data-unfold-icon=\"\" tabindex=\"0\" role=\"button\"><span class=\"jet-unfold__button-icon jet-tricks-icon\"><\/span><span class=\"jet-unfold__button-text\">Leer m\u00e1s<\/span><\/div>\t\t\t\t<\/div>\r\n\t\t\t<\/div>\r\n\t\t<\/div>\r\n\t\t\t\t\t\t<\/div>\n\t\t\t\t<\/div>\n\t\t\t\t<\/div>\n\t\t\t\t\t<\/div>\n\t\t\t\t<\/div>\n\t\t\t\t<\/div>\n\t\t<\/div><div class=\"jet-listing-grid__item jet-listing-dynamic-post-3658\" data-post-id=\"3658\"  >\t\t<div data-elementor-type=\"jet-listing-items\" data-elementor-id=\"3702\" class=\"elementor elementor-3702 elementor-2151 elementor-2151 elementor-2151\" data-elementor-post-type=\"jet-engine\">\n\t\t\t\t<div class=\"elementor-element elementor-element-2f9c5d7 e-flex e-con-boxed e-con e-parent\" data-id=\"2f9c5d7\" data-element_type=\"container\" data-e-type=\"container\" data-settings=\"{&quot;background_background&quot;:&quot;classic&quot;}\">\n\t\t\t\t\t<div class=\"e-con-inner\">\n\t\t<div class=\"elementor-element elementor-element-be21927 e-con-full e-flex e-con e-child\" data-id=\"be21927\" data-element_type=\"container\" data-e-type=\"container\">\n\t\t\t\t<div class=\"elementor-element elementor-element-793ff8d tu-clase-imagen  elementor-widget elementor-widget-image\" data-id=\"793ff8d\" data-element_type=\"widget\" data-e-type=\"widget\" data-widget_type=\"image.default\">\n\t\t\t\t<div class=\"elementor-widget-container\">\n\t\t\t\t\t\t\t\t\t\t\t\t\t\t\t\t<a href=\"https:\/\/neuropsychiatry-hiv.com\/es\/ponentes\/perez-valero-ignacio\/\">\n\t\t\t\t\t\t\t<img loading=\"lazy\" decoding=\"async\" width=\"250\" height=\"250\" src=\"https:\/\/neuropsychiatry-hiv.com\/wp-content\/uploads\/2024\/01\/Ignacio-Perez-Valero.jpg\" class=\"attachment-medium size-medium wp-image-2667\" alt=\"\" srcset=\"https:\/\/neuropsychiatry-hiv.com\/wp-content\/uploads\/2024\/01\/Ignacio-Perez-Valero.jpg 250w, https:\/\/neuropsychiatry-hiv.com\/wp-content\/uploads\/2024\/01\/Ignacio-Perez-Valero-150x150.jpg 150w, https:\/\/neuropsychiatry-hiv.com\/wp-content\/uploads\/2024\/01\/Ignacio-Perez-Valero-100x100.jpg 100w\" sizes=\"(max-width: 250px) 100vw, 250px\" \/>\t\t\t\t\t\t\t\t<\/a>\n\t\t\t\t\t\t\t\t\t\t\t\t\t\t\t<\/div>\n\t\t\t\t<\/div>\n\t\t\t\t<\/div>\n\t\t<div class=\"elementor-element elementor-element-d2d43fe e-con-full e-flex e-con e-child\" data-id=\"d2d43fe\" data-element_type=\"container\" data-e-type=\"container\">\n\t\t\t\t<div class=\"elementor-element elementor-element-a7c1472 elementor-widget elementor-widget-heading\" data-id=\"a7c1472\" data-element_type=\"widget\" data-e-type=\"widget\" data-widget_type=\"heading.default\">\n\t\t\t\t<div class=\"elementor-widget-container\">\n\t\t\t\t\t<h2 class=\"elementor-heading-title elementor-size-default\"><a href=\"https:\/\/neuropsychiatry-hiv.com\/es\/ponentes\/perez-valero-ignacio\/\">Ignacio P\u00e9rez-Valero, M.D., Ph.D.<\/a><\/h2>\t\t\t\t<\/div>\n\t\t\t\t<\/div>\n\t\t\t\t<div class=\"elementor-element elementor-element-2527139 elementor-widget-divider--view-line elementor-widget elementor-widget-divider\" data-id=\"2527139\" data-element_type=\"widget\" data-e-type=\"widget\" data-widget_type=\"divider.default\">\n\t\t\t\t<div class=\"elementor-widget-container\">\n\t\t\t\t\t\t\t<div class=\"elementor-divider\">\n\t\t\t<span class=\"elementor-divider-separator\">\n\t\t\t\t\t\t<\/span>\n\t\t<\/div>\n\t\t\t\t\t\t<\/div>\n\t\t\t\t<\/div>\n\t\t\t\t<div class=\"elementor-element elementor-element-89789d4 elementor-widget elementor-widget-text-editor\" data-id=\"89789d4\" data-element_type=\"widget\" data-e-type=\"widget\" data-widget_type=\"text-editor.default\">\n\t\t\t\t<div class=\"elementor-widget-container\">\n\t\t\t\t\t\t\t\t\t<p>Departamento de Enfermedades Infecciosas. Hospital Universitario Reina Sof\u00eda. C\u00f3rdoba, Espa\u00f1a<\/p>\n\t\t\t\t\t\t\t\t<\/div>\n\t\t\t\t<\/div>\n\t\t\t\t<div class=\"elementor-element elementor-element-2e83a62 elementor-widget elementor-widget-jet-unfold\" data-id=\"2e83a62\" data-element_type=\"widget\" data-e-type=\"widget\" data-settings=\"{&quot;mask_height&quot;:{&quot;unit&quot;:&quot;px&quot;,&quot;size&quot;:1,&quot;sizes&quot;:[]},&quot;unfold_easing&quot;:&quot;easeOutCirc&quot;,&quot;fold_easing&quot;:&quot;easeInOutSine&quot;,&quot;mask_height_mobile&quot;:{&quot;unit&quot;:&quot;px&quot;,&quot;size&quot;:2,&quot;sizes&quot;:[]},&quot;mask_height_tablet&quot;:{&quot;unit&quot;:&quot;px&quot;,&quot;size&quot;:&quot;&quot;,&quot;sizes&quot;:[]},&quot;unfold_duration&quot;:{&quot;unit&quot;:&quot;ms&quot;,&quot;size&quot;:500,&quot;sizes&quot;:[]},&quot;fold_duration&quot;:{&quot;unit&quot;:&quot;ms&quot;,&quot;size&quot;:300,&quot;sizes&quot;:[]}}\" data-widget_type=\"jet-unfold.default\">\n\t\t\t\t<div class=\"elementor-widget-container\">\n\t\t\t\t\t\t\t<div class=\"jet-unfold \" data-settings=\"{&quot;height&quot;:{&quot;size&quot;:1,&quot;unit&quot;:&quot;px&quot;},&quot;separatorHeight&quot;:{&quot;unit&quot;:&quot;px&quot;,&quot;size&quot;:0,&quot;sizes&quot;:[]},&quot;heightControlType&quot;:&quot;height&quot;,&quot;wordCount&quot;:20,&quot;unfoldDuration&quot;:{&quot;unit&quot;:&quot;ms&quot;,&quot;size&quot;:500,&quot;sizes&quot;:[]},&quot;foldDuration&quot;:{&quot;unit&quot;:&quot;ms&quot;,&quot;size&quot;:300,&quot;sizes&quot;:[]},&quot;unfoldEasing&quot;:&quot;easeOutCirc&quot;,&quot;foldEasing&quot;:&quot;easeInOutSine&quot;,&quot;foldScrolling&quot;:&quot;true&quot;,&quot;hideOutsideClick&quot;:&quot;&quot;,&quot;autoHide&quot;:&quot;false&quot;,&quot;autoHideTime&quot;:&quot;&quot;,&quot;foldScrollOffset&quot;:{&quot;unit&quot;:&quot;px&quot;,&quot;size&quot;:146,&quot;sizes&quot;:[]},&quot;separatorType&quot;:&quot;div&quot;}\">\r\n\t\t\t<div class=\"jet-unfold__inner\">\r\n\t\t\t\t<div class=\"jet-unfold__mask\" style=\"height:1px\">\r\n\t\t\t\t\t<div class=\"jet-unfold__content\">\r\n\t\t\t\t\t\t<div class=\"jet-unfold__content-inner elementor-text-editor elementor-clearfix\"><p>Ignacio P\u00e9rez-Valero M.D., Ph.D tiene 43 a\u00f1os y es M\u00e9dico Consultor de Medicina Interna en el Hospital Universitario Reina Sof\u00eda. C\u00f3rdoba, Espa\u00f1a.<\/p>\n<\/div>\r\n\t\t\t\t\t<\/div>\r\n\t\t\t\t\t\t\t\t\t\t<div class=\"jet-unfold__separator\"><\/div>\r\n\t\t\t\t\t\t\t\t\t<\/div>\r\n\t\t\t\t<div class=\"jet-unfold__trigger\"><div class=\"jet-unfold__button elementor-button elementor-size-md\" href=\"#\" data-unfold-text=\"Leer m\u00e1s\" data-fold-text=\"Leer menos\" data-fold-icon=\"\" data-unfold-icon=\"\" tabindex=\"0\" role=\"button\"><span class=\"jet-unfold__button-icon jet-tricks-icon\"><\/span><span class=\"jet-unfold__button-text\">Leer m\u00e1s<\/span><\/div>\t\t\t\t<\/div>\r\n\t\t\t<\/div>\r\n\t\t<\/div>\r\n\t\t\t\t\t\t<\/div>\n\t\t\t\t<\/div>\n\t\t\t\t<\/div>\n\t\t\t\t\t<\/div>\n\t\t\t\t<\/div>\n\t\t\t\t<\/div>\n\t\t<\/div><div class=\"jet-listing-grid__item jet-listing-dynamic-post-14984\" data-post-id=\"14984\"  >\t\t<div data-elementor-type=\"jet-listing-items\" data-elementor-id=\"3702\" class=\"elementor elementor-3702 elementor-2151 elementor-2151 elementor-2151\" data-elementor-post-type=\"jet-engine\">\n\t\t\t\t<div class=\"elementor-element elementor-element-2f9c5d7 e-flex e-con-boxed e-con e-parent\" data-id=\"2f9c5d7\" data-element_type=\"container\" data-e-type=\"container\" data-settings=\"{&quot;background_background&quot;:&quot;classic&quot;}\">\n\t\t\t\t\t<div class=\"e-con-inner\">\n\t\t<div class=\"elementor-element elementor-element-be21927 e-con-full e-flex e-con e-child\" data-id=\"be21927\" data-element_type=\"container\" data-e-type=\"container\">\n\t\t\t\t<div class=\"elementor-element elementor-element-793ff8d tu-clase-imagen  elementor-widget elementor-widget-image\" data-id=\"793ff8d\" data-element_type=\"widget\" data-e-type=\"widget\" data-widget_type=\"image.default\">\n\t\t\t\t<div class=\"elementor-widget-container\">\n\t\t\t\t\t\t\t\t\t\t\t\t\t\t\t\t<a href=\"https:\/\/neuropsychiatry-hiv.com\/es\/ponentes\/senor-alvaro-m-d\/\">\n\t\t\t\t\t\t\t<img loading=\"lazy\" decoding=\"async\" width=\"295\" height=\"300\" src=\"https:\/\/neuropsychiatry-hiv.com\/wp-content\/uploads\/2026\/04\/Alvaro-Senor-295x300.jpeg\" class=\"attachment-medium size-medium wp-image-14980\" alt=\"\" srcset=\"https:\/\/neuropsychiatry-hiv.com\/wp-content\/uploads\/2026\/04\/Alvaro-Senor-295x300.jpeg 295w, https:\/\/neuropsychiatry-hiv.com\/wp-content\/uploads\/2026\/04\/Alvaro-Senor-1006x1024.jpeg 1006w, https:\/\/neuropsychiatry-hiv.com\/wp-content\/uploads\/2026\/04\/Alvaro-Senor-768x782.jpeg 768w, https:\/\/neuropsychiatry-hiv.com\/wp-content\/uploads\/2026\/04\/Alvaro-Senor-1509x1536.jpeg 1509w, https:\/\/neuropsychiatry-hiv.com\/wp-content\/uploads\/2026\/04\/Alvaro-Senor-2013x2048.jpeg 2013w, https:\/\/neuropsychiatry-hiv.com\/wp-content\/uploads\/2026\/04\/Alvaro-Senor-600x611.jpeg 600w\" sizes=\"(max-width: 295px) 100vw, 295px\" \/>\t\t\t\t\t\t\t\t<\/a>\n\t\t\t\t\t\t\t\t\t\t\t\t\t\t\t<\/div>\n\t\t\t\t<\/div>\n\t\t\t\t<\/div>\n\t\t<div class=\"elementor-element elementor-element-d2d43fe e-con-full e-flex e-con e-child\" data-id=\"d2d43fe\" data-element_type=\"container\" data-e-type=\"container\">\n\t\t\t\t<div class=\"elementor-element elementor-element-a7c1472 elementor-widget elementor-widget-heading\" data-id=\"a7c1472\" data-element_type=\"widget\" data-e-type=\"widget\" data-widget_type=\"heading.default\">\n\t\t\t\t<div class=\"elementor-widget-container\">\n\t\t\t\t\t<h2 class=\"elementor-heading-title elementor-size-default\"><a href=\"https:\/\/neuropsychiatry-hiv.com\/es\/ponentes\/senor-alvaro-m-d\/\">\u00c1lvaro Se\u00f1or, M.D.<\/a><\/h2>\t\t\t\t<\/div>\n\t\t\t\t<\/div>\n\t\t\t\t<div class=\"elementor-element elementor-element-2527139 elementor-widget-divider--view-line elementor-widget elementor-widget-divider\" data-id=\"2527139\" data-element_type=\"widget\" data-e-type=\"widget\" data-widget_type=\"divider.default\">\n\t\t\t\t<div class=\"elementor-widget-container\">\n\t\t\t\t\t\t\t<div class=\"elementor-divider\">\n\t\t\t<span class=\"elementor-divider-separator\">\n\t\t\t\t\t\t<\/span>\n\t\t<\/div>\n\t\t\t\t\t\t<\/div>\n\t\t\t\t<\/div>\n\t\t\t\t<div class=\"elementor-element elementor-element-89789d4 elementor-widget elementor-widget-text-editor\" data-id=\"89789d4\" data-element_type=\"widget\" data-e-type=\"widget\" data-widget_type=\"text-editor.default\">\n\t\t\t\t<div class=\"elementor-widget-container\">\n\t\t\t\t\t\t\t\t\t<p>Psiquiatra. Unidad de Psiquiatr\u00eda de Consulta y Enlace. Hospital San Borja Arriar\u00e1n. Santiago, Chile.<\/p>\n\t\t\t\t\t\t\t\t<\/div>\n\t\t\t\t<\/div>\n\t\t\t\t<div class=\"elementor-element elementor-element-2e83a62 elementor-widget elementor-widget-jet-unfold\" data-id=\"2e83a62\" data-element_type=\"widget\" data-e-type=\"widget\" data-settings=\"{&quot;mask_height&quot;:{&quot;unit&quot;:&quot;px&quot;,&quot;size&quot;:1,&quot;sizes&quot;:[]},&quot;unfold_easing&quot;:&quot;easeOutCirc&quot;,&quot;fold_easing&quot;:&quot;easeInOutSine&quot;,&quot;mask_height_mobile&quot;:{&quot;unit&quot;:&quot;px&quot;,&quot;size&quot;:2,&quot;sizes&quot;:[]},&quot;mask_height_tablet&quot;:{&quot;unit&quot;:&quot;px&quot;,&quot;size&quot;:&quot;&quot;,&quot;sizes&quot;:[]},&quot;unfold_duration&quot;:{&quot;unit&quot;:&quot;ms&quot;,&quot;size&quot;:500,&quot;sizes&quot;:[]},&quot;fold_duration&quot;:{&quot;unit&quot;:&quot;ms&quot;,&quot;size&quot;:300,&quot;sizes&quot;:[]}}\" data-widget_type=\"jet-unfold.default\">\n\t\t\t\t<div class=\"elementor-widget-container\">\n\t\t\t\t\t\t\t<div class=\"jet-unfold \" data-settings=\"{&quot;height&quot;:{&quot;size&quot;:1,&quot;unit&quot;:&quot;px&quot;},&quot;separatorHeight&quot;:{&quot;unit&quot;:&quot;px&quot;,&quot;size&quot;:0,&quot;sizes&quot;:[]},&quot;heightControlType&quot;:&quot;height&quot;,&quot;wordCount&quot;:20,&quot;unfoldDuration&quot;:{&quot;unit&quot;:&quot;ms&quot;,&quot;size&quot;:500,&quot;sizes&quot;:[]},&quot;foldDuration&quot;:{&quot;unit&quot;:&quot;ms&quot;,&quot;size&quot;:300,&quot;sizes&quot;:[]},&quot;unfoldEasing&quot;:&quot;easeOutCirc&quot;,&quot;foldEasing&quot;:&quot;easeInOutSine&quot;,&quot;foldScrolling&quot;:&quot;true&quot;,&quot;hideOutsideClick&quot;:&quot;&quot;,&quot;autoHide&quot;:&quot;false&quot;,&quot;autoHideTime&quot;:&quot;&quot;,&quot;foldScrollOffset&quot;:{&quot;unit&quot;:&quot;px&quot;,&quot;size&quot;:146,&quot;sizes&quot;:[]},&quot;separatorType&quot;:&quot;div&quot;}\">\r\n\t\t\t<div class=\"jet-unfold__inner\">\r\n\t\t\t\t<div class=\"jet-unfold__mask\" style=\"height:1px\">\r\n\t\t\t\t\t<div class=\"jet-unfold__content\">\r\n\t\t\t\t\t\t<div class=\"jet-unfold__content-inner elementor-text-editor elementor-clearfix\"><p>Soy \u00c1lvaro Se\u00f1or, m\u00e9dico chileno de Concepci\u00f3n y psiquiatra certificado por la junta, formado en la Universidad de Santiago. Actualmente trabajo como psiquiatra de adultos en la unidad de psiquiatr\u00eda de consulta y enlace del Hospital San Borja Arriar\u00e1n.<br \/>\nActualmente estoy cursando mi primer a\u00f1o de formaci\u00f3n de subespecialidad en Psiquiatr\u00eda de Consulta y Enlace y Medicina Psicosom\u00e1tica en la Pontificia Universidad Cat\u00f3lica de Chile, donde realizo labores tanto cl\u00ednicas como acad\u00e9micas en el Hospital Cl\u00ednico de la Pontificia Universidad Cat\u00f3lica de Santiago.<br \/>\nMis principales \u00e1reas de inter\u00e9s incluyen la interfaz entre la psiquiatr\u00eda, la neurolog\u00eda y la medicina general en pacientes con cuadros m\u00e9dicos complejos, particularmente en el contexto de las hospitalizaciones m\u00e9dicas.<\/p>\n<\/div>\r\n\t\t\t\t\t<\/div>\r\n\t\t\t\t\t\t\t\t\t\t<div class=\"jet-unfold__separator\"><\/div>\r\n\t\t\t\t\t\t\t\t\t<\/div>\r\n\t\t\t\t<div class=\"jet-unfold__trigger\"><div class=\"jet-unfold__button elementor-button elementor-size-md\" href=\"#\" data-unfold-text=\"Leer m\u00e1s\" data-fold-text=\"Leer menos\" data-fold-icon=\"\" data-unfold-icon=\"\" tabindex=\"0\" role=\"button\"><span class=\"jet-unfold__button-icon jet-tricks-icon\"><\/span><span class=\"jet-unfold__button-text\">Leer m\u00e1s<\/span><\/div>\t\t\t\t<\/div>\r\n\t\t\t<\/div>\r\n\t\t<\/div>\r\n\t\t\t\t\t\t<\/div>\n\t\t\t\t<\/div>\n\t\t\t\t<\/div>\n\t\t\t\t\t<\/div>\n\t\t\t\t<\/div>\n\t\t\t\t<\/div>\n\t\t<\/div><div class=\"jet-listing-grid__item jet-listing-dynamic-post-14193\" data-post-id=\"14193\"  >\t\t<div data-elementor-type=\"jet-listing-items\" data-elementor-id=\"3702\" class=\"elementor elementor-3702 elementor-2151 elementor-2151 elementor-2151\" data-elementor-post-type=\"jet-engine\">\n\t\t\t\t<div class=\"elementor-element elementor-element-2f9c5d7 e-flex e-con-boxed e-con e-parent\" data-id=\"2f9c5d7\" data-element_type=\"container\" data-e-type=\"container\" data-settings=\"{&quot;background_background&quot;:&quot;classic&quot;}\">\n\t\t\t\t\t<div class=\"e-con-inner\">\n\t\t<div class=\"elementor-element elementor-element-be21927 e-con-full e-flex e-con e-child\" data-id=\"be21927\" data-element_type=\"container\" data-e-type=\"container\">\n\t\t\t\t<div class=\"elementor-element elementor-element-793ff8d tu-clase-imagen  elementor-widget elementor-widget-image\" data-id=\"793ff8d\" data-element_type=\"widget\" data-e-type=\"widget\" data-widget_type=\"image.default\">\n\t\t\t\t<div class=\"elementor-widget-container\">\n\t\t\t\t\t\t\t\t\t\t\t\t\t\t\t\t<a href=\"https:\/\/neuropsychiatry-hiv.com\/es\/ponentes\/usall-judith-m-d\/\">\n\t\t\t\t\t\t\t<img loading=\"lazy\" decoding=\"async\" width=\"300\" height=\"281\" src=\"https:\/\/neuropsychiatry-hiv.com\/wp-content\/uploads\/2025\/12\/FotoJudithUsalliRodie-300x281.jpg\" class=\"attachment-medium size-medium wp-image-14265\" alt=\"\" srcset=\"https:\/\/neuropsychiatry-hiv.com\/wp-content\/uploads\/2025\/12\/FotoJudithUsalliRodie-300x281.jpg 300w, https:\/\/neuropsychiatry-hiv.com\/wp-content\/uploads\/2025\/12\/FotoJudithUsalliRodie-1024x959.jpg 1024w, https:\/\/neuropsychiatry-hiv.com\/wp-content\/uploads\/2025\/12\/FotoJudithUsalliRodie-768x719.jpg 768w, https:\/\/neuropsychiatry-hiv.com\/wp-content\/uploads\/2025\/12\/FotoJudithUsalliRodie-600x562.jpg 600w, https:\/\/neuropsychiatry-hiv.com\/wp-content\/uploads\/2025\/12\/FotoJudithUsalliRodie.jpg 1280w\" sizes=\"(max-width: 300px) 100vw, 300px\" \/>\t\t\t\t\t\t\t\t<\/a>\n\t\t\t\t\t\t\t\t\t\t\t\t\t\t\t<\/div>\n\t\t\t\t<\/div>\n\t\t\t\t<\/div>\n\t\t<div class=\"elementor-element elementor-element-d2d43fe e-con-full e-flex e-con e-child\" data-id=\"d2d43fe\" data-element_type=\"container\" data-e-type=\"container\">\n\t\t\t\t<div class=\"elementor-element elementor-element-a7c1472 elementor-widget elementor-widget-heading\" data-id=\"a7c1472\" data-element_type=\"widget\" data-e-type=\"widget\" data-widget_type=\"heading.default\">\n\t\t\t\t<div class=\"elementor-widget-container\">\n\t\t\t\t\t<h2 class=\"elementor-heading-title elementor-size-default\"><a href=\"https:\/\/neuropsychiatry-hiv.com\/es\/ponentes\/usall-judith-m-d\/\">Judith Usall, M.D., Ph.D.<\/a><\/h2>\t\t\t\t<\/div>\n\t\t\t\t<\/div>\n\t\t\t\t<div class=\"elementor-element elementor-element-2527139 elementor-widget-divider--view-line elementor-widget elementor-widget-divider\" data-id=\"2527139\" data-element_type=\"widget\" data-e-type=\"widget\" data-widget_type=\"divider.default\">\n\t\t\t\t<div class=\"elementor-widget-container\">\n\t\t\t\t\t\t\t<div class=\"elementor-divider\">\n\t\t\t<span class=\"elementor-divider-separator\">\n\t\t\t\t\t\t<\/span>\n\t\t<\/div>\n\t\t\t\t\t\t<\/div>\n\t\t\t\t<\/div>\n\t\t\t\t<div class=\"elementor-element elementor-element-89789d4 elementor-widget elementor-widget-text-editor\" data-id=\"89789d4\" data-element_type=\"widget\" data-e-type=\"widget\" data-widget_type=\"text-editor.default\">\n\t\t\t\t<div class=\"elementor-widget-container\">\n\t\t\t\t\t\t\t\t\t<p>Unidad de Investigaci\u00f3n y Desarrollo del Parc Sanitari Sant Joan de D\u00e9u. Barcelona, Espa\u00f1a<\/p>\n\t\t\t\t\t\t\t\t<\/div>\n\t\t\t\t<\/div>\n\t\t\t\t<div class=\"elementor-element elementor-element-2e83a62 elementor-widget elementor-widget-jet-unfold\" data-id=\"2e83a62\" data-element_type=\"widget\" data-e-type=\"widget\" data-settings=\"{&quot;mask_height&quot;:{&quot;unit&quot;:&quot;px&quot;,&quot;size&quot;:1,&quot;sizes&quot;:[]},&quot;unfold_easing&quot;:&quot;easeOutCirc&quot;,&quot;fold_easing&quot;:&quot;easeInOutSine&quot;,&quot;mask_height_mobile&quot;:{&quot;unit&quot;:&quot;px&quot;,&quot;size&quot;:2,&quot;sizes&quot;:[]},&quot;mask_height_tablet&quot;:{&quot;unit&quot;:&quot;px&quot;,&quot;size&quot;:&quot;&quot;,&quot;sizes&quot;:[]},&quot;unfold_duration&quot;:{&quot;unit&quot;:&quot;ms&quot;,&quot;size&quot;:500,&quot;sizes&quot;:[]},&quot;fold_duration&quot;:{&quot;unit&quot;:&quot;ms&quot;,&quot;size&quot;:300,&quot;sizes&quot;:[]}}\" data-widget_type=\"jet-unfold.default\">\n\t\t\t\t<div class=\"elementor-widget-container\">\n\t\t\t\t\t\t\t<div class=\"jet-unfold \" data-settings=\"{&quot;height&quot;:{&quot;size&quot;:1,&quot;unit&quot;:&quot;px&quot;},&quot;separatorHeight&quot;:{&quot;unit&quot;:&quot;px&quot;,&quot;size&quot;:0,&quot;sizes&quot;:[]},&quot;heightControlType&quot;:&quot;height&quot;,&quot;wordCount&quot;:20,&quot;unfoldDuration&quot;:{&quot;unit&quot;:&quot;ms&quot;,&quot;size&quot;:500,&quot;sizes&quot;:[]},&quot;foldDuration&quot;:{&quot;unit&quot;:&quot;ms&quot;,&quot;size&quot;:300,&quot;sizes&quot;:[]},&quot;unfoldEasing&quot;:&quot;easeOutCirc&quot;,&quot;foldEasing&quot;:&quot;easeInOutSine&quot;,&quot;foldScrolling&quot;:&quot;true&quot;,&quot;hideOutsideClick&quot;:&quot;&quot;,&quot;autoHide&quot;:&quot;false&quot;,&quot;autoHideTime&quot;:&quot;&quot;,&quot;foldScrollOffset&quot;:{&quot;unit&quot;:&quot;px&quot;,&quot;size&quot;:146,&quot;sizes&quot;:[]},&quot;separatorType&quot;:&quot;div&quot;}\">\r\n\t\t\t<div class=\"jet-unfold__inner\">\r\n\t\t\t\t<div class=\"jet-unfold__mask\" style=\"height:1px\">\r\n\t\t\t\t\t<div class=\"jet-unfold__content\">\r\n\t\t\t\t\t\t<div class=\"jet-unfold__content-inner elementor-text-editor elementor-clearfix\"><p>Judith Usall i Rodi\u00e9 es psiquiatra s\u00e9nior y coordinadora de investigaci\u00f3n del proyecto \u00abEtiopatogenia y tratamiento de los trastornos mentales graves (MERITT)\u00bb en la Unidad de Investigaci\u00f3n y Desarrollo del Parc Sanitari Sant Joan de D\u00e9u (Barcelona). Coordina el Grupo de Trabajo sobre Mujeres y Salud Mental (GTRDSM) de la Sociedad Catalana de Psiquiatr\u00eda y Salud Mental (SCPSM) y el Grupo de Mujeres y Salud Mental del Consejo Asesor de Salud Mental y Adicciones del Departamento de Salud de la Generalitat de Catalunya. Tambi\u00e9n es miembro del Consejo Asesor de Pol\u00edtica de G\u00e9nero del Departamento de Salud.<\/p>\n<p>Ha publicado m\u00e1s de 150 art\u00edculos cient\u00edficos en revistas internacionales. Ha participado en la organizaci\u00f3n de congresos catalanes e internacionales. Sus principales temas de inter\u00e9s son la salud mental de las mujeres y, en especial, los trastornos mentales graves.<\/p>\n<p>Es presidenta de la Asociaci\u00f3n Internacional para la Salud Mental de la Mujer (IAWMH).<\/p>\n<p>&nbsp;<\/p>\n<\/div>\r\n\t\t\t\t\t<\/div>\r\n\t\t\t\t\t\t\t\t\t\t<div class=\"jet-unfold__separator\"><\/div>\r\n\t\t\t\t\t\t\t\t\t<\/div>\r\n\t\t\t\t<div class=\"jet-unfold__trigger\"><div class=\"jet-unfold__button elementor-button elementor-size-md\" href=\"#\" data-unfold-text=\"Leer m\u00e1s\" data-fold-text=\"Leer menos\" data-fold-icon=\"\" data-unfold-icon=\"\" tabindex=\"0\" role=\"button\"><span class=\"jet-unfold__button-icon jet-tricks-icon\"><\/span><span class=\"jet-unfold__button-text\">Leer m\u00e1s<\/span><\/div>\t\t\t\t<\/div>\r\n\t\t\t<\/div>\r\n\t\t<\/div>\r\n\t\t\t\t\t\t<\/div>\n\t\t\t\t<\/div>\n\t\t\t\t<\/div>\n\t\t\t\t\t<\/div>\n\t\t\t\t<\/div>\n\t\t\t\t<\/div>\n\t\t<\/div><div class=\"jet-listing-grid__item jet-listing-dynamic-post-3649\" data-post-id=\"3649\"  >\t\t<div data-elementor-type=\"jet-listing-items\" data-elementor-id=\"3702\" class=\"elementor elementor-3702 elementor-2151 elementor-2151 elementor-2151\" data-elementor-post-type=\"jet-engine\">\n\t\t\t\t<div class=\"elementor-element elementor-element-2f9c5d7 e-flex e-con-boxed e-con e-parent\" data-id=\"2f9c5d7\" data-element_type=\"container\" data-e-type=\"container\" data-settings=\"{&quot;background_background&quot;:&quot;classic&quot;}\">\n\t\t\t\t\t<div class=\"e-con-inner\">\n\t\t<div class=\"elementor-element elementor-element-be21927 e-con-full e-flex e-con e-child\" data-id=\"be21927\" data-element_type=\"container\" data-e-type=\"container\">\n\t\t\t\t<div class=\"elementor-element elementor-element-793ff8d tu-clase-imagen  elementor-widget elementor-widget-image\" data-id=\"793ff8d\" data-element_type=\"widget\" data-e-type=\"widget\" data-widget_type=\"image.default\">\n\t\t\t\t<div class=\"elementor-widget-container\">\n\t\t\t\t\t\t\t\t\t\t\t\t\t\t\t\t<a href=\"https:\/\/neuropsychiatry-hiv.com\/es\/ponentes\/wainberg-milton\/\">\n\t\t\t\t\t\t\t<img loading=\"lazy\" decoding=\"async\" width=\"283\" height=\"300\" src=\"https:\/\/neuropsychiatry-hiv.com\/wp-content\/uploads\/2024\/01\/Milton-Wainberg.jpg\" class=\"attachment-medium size-medium wp-image-2711\" alt=\"\" \/>\t\t\t\t\t\t\t\t<\/a>\n\t\t\t\t\t\t\t\t\t\t\t\t\t\t\t<\/div>\n\t\t\t\t<\/div>\n\t\t\t\t<\/div>\n\t\t<div class=\"elementor-element elementor-element-d2d43fe e-con-full e-flex e-con e-child\" data-id=\"d2d43fe\" data-element_type=\"container\" data-e-type=\"container\">\n\t\t\t\t<div class=\"elementor-element elementor-element-a7c1472 elementor-widget elementor-widget-heading\" data-id=\"a7c1472\" data-element_type=\"widget\" data-e-type=\"widget\" data-widget_type=\"heading.default\">\n\t\t\t\t<div class=\"elementor-widget-container\">\n\t\t\t\t\t<h2 class=\"elementor-heading-title elementor-size-default\"><a href=\"https:\/\/neuropsychiatry-hiv.com\/es\/ponentes\/wainberg-milton\/\">Milton Wainberg, M.D.<\/a><\/h2>\t\t\t\t<\/div>\n\t\t\t\t<\/div>\n\t\t\t\t<div class=\"elementor-element elementor-element-2527139 elementor-widget-divider--view-line elementor-widget elementor-widget-divider\" data-id=\"2527139\" data-element_type=\"widget\" data-e-type=\"widget\" data-widget_type=\"divider.default\">\n\t\t\t\t<div class=\"elementor-widget-container\">\n\t\t\t\t\t\t\t<div class=\"elementor-divider\">\n\t\t\t<span class=\"elementor-divider-separator\">\n\t\t\t\t\t\t<\/span>\n\t\t<\/div>\n\t\t\t\t\t\t<\/div>\n\t\t\t\t<\/div>\n\t\t\t\t<div class=\"elementor-element elementor-element-89789d4 elementor-widget elementor-widget-text-editor\" data-id=\"89789d4\" data-element_type=\"widget\" data-e-type=\"widget\" data-widget_type=\"text-editor.default\">\n\t\t\t\t<div class=\"elementor-widget-container\">\n\t\t\t\t\t\t\t\t\t<p>Instituto Psiqui\u00e1trico del Estado de Nueva York. Universidad de Columbia. Nueva York, EE.UU.<\/p>\n\t\t\t\t\t\t\t\t<\/div>\n\t\t\t\t<\/div>\n\t\t\t\t<div class=\"elementor-element elementor-element-2e83a62 elementor-widget elementor-widget-jet-unfold\" data-id=\"2e83a62\" data-element_type=\"widget\" data-e-type=\"widget\" data-settings=\"{&quot;mask_height&quot;:{&quot;unit&quot;:&quot;px&quot;,&quot;size&quot;:1,&quot;sizes&quot;:[]},&quot;unfold_easing&quot;:&quot;easeOutCirc&quot;,&quot;fold_easing&quot;:&quot;easeInOutSine&quot;,&quot;mask_height_mobile&quot;:{&quot;unit&quot;:&quot;px&quot;,&quot;size&quot;:2,&quot;sizes&quot;:[]},&quot;mask_height_tablet&quot;:{&quot;unit&quot;:&quot;px&quot;,&quot;size&quot;:&quot;&quot;,&quot;sizes&quot;:[]},&quot;unfold_duration&quot;:{&quot;unit&quot;:&quot;ms&quot;,&quot;size&quot;:500,&quot;sizes&quot;:[]},&quot;fold_duration&quot;:{&quot;unit&quot;:&quot;ms&quot;,&quot;size&quot;:300,&quot;sizes&quot;:[]}}\" data-widget_type=\"jet-unfold.default\">\n\t\t\t\t<div class=\"elementor-widget-container\">\n\t\t\t\t\t\t\t<div class=\"jet-unfold \" data-settings=\"{&quot;height&quot;:{&quot;size&quot;:1,&quot;unit&quot;:&quot;px&quot;},&quot;separatorHeight&quot;:{&quot;unit&quot;:&quot;px&quot;,&quot;size&quot;:0,&quot;sizes&quot;:[]},&quot;heightControlType&quot;:&quot;height&quot;,&quot;wordCount&quot;:20,&quot;unfoldDuration&quot;:{&quot;unit&quot;:&quot;ms&quot;,&quot;size&quot;:500,&quot;sizes&quot;:[]},&quot;foldDuration&quot;:{&quot;unit&quot;:&quot;ms&quot;,&quot;size&quot;:300,&quot;sizes&quot;:[]},&quot;unfoldEasing&quot;:&quot;easeOutCirc&quot;,&quot;foldEasing&quot;:&quot;easeInOutSine&quot;,&quot;foldScrolling&quot;:&quot;true&quot;,&quot;hideOutsideClick&quot;:&quot;&quot;,&quot;autoHide&quot;:&quot;false&quot;,&quot;autoHideTime&quot;:&quot;&quot;,&quot;foldScrollOffset&quot;:{&quot;unit&quot;:&quot;px&quot;,&quot;size&quot;:146,&quot;sizes&quot;:[]},&quot;separatorType&quot;:&quot;div&quot;}\">\r\n\t\t\t<div class=\"jet-unfold__inner\">\r\n\t\t\t\t<div class=\"jet-unfold__mask\" style=\"height:1px\">\r\n\t\t\t\t\t<div class=\"jet-unfold__content\">\r\n\t\t\t\t\t\t<div class=\"jet-unfold__content-inner elementor-text-editor elementor-clearfix\"><p>Milton Wainberg es Catedr\u00e1tico de Psiquiatr\u00eda Cl\u00ednica y Director de Investigaci\u00f3n en Salud Mental Global en el Departamento de Psiquiatr\u00eda de la Universidad de Columbia. Es director de la beca de doctorado T32-Post Global Mental Health Implementation Science T32-Post de la Universidad de Columbia, financiada por el NIMH, del Programa de formaci\u00f3n en investigaci\u00f3n sobre la aplicaci\u00f3n de la salud mental en pa\u00edses africanos de habla portuguesa financiado por el NIMH\/Fogarty International, presidente fundador del Caucus of Global Mental Health and Psychiatry de la Asociaci\u00f3n Americana de Psiquiatr\u00eda y director m\u00e9dico del Proyecto de formaci\u00f3n en salud mental sobre el VIH de la Universidad de Columbia. El Dr. Wainberg es el Presidente del Comit\u00e9 de Directrices Cl\u00ednicas sobre Salud Mental y VIH del Instituto de Sida del Departamento de Salud del Estado de Nueva York, y ha sido investigador principal o investigador de m\u00faltiples estudios del NIMH, el NIAAA, el NIDA y los CDC que abordan la intersecci\u00f3n de la enfermedad mental, el uso y abuso de sustancias, la fatiga asociada al VIH, la compulsividad sexual y la prevenci\u00f3n del VIH y la adherencia a los cuidados, as\u00ed como el estigma y la discriminaci\u00f3n asociados a la enfermedad mental, el VIH, la raza\/etnia y el hecho de ser una minor\u00eda sexual. El Dr. Wainberg es el investigador principal del proyecto PRIDE sSA &#8211; Partnerships in Research to Implement and Disseminate Sustainable and Scalable Evidence-based Practices: sub-Saharan Africa, financiado por el NIMH, que comprende un estudio a gran escala sobre la prestaci\u00f3n de una atenci\u00f3n psiqui\u00e1trica integral, eficaz y sostenible en tres provincias de Mozambique, y el desarrollo de capacidades de una red de investigaci\u00f3n colaborativa que formar\u00e1 a proveedores de servicios, investigadores y responsables pol\u00edticos de Botsuana, Malaui, Mozambique, Sud\u00e1frica y Zambia. Su labor de investigaci\u00f3n a la pr\u00e1ctica pretende reducir las lagunas mundiales en materia de investigaci\u00f3n y tratamiento de la salud mental.<\/p>\n<\/div>\r\n\t\t\t\t\t<\/div>\r\n\t\t\t\t\t\t\t\t\t\t<div class=\"jet-unfold__separator\"><\/div>\r\n\t\t\t\t\t\t\t\t\t<\/div>\r\n\t\t\t\t<div class=\"jet-unfold__trigger\"><div class=\"jet-unfold__button elementor-button elementor-size-md\" href=\"#\" data-unfold-text=\"Leer m\u00e1s\" data-fold-text=\"Leer menos\" data-fold-icon=\"\" data-unfold-icon=\"\" tabindex=\"0\" role=\"button\"><span class=\"jet-unfold__button-icon jet-tricks-icon\"><\/span><span class=\"jet-unfold__button-text\">Leer m\u00e1s<\/span><\/div>\t\t\t\t<\/div>\r\n\t\t\t<\/div>\r\n\t\t<\/div>\r\n\t\t\t\t\t\t<\/div>\n\t\t\t\t<\/div>\n\t\t\t\t<\/div>\n\t\t\t\t\t<\/div>\n\t\t\t\t<\/div>\n\t\t\t\t<\/div>\n\t\t<\/div><div class=\"jet-listing-grid__item jet-listing-dynamic-post-14878\" data-post-id=\"14878\"  >\t\t<div data-elementor-type=\"jet-listing-items\" data-elementor-id=\"3702\" class=\"elementor elementor-3702 elementor-2151 elementor-2151 elementor-2151\" data-elementor-post-type=\"jet-engine\">\n\t\t\t\t<div class=\"elementor-element elementor-element-2f9c5d7 e-flex e-con-boxed e-con e-parent\" data-id=\"2f9c5d7\" data-element_type=\"container\" data-e-type=\"container\" data-settings=\"{&quot;background_background&quot;:&quot;classic&quot;}\">\n\t\t\t\t\t<div class=\"e-con-inner\">\n\t\t<div class=\"elementor-element elementor-element-be21927 e-con-full e-flex e-con e-child\" data-id=\"be21927\" data-element_type=\"container\" data-e-type=\"container\">\n\t\t\t\t<div class=\"elementor-element elementor-element-793ff8d tu-clase-imagen  elementor-widget elementor-widget-image\" data-id=\"793ff8d\" data-element_type=\"widget\" data-e-type=\"widget\" data-widget_type=\"image.default\">\n\t\t\t\t<div class=\"elementor-widget-container\">\n\t\t\t\t\t\t\t\t\t\t\t\t\t\t\t\t<a href=\"https:\/\/neuropsychiatry-hiv.com\/es\/ponentes\/wells-john-h-m-d\/\">\n\t\t\t\t\t\t\t<img loading=\"lazy\" decoding=\"async\" width=\"225\" height=\"300\" src=\"https:\/\/neuropsychiatry-hiv.com\/wp-content\/uploads\/2026\/04\/J_WELLS-225x300.jpg\" class=\"attachment-medium size-medium wp-image-14876\" alt=\"\" srcset=\"https:\/\/neuropsychiatry-hiv.com\/wp-content\/uploads\/2026\/04\/J_WELLS-225x300.jpg 225w, https:\/\/neuropsychiatry-hiv.com\/wp-content\/uploads\/2026\/04\/J_WELLS.jpg 480w\" sizes=\"(max-width: 225px) 100vw, 225px\" \/>\t\t\t\t\t\t\t\t<\/a>\n\t\t\t\t\t\t\t\t\t\t\t\t\t\t\t<\/div>\n\t\t\t\t<\/div>\n\t\t\t\t<\/div>\n\t\t<div class=\"elementor-element elementor-element-d2d43fe e-con-full e-flex e-con e-child\" data-id=\"d2d43fe\" data-element_type=\"container\" data-e-type=\"container\">\n\t\t\t\t<div class=\"elementor-element elementor-element-a7c1472 elementor-widget elementor-widget-heading\" data-id=\"a7c1472\" data-element_type=\"widget\" data-e-type=\"widget\" data-widget_type=\"heading.default\">\n\t\t\t\t<div class=\"elementor-widget-container\">\n\t\t\t\t\t<h2 class=\"elementor-heading-title elementor-size-default\"><a href=\"https:\/\/neuropsychiatry-hiv.com\/es\/ponentes\/wells-john-h-m-d\/\">John H. Wells, M.D.<\/a><\/h2>\t\t\t\t<\/div>\n\t\t\t\t<\/div>\n\t\t\t\t<div class=\"elementor-element elementor-element-2527139 elementor-widget-divider--view-line elementor-widget elementor-widget-divider\" data-id=\"2527139\" data-element_type=\"widget\" data-e-type=\"widget\" data-widget_type=\"divider.default\">\n\t\t\t\t<div class=\"elementor-widget-container\">\n\t\t\t\t\t\t\t<div class=\"elementor-divider\">\n\t\t\t<span class=\"elementor-divider-separator\">\n\t\t\t\t\t\t<\/span>\n\t\t<\/div>\n\t\t\t\t\t\t<\/div>\n\t\t\t\t<\/div>\n\t\t\t\t<div class=\"elementor-element elementor-element-89789d4 elementor-widget elementor-widget-text-editor\" data-id=\"89789d4\" data-element_type=\"widget\" data-e-type=\"widget\" data-widget_type=\"text-editor.default\">\n\t\t\t\t<div class=\"elementor-widget-container\">\n\t\t\t\t\t\t\t\t\t<p>Psiquiatra. Facultad de Medicina de la Universidad Estatal de Luisiana. EE. UU.<\/p>\n\t\t\t\t\t\t\t\t<\/div>\n\t\t\t\t<\/div>\n\t\t\t\t<div class=\"elementor-element elementor-element-2e83a62 elementor-widget elementor-widget-jet-unfold\" data-id=\"2e83a62\" data-element_type=\"widget\" data-e-type=\"widget\" data-settings=\"{&quot;mask_height&quot;:{&quot;unit&quot;:&quot;px&quot;,&quot;size&quot;:1,&quot;sizes&quot;:[]},&quot;unfold_easing&quot;:&quot;easeOutCirc&quot;,&quot;fold_easing&quot;:&quot;easeInOutSine&quot;,&quot;mask_height_mobile&quot;:{&quot;unit&quot;:&quot;px&quot;,&quot;size&quot;:2,&quot;sizes&quot;:[]},&quot;mask_height_tablet&quot;:{&quot;unit&quot;:&quot;px&quot;,&quot;size&quot;:&quot;&quot;,&quot;sizes&quot;:[]},&quot;unfold_duration&quot;:{&quot;unit&quot;:&quot;ms&quot;,&quot;size&quot;:500,&quot;sizes&quot;:[]},&quot;fold_duration&quot;:{&quot;unit&quot;:&quot;ms&quot;,&quot;size&quot;:300,&quot;sizes&quot;:[]}}\" data-widget_type=\"jet-unfold.default\">\n\t\t\t\t<div class=\"elementor-widget-container\">\n\t\t\t\t\t\t\t<div class=\"jet-unfold \" data-settings=\"{&quot;height&quot;:{&quot;size&quot;:1,&quot;unit&quot;:&quot;px&quot;},&quot;separatorHeight&quot;:{&quot;unit&quot;:&quot;px&quot;,&quot;size&quot;:0,&quot;sizes&quot;:[]},&quot;heightControlType&quot;:&quot;height&quot;,&quot;wordCount&quot;:20,&quot;unfoldDuration&quot;:{&quot;unit&quot;:&quot;ms&quot;,&quot;size&quot;:500,&quot;sizes&quot;:[]},&quot;foldDuration&quot;:{&quot;unit&quot;:&quot;ms&quot;,&quot;size&quot;:300,&quot;sizes&quot;:[]},&quot;unfoldEasing&quot;:&quot;easeOutCirc&quot;,&quot;foldEasing&quot;:&quot;easeInOutSine&quot;,&quot;foldScrolling&quot;:&quot;true&quot;,&quot;hideOutsideClick&quot;:&quot;&quot;,&quot;autoHide&quot;:&quot;false&quot;,&quot;autoHideTime&quot;:&quot;&quot;,&quot;foldScrollOffset&quot;:{&quot;unit&quot;:&quot;px&quot;,&quot;size&quot;:146,&quot;sizes&quot;:[]},&quot;separatorType&quot;:&quot;div&quot;}\">\r\n\t\t\t<div class=\"jet-unfold__inner\">\r\n\t\t\t\t<div class=\"jet-unfold__mask\" style=\"height:1px\">\r\n\t\t\t\t\t<div class=\"jet-unfold__content\">\r\n\t\t\t\t\t\t<div class=\"jet-unfold__content-inner elementor-text-editor elementor-clearfix\"><p>El Dr. Wells es profesor asociado de Psiquiatr\u00eda Cl\u00ednica y titular de la c\u00e1tedra Villere de Educaci\u00f3n Traslacional en la Facultad de Medicina de la Universidad Estatal de Luisiana, en Nueva Orleans. Est\u00e1 especializado en psiquiatr\u00eda de adultos, tanto en pacientes hospitalizados en fase aguda como en pacientes ambulatorios, en colaboraci\u00f3n con centros de atenci\u00f3n primaria situados en zonas costeras remotas, y en pacientes que viven con el VIH. Desempe\u00f1a una intensa labor docente, especialmente con residentes de psiquiatr\u00eda, estudiantes de medicina y estudiantes de medicina auxiliar.<\/p>\n<\/div>\r\n\t\t\t\t\t<\/div>\r\n\t\t\t\t\t\t\t\t\t\t<div class=\"jet-unfold__separator\"><\/div>\r\n\t\t\t\t\t\t\t\t\t<\/div>\r\n\t\t\t\t<div class=\"jet-unfold__trigger\"><div class=\"jet-unfold__button elementor-button elementor-size-md\" href=\"#\" data-unfold-text=\"Leer m\u00e1s\" data-fold-text=\"Leer menos\" data-fold-icon=\"\" data-unfold-icon=\"\" tabindex=\"0\" role=\"button\"><span class=\"jet-unfold__button-icon jet-tricks-icon\"><\/span><span class=\"jet-unfold__button-text\">Leer m\u00e1s<\/span><\/div>\t\t\t\t<\/div>\r\n\t\t\t<\/div>\r\n\t\t<\/div>\r\n\t\t\t\t\t\t<\/div>\n\t\t\t\t<\/div>\n\t\t\t\t<\/div>\n\t\t\t\t\t<\/div>\n\t\t\t\t<\/div>\n\t\t\t\t<\/div>\n\t\t<\/div><div class=\"jet-listing-grid__item jet-listing-dynamic-post-3647\" data-post-id=\"3647\"  >\t\t<div data-elementor-type=\"jet-listing-items\" data-elementor-id=\"3702\" class=\"elementor elementor-3702 elementor-2151 elementor-2151 elementor-2151\" data-elementor-post-type=\"jet-engine\">\n\t\t\t\t<div class=\"elementor-element elementor-element-2f9c5d7 e-flex e-con-boxed e-con e-parent\" data-id=\"2f9c5d7\" data-element_type=\"container\" data-e-type=\"container\" data-settings=\"{&quot;background_background&quot;:&quot;classic&quot;}\">\n\t\t\t\t\t<div class=\"e-con-inner\">\n\t\t<div class=\"elementor-element elementor-element-be21927 e-con-full e-flex e-con e-child\" data-id=\"be21927\" data-element_type=\"container\" data-e-type=\"container\">\n\t\t\t\t<div class=\"elementor-element elementor-element-793ff8d tu-clase-imagen  elementor-widget elementor-widget-image\" data-id=\"793ff8d\" data-element_type=\"widget\" data-e-type=\"widget\" data-widget_type=\"image.default\">\n\t\t\t\t<div class=\"elementor-widget-container\">\n\t\t\t\t\t\t\t\t\t\t\t\t\t\t\t\t<a href=\"https:\/\/neuropsychiatry-hiv.com\/es\/ponentes\/winston-alan\/\">\n\t\t\t\t\t\t\t<img loading=\"lazy\" decoding=\"async\" width=\"187\" height=\"212\" src=\"https:\/\/neuropsychiatry-hiv.com\/wp-content\/uploads\/2024\/01\/Alan-Winston.jpg\" class=\"attachment-medium size-medium wp-image-2714\" alt=\"\" \/>\t\t\t\t\t\t\t\t<\/a>\n\t\t\t\t\t\t\t\t\t\t\t\t\t\t\t<\/div>\n\t\t\t\t<\/div>\n\t\t\t\t<\/div>\n\t\t<div class=\"elementor-element elementor-element-d2d43fe e-con-full e-flex e-con e-child\" data-id=\"d2d43fe\" data-element_type=\"container\" data-e-type=\"container\">\n\t\t\t\t<div class=\"elementor-element elementor-element-a7c1472 elementor-widget elementor-widget-heading\" data-id=\"a7c1472\" data-element_type=\"widget\" data-e-type=\"widget\" data-widget_type=\"heading.default\">\n\t\t\t\t<div class=\"elementor-widget-container\">\n\t\t\t\t\t<h2 class=\"elementor-heading-title elementor-size-default\"><a href=\"https:\/\/neuropsychiatry-hiv.com\/es\/ponentes\/winston-alan\/\">Alan Winston, M.D.<\/a><\/h2>\t\t\t\t<\/div>\n\t\t\t\t<\/div>\n\t\t\t\t<div class=\"elementor-element elementor-element-2527139 elementor-widget-divider--view-line elementor-widget elementor-widget-divider\" data-id=\"2527139\" data-element_type=\"widget\" data-e-type=\"widget\" data-widget_type=\"divider.default\">\n\t\t\t\t<div class=\"elementor-widget-container\">\n\t\t\t\t\t\t\t<div class=\"elementor-divider\">\n\t\t\t<span class=\"elementor-divider-separator\">\n\t\t\t\t\t\t<\/span>\n\t\t<\/div>\n\t\t\t\t\t\t<\/div>\n\t\t\t\t<\/div>\n\t\t\t\t<div class=\"elementor-element elementor-element-89789d4 elementor-widget elementor-widget-text-editor\" data-id=\"89789d4\" data-element_type=\"widget\" data-e-type=\"widget\" data-widget_type=\"text-editor.default\">\n\t\t\t\t<div class=\"elementor-widget-container\">\n\t\t\t\t\t\t\t\t\t<p>Unidad de investigaci\u00f3n sobre el VIH. Hospital St. Mary. Londres, Reino Unido<\/p>\n\t\t\t\t\t\t\t\t<\/div>\n\t\t\t\t<\/div>\n\t\t\t\t<div class=\"elementor-element elementor-element-2e83a62 elementor-widget elementor-widget-jet-unfold\" data-id=\"2e83a62\" data-element_type=\"widget\" data-e-type=\"widget\" data-settings=\"{&quot;mask_height&quot;:{&quot;unit&quot;:&quot;px&quot;,&quot;size&quot;:1,&quot;sizes&quot;:[]},&quot;unfold_easing&quot;:&quot;easeOutCirc&quot;,&quot;fold_easing&quot;:&quot;easeInOutSine&quot;,&quot;mask_height_mobile&quot;:{&quot;unit&quot;:&quot;px&quot;,&quot;size&quot;:2,&quot;sizes&quot;:[]},&quot;mask_height_tablet&quot;:{&quot;unit&quot;:&quot;px&quot;,&quot;size&quot;:&quot;&quot;,&quot;sizes&quot;:[]},&quot;unfold_duration&quot;:{&quot;unit&quot;:&quot;ms&quot;,&quot;size&quot;:500,&quot;sizes&quot;:[]},&quot;fold_duration&quot;:{&quot;unit&quot;:&quot;ms&quot;,&quot;size&quot;:300,&quot;sizes&quot;:[]}}\" data-widget_type=\"jet-unfold.default\">\n\t\t\t\t<div class=\"elementor-widget-container\">\n\t\t\t\t\t\t\t<div class=\"jet-unfold \" data-settings=\"{&quot;height&quot;:{&quot;size&quot;:1,&quot;unit&quot;:&quot;px&quot;},&quot;separatorHeight&quot;:{&quot;unit&quot;:&quot;px&quot;,&quot;size&quot;:0,&quot;sizes&quot;:[]},&quot;heightControlType&quot;:&quot;height&quot;,&quot;wordCount&quot;:20,&quot;unfoldDuration&quot;:{&quot;unit&quot;:&quot;ms&quot;,&quot;size&quot;:500,&quot;sizes&quot;:[]},&quot;foldDuration&quot;:{&quot;unit&quot;:&quot;ms&quot;,&quot;size&quot;:300,&quot;sizes&quot;:[]},&quot;unfoldEasing&quot;:&quot;easeOutCirc&quot;,&quot;foldEasing&quot;:&quot;easeInOutSine&quot;,&quot;foldScrolling&quot;:&quot;true&quot;,&quot;hideOutsideClick&quot;:&quot;&quot;,&quot;autoHide&quot;:&quot;false&quot;,&quot;autoHideTime&quot;:&quot;&quot;,&quot;foldScrollOffset&quot;:{&quot;unit&quot;:&quot;px&quot;,&quot;size&quot;:146,&quot;sizes&quot;:[]},&quot;separatorType&quot;:&quot;div&quot;}\">\r\n\t\t\t<div class=\"jet-unfold__inner\">\r\n\t\t\t\t<div class=\"jet-unfold__mask\" style=\"height:1px\">\r\n\t\t\t\t\t<div class=\"jet-unfold__content\">\r\n\t\t\t\t\t\t<div class=\"jet-unfold__content-inner elementor-text-editor elementor-clearfix\"><p>Alan Winston es catedr\u00e1tico de VIH y medicina genitourinaria en el Imperial College y m\u00e9dico asesor en el Hospital St. Mary de Londres. Tiene un doctorado en farmacolog\u00eda cl\u00ednica antirretrov\u00edrica y su investigaci\u00f3n se centra en las comorbilidades no infecciosas asociadas a la enfermedad por VIH en la era antirretrov\u00edrica moderna, con especial atenci\u00f3n a las complicaciones del sistema nervioso central.<\/p>\n<p>El Dr. Alan Winston se licenci\u00f3 en la Universidad de Glasgow y se form\u00f3 en medicina general y medicina del VIH en el Reino Unido y Australia. Dirige la unidad de ensayos cl\u00ednicos sobre VIH y GU del hospital St. Mary&#8217;s, que lleva a cabo m\u00e1s de 20 estudios al mismo tiempo.<\/p>\n<p>Es el investigador cl\u00ednico principal del estudio POPPY, un estudio de cohortes que describe la incidencia y la naturaleza de las comorbilidades en el VIH.<\/p>\n<\/div>\r\n\t\t\t\t\t<\/div>\r\n\t\t\t\t\t\t\t\t\t\t<div class=\"jet-unfold__separator\"><\/div>\r\n\t\t\t\t\t\t\t\t\t<\/div>\r\n\t\t\t\t<div class=\"jet-unfold__trigger\"><div class=\"jet-unfold__button elementor-button elementor-size-md\" href=\"#\" data-unfold-text=\"Leer m\u00e1s\" data-fold-text=\"Leer menos\" data-fold-icon=\"\" data-unfold-icon=\"\" tabindex=\"0\" role=\"button\"><span class=\"jet-unfold__button-icon jet-tricks-icon\"><\/span><span class=\"jet-unfold__button-text\">Leer m\u00e1s<\/span><\/div>\t\t\t\t<\/div>\r\n\t\t\t<\/div>\r\n\t\t<\/div>\r\n\t\t\t\t\t\t<\/div>\n\t\t\t\t<\/div>\n\t\t\t\t<\/div>\n\t\t\t\t\t<\/div>\n\t\t\t\t<\/div>\n\t\t\t\t<\/div>\n\t\t<\/div><div class=\"jet-listing-grid__item jet-listing-dynamic-post-14812\" data-post-id=\"14812\"  >\t\t<div data-elementor-type=\"jet-listing-items\" data-elementor-id=\"3702\" class=\"elementor elementor-3702 elementor-2151 elementor-2151 elementor-2151\" data-elementor-post-type=\"jet-engine\">\n\t\t\t\t<div class=\"elementor-element elementor-element-2f9c5d7 e-flex e-con-boxed e-con e-parent\" data-id=\"2f9c5d7\" data-element_type=\"container\" data-e-type=\"container\" data-settings=\"{&quot;background_background&quot;:&quot;classic&quot;}\">\n\t\t\t\t\t<div class=\"e-con-inner\">\n\t\t<div class=\"elementor-element elementor-element-be21927 e-con-full e-flex e-con e-child\" data-id=\"be21927\" data-element_type=\"container\" data-e-type=\"container\">\n\t\t\t\t<div class=\"elementor-element elementor-element-793ff8d tu-clase-imagen  elementor-widget elementor-widget-image\" data-id=\"793ff8d\" data-element_type=\"widget\" data-e-type=\"widget\" data-widget_type=\"image.default\">\n\t\t\t\t<div class=\"elementor-widget-container\">\n\t\t\t\t\t\t\t\t\t\t\t\t\t\t\t\t<a href=\"https:\/\/neuropsychiatry-hiv.com\/es\/ponentes\/zamora-elizabeth-m-d\/\">\n\t\t\t\t\t\t\t<img loading=\"lazy\" decoding=\"async\" width=\"149\" height=\"300\" src=\"https:\/\/neuropsychiatry-hiv.com\/wp-content\/uploads\/2026\/04\/Fotografia-Elizabeth-Zamora-Clemente-149x300.jpeg\" class=\"attachment-medium size-medium wp-image-14810\" alt=\"\" srcset=\"https:\/\/neuropsychiatry-hiv.com\/wp-content\/uploads\/2026\/04\/Fotografia-Elizabeth-Zamora-Clemente-149x300.jpeg 149w, https:\/\/neuropsychiatry-hiv.com\/wp-content\/uploads\/2026\/04\/Fotografia-Elizabeth-Zamora-Clemente-510x1024.jpeg 510w, https:\/\/neuropsychiatry-hiv.com\/wp-content\/uploads\/2026\/04\/Fotografia-Elizabeth-Zamora-Clemente-600x1205.jpeg 600w, https:\/\/neuropsychiatry-hiv.com\/wp-content\/uploads\/2026\/04\/Fotografia-Elizabeth-Zamora-Clemente.jpeg 661w\" sizes=\"(max-width: 149px) 100vw, 149px\" \/>\t\t\t\t\t\t\t\t<\/a>\n\t\t\t\t\t\t\t\t\t\t\t\t\t\t\t<\/div>\n\t\t\t\t<\/div>\n\t\t\t\t<\/div>\n\t\t<div class=\"elementor-element elementor-element-d2d43fe e-con-full e-flex e-con e-child\" data-id=\"d2d43fe\" data-element_type=\"container\" data-e-type=\"container\">\n\t\t\t\t<div class=\"elementor-element elementor-element-a7c1472 elementor-widget elementor-widget-heading\" data-id=\"a7c1472\" data-element_type=\"widget\" data-e-type=\"widget\" data-widget_type=\"heading.default\">\n\t\t\t\t<div class=\"elementor-widget-container\">\n\t\t\t\t\t<h2 class=\"elementor-heading-title elementor-size-default\"><a href=\"https:\/\/neuropsychiatry-hiv.com\/es\/ponentes\/zamora-elizabeth-m-d\/\">Elizabeth Zamora, M.D.<\/a><\/h2>\t\t\t\t<\/div>\n\t\t\t\t<\/div>\n\t\t\t\t<div class=\"elementor-element elementor-element-2527139 elementor-widget-divider--view-line elementor-widget elementor-widget-divider\" data-id=\"2527139\" data-element_type=\"widget\" data-e-type=\"widget\" data-widget_type=\"divider.default\">\n\t\t\t\t<div class=\"elementor-widget-container\">\n\t\t\t\t\t\t\t<div class=\"elementor-divider\">\n\t\t\t<span class=\"elementor-divider-separator\">\n\t\t\t\t\t\t<\/span>\n\t\t<\/div>\n\t\t\t\t\t\t<\/div>\n\t\t\t\t<\/div>\n\t\t\t\t<div class=\"elementor-element elementor-element-89789d4 elementor-widget elementor-widget-text-editor\" data-id=\"89789d4\" data-element_type=\"widget\" data-e-type=\"widget\" data-widget_type=\"text-editor.default\">\n\t\t\t\t<div class=\"elementor-widget-container\">\n\t\t\t\t\t\t\t\t\t<p>Unidad VIH, Servicio Enfermedades Infeciosas. Hospital Cl\u00ednic of Barcelona, Espa\u00f1a<\/p>\n\t\t\t\t\t\t\t\t<\/div>\n\t\t\t\t<\/div>\n\t\t\t\t<div class=\"elementor-element elementor-element-2e83a62 elementor-widget elementor-widget-jet-unfold\" data-id=\"2e83a62\" data-element_type=\"widget\" data-e-type=\"widget\" data-settings=\"{&quot;mask_height&quot;:{&quot;unit&quot;:&quot;px&quot;,&quot;size&quot;:1,&quot;sizes&quot;:[]},&quot;unfold_easing&quot;:&quot;easeOutCirc&quot;,&quot;fold_easing&quot;:&quot;easeInOutSine&quot;,&quot;mask_height_mobile&quot;:{&quot;unit&quot;:&quot;px&quot;,&quot;size&quot;:2,&quot;sizes&quot;:[]},&quot;mask_height_tablet&quot;:{&quot;unit&quot;:&quot;px&quot;,&quot;size&quot;:&quot;&quot;,&quot;sizes&quot;:[]},&quot;unfold_duration&quot;:{&quot;unit&quot;:&quot;ms&quot;,&quot;size&quot;:500,&quot;sizes&quot;:[]},&quot;fold_duration&quot;:{&quot;unit&quot;:&quot;ms&quot;,&quot;size&quot;:300,&quot;sizes&quot;:[]}}\" data-widget_type=\"jet-unfold.default\">\n\t\t\t\t<div class=\"elementor-widget-container\">\n\t\t\t\t\t\t\t<div class=\"jet-unfold \" data-settings=\"{&quot;height&quot;:{&quot;size&quot;:1,&quot;unit&quot;:&quot;px&quot;},&quot;separatorHeight&quot;:{&quot;unit&quot;:&quot;px&quot;,&quot;size&quot;:0,&quot;sizes&quot;:[]},&quot;heightControlType&quot;:&quot;height&quot;,&quot;wordCount&quot;:20,&quot;unfoldDuration&quot;:{&quot;unit&quot;:&quot;ms&quot;,&quot;size&quot;:500,&quot;sizes&quot;:[]},&quot;foldDuration&quot;:{&quot;unit&quot;:&quot;ms&quot;,&quot;size&quot;:300,&quot;sizes&quot;:[]},&quot;unfoldEasing&quot;:&quot;easeOutCirc&quot;,&quot;foldEasing&quot;:&quot;easeInOutSine&quot;,&quot;foldScrolling&quot;:&quot;true&quot;,&quot;hideOutsideClick&quot;:&quot;&quot;,&quot;autoHide&quot;:&quot;false&quot;,&quot;autoHideTime&quot;:&quot;&quot;,&quot;foldScrollOffset&quot;:{&quot;unit&quot;:&quot;px&quot;,&quot;size&quot;:146,&quot;sizes&quot;:[]},&quot;separatorType&quot;:&quot;div&quot;}\">\r\n\t\t\t<div class=\"jet-unfold__inner\">\r\n\t\t\t\t<div class=\"jet-unfold__mask\" style=\"height:1px\">\r\n\t\t\t\t\t<div class=\"jet-unfold__content\">\r\n\t\t\t\t\t\t<div class=\"jet-unfold__content-inner elementor-text-editor elementor-clearfix\"><p>La Dra. Elizabeth Zamora Clemente se incorpor\u00f3 a la Unidad de VIH del Hospital Cl\u00ednic de Barcelona durante sus estudios de medicina y recibi\u00f3 una beca de colaboraci\u00f3n en investigaci\u00f3n a nivel nacional concedida por el Ministerio de Educaci\u00f3n espa\u00f1ol. Su principal \u00e1mbito de inter\u00e9s se centra en la atenci\u00f3n integral de las personas migrantes que viven con el VIH en Espa\u00f1a.<\/p>\n<\/div>\r\n\t\t\t\t\t<\/div>\r\n\t\t\t\t\t\t\t\t\t\t<div class=\"jet-unfold__separator\"><\/div>\r\n\t\t\t\t\t\t\t\t\t<\/div>\r\n\t\t\t\t<div class=\"jet-unfold__trigger\"><div class=\"jet-unfold__button elementor-button elementor-size-md\" href=\"#\" data-unfold-text=\"Leer m\u00e1s\" data-fold-text=\"Leer menos\" data-fold-icon=\"\" data-unfold-icon=\"\" tabindex=\"0\" role=\"button\"><span class=\"jet-unfold__button-icon jet-tricks-icon\"><\/span><span class=\"jet-unfold__button-text\">Leer m\u00e1s<\/span><\/div>\t\t\t\t<\/div>\r\n\t\t\t<\/div>\r\n\t\t<\/div>\r\n\t\t\t\t\t\t<\/div>\n\t\t\t\t<\/div>\n\t\t\t\t<\/div>\n\t\t\t\t\t<\/div>\n\t\t\t\t<\/div>\n\t\t\t\t<\/div>\n\t\t<\/div><\/div><\/div>\t\t\t\t<\/div>\n\t\t\t\t<\/div>\n\t\t\t\t<\/div>\n\t\t\t\t\t<\/div>\n\t\t\t\t<\/div>\n\t\t\t\t<\/div>\n\t\t\t\t<\/div>\n\t\t\t\t\t\t<\/div>\n\t\t\t\t<\/div>\n\t\t\t\t\t<\/div>\n\t\t\t\t<\/div>\n\t\t\t\t<\/div>\n\t\t","protected":false},"excerpt":{"rendered":"","protected":false},"author":1,"featured_media":0,"parent":0,"menu_order":0,"comment_status":"closed","ping_status":"closed","template":"","meta":{"footnotes":""},"class_list":["post-3695","page","type-page","status-publish","hentry"],"_links":{"self":[{"href":"https:\/\/neuropsychiatry-hiv.com\/es\/wp-json\/wp\/v2\/pages\/3695","targetHints":{"allow":["GET"]}}],"collection":[{"href":"https:\/\/neuropsychiatry-hiv.com\/es\/wp-json\/wp\/v2\/pages"}],"about":[{"href":"https:\/\/neuropsychiatry-hiv.com\/es\/wp-json\/wp\/v2\/types\/page"}],"author":[{"embeddable":true,"href":"https:\/\/neuropsychiatry-hiv.com\/es\/wp-json\/wp\/v2\/users\/1"}],"replies":[{"embeddable":true,"href":"https:\/\/neuropsychiatry-hiv.com\/es\/wp-json\/wp\/v2\/comments?post=3695"}],"version-history":[{"count":9,"href":"https:\/\/neuropsychiatry-hiv.com\/es\/wp-json\/wp\/v2\/pages\/3695\/revisions"}],"predecessor-version":[{"id":9224,"href":"https:\/\/neuropsychiatry-hiv.com\/es\/wp-json\/wp\/v2\/pages\/3695\/revisions\/9224"}],"wp:attachment":[{"href":"https:\/\/neuropsychiatry-hiv.com\/es\/wp-json\/wp\/v2\/media?parent=3695"}],"curies":[{"name":"wp","href":"https:\/\/api.w.org\/{rel}","templated":true}]}}